{"id":1633,"date":"2025-06-24T11:47:40","date_gmt":"2025-06-24T09:47:40","guid":{"rendered":"https:\/\/schillerlegal.ch\/?post_type=team-member&#038;p=1633"},"modified":"2025-10-23T16:26:55","modified_gmt":"2025-10-23T14:26:55","slug":"acelya-uenal","status":"publish","type":"team-member","link":"https:\/\/schillerlegal.ch\/fr\/membre-de-lequipe\/acelya-uenal\/","title":{"rendered":"A\u00e7elya \u00dcnal"},"content":{"rendered":"\n<p>A\u00e7elya \u00dcnal fait partie de notre \u00e9quipe depuis mai 2025 et apporte un vent nouveau ainsi qu\u2019une grande volunt\u00e9 de s&rsquo;engager.<\/p>\n\n\n\n<p>N\u00e9e en 2003, elle a d\u00e9but\u00e9 sa carri\u00e8re professionnelle par un apprentissage d&#8217;employ\u00e9e de commerce dans une entreprise informatique. Apr\u00e8s avoir termin\u00e9 sa formation, elle a pris un cong\u00e9 sabbatique pour voyager et \u00e9largir ses horizons. Elle a ensuite obtenu la maturit\u00e9 professionnelle en \u00e9conomie et poursuit actuellement un Bachelor en droit \u00e0 temps partiel.<\/p>\n\n\n\n<p>A\u00e7elya \u00dcnal parle allemand, turc, anglais et fran\u00e7ais.<\/p>\n\n\n\n<p>Elle assiste Dorothee Auw\u00e4rter, Michael Hochstrasser et Kaspar Schiller.<\/p>\n\n\n\n<p>Pendant son temps libre, elle se consacre avec plaisir \u00e0 la cuisine, aux voyages, \u00e0 la natation et \u00e0 la peinture. La combinaison de sa formation en droit et de son activit\u00e9 en tant qu&rsquo;assistante juridique lui permet de lier son int\u00e9r\u00eat pour le domaine juridique \u00e0 son quotidien professionnel.<\/p>\n\n\n\n<p><\/p>\n\n\n\n<p><\/p>\n","protected":false},"featured_media":1550,"template":"","employment-status":[29],"class_list":["post-1633","team-member","type-team-member","status-publish","has-post-thumbnail","hentry","employment-status-active-fr"],"acf":[],"yoast_head":"<!-- This site is optimized with the Yoast SEO plugin v27.3 - https:\/\/yoast.com\/product\/yoast-seo-wordpress\/ -->\n<title>A\u00e7elya \u00dcnal - Schiller Rechtsanw\u00e4lte AG<\/title>\n<meta name=\"robots\" content=\"index, follow, max-snippet:-1, max-image-preview:large, max-video-preview:-1\" \/>\n<link rel=\"canonical\" href=\"https:\/\/schillerlegal.ch\/fr\/membre-de-lequipe\/acelya-uenal\/\" \/>\n<meta property=\"og:locale\" content=\"fr_FR\" \/>\n<meta property=\"og:type\" content=\"article\" \/>\n<meta property=\"og:title\" content=\"A\u00e7elya \u00dcnal - Schiller Rechtsanw\u00e4lte AG\" \/>\n<meta property=\"og:description\" content=\"A\u00e7elya \u00dcnal fait partie de notre \u00e9quipe depuis mai 2025 et apporte un vent nouveau ainsi qu\u2019une grande volunt\u00e9 de s&rsquo;engager. N\u00e9e en 2003, elle a d\u00e9but\u00e9 sa carri\u00e8re professionnelle par un apprentissage d&#8217;employ\u00e9e de commerce dans une entreprise informatique. Apr\u00e8s avoir termin\u00e9 sa formation, elle a pris un cong\u00e9 sabbatique pour voyager et \u00e9largir [&hellip;]\" \/>\n<meta property=\"og:url\" content=\"https:\/\/schillerlegal.ch\/fr\/membre-de-lequipe\/acelya-uenal\/\" \/>\n<meta property=\"og:site_name\" content=\"Schiller Rechtsanw\u00e4lte AG\" \/>\n<meta property=\"article:modified_time\" content=\"2025-10-23T14:26:55+00:00\" \/>\n<meta property=\"og:image\" content=\"https:\/\/schillerlegal.ch\/wp-content\/uploads\/2025\/06\/Acelya_Homepage.jpg\" \/>\n\t<meta property=\"og:image:width\" content=\"1280\" \/>\n\t<meta property=\"og:image:height\" content=\"1920\" \/>\n\t<meta property=\"og:image:type\" content=\"image\/jpeg\" \/>\n<meta name=\"twitter:card\" content=\"summary_large_image\" \/>\n<meta name=\"twitter:label1\" content=\"Dur\u00e9e de lecture estim\u00e9e\" \/>\n\t<meta name=\"twitter:data1\" content=\"1 minute\" \/>\n<script type=\"application\/ld+json\" class=\"yoast-schema-graph\">{\"@context\":\"https:\\\/\\\/schema.org\",\"@graph\":[{\"@type\":\"WebPage\",\"@id\":\"https:\\\/\\\/schillerlegal.ch\\\/fr\\\/membre-de-lequipe\\\/acelya-uenal\\\/\",\"url\":\"https:\\\/\\\/schillerlegal.ch\\\/fr\\\/membre-de-lequipe\\\/acelya-uenal\\\/\",\"name\":\"A\u00e7elya \u00dcnal - Schiller Rechtsanw\u00e4lte AG\",\"isPartOf\":{\"@id\":\"https:\\\/\\\/schillerlegal.ch\\\/fr\\\/#website\"},\"primaryImageOfPage\":{\"@id\":\"https:\\\/\\\/schillerlegal.ch\\\/fr\\\/membre-de-lequipe\\\/acelya-uenal\\\/#primaryimage\"},\"image\":{\"@id\":\"https:\\\/\\\/schillerlegal.ch\\\/fr\\\/membre-de-lequipe\\\/acelya-uenal\\\/#primaryimage\"},\"thumbnailUrl\":\"https:\\\/\\\/schillerlegal.ch\\\/wp-content\\\/uploads\\\/2025\\\/06\\\/Acelya_Homepage.jpg\",\"datePublished\":\"2025-06-24T09:47:40+00:00\",\"dateModified\":\"2025-10-23T14:26:55+00:00\",\"breadcrumb\":{\"@id\":\"https:\\\/\\\/schillerlegal.ch\\\/fr\\\/membre-de-lequipe\\\/acelya-uenal\\\/#breadcrumb\"},\"inLanguage\":\"fr-FR\",\"potentialAction\":[{\"@type\":\"ReadAction\",\"target\":[\"https:\\\/\\\/schillerlegal.ch\\\/fr\\\/membre-de-lequipe\\\/acelya-uenal\\\/\"]}]},{\"@type\":\"ImageObject\",\"inLanguage\":\"fr-FR\",\"@id\":\"https:\\\/\\\/schillerlegal.ch\\\/fr\\\/membre-de-lequipe\\\/acelya-uenal\\\/#primaryimage\",\"url\":\"https:\\\/\\\/schillerlegal.ch\\\/wp-content\\\/uploads\\\/2025\\\/06\\\/Acelya_Homepage.jpg\",\"contentUrl\":\"https:\\\/\\\/schillerlegal.ch\\\/wp-content\\\/uploads\\\/2025\\\/06\\\/Acelya_Homepage.jpg\",\"width\":1280,\"height\":1920},{\"@type\":\"BreadcrumbList\",\"@id\":\"https:\\\/\\\/schillerlegal.ch\\\/fr\\\/membre-de-lequipe\\\/acelya-uenal\\\/#breadcrumb\",\"itemListElement\":[{\"@type\":\"ListItem\",\"position\":1,\"name\":\"Startseite\",\"item\":\"https:\\\/\\\/schillerlegal.ch\\\/fr\\\/\"},{\"@type\":\"ListItem\",\"position\":2,\"name\":\"A\u00e7elya \u00dcnal\"}]},{\"@type\":\"WebSite\",\"@id\":\"https:\\\/\\\/schillerlegal.ch\\\/fr\\\/#website\",\"url\":\"https:\\\/\\\/schillerlegal.ch\\\/fr\\\/\",\"name\":\"Schiller Rechtsanw\u00e4lte AG\",\"description\":\"\",\"potentialAction\":[{\"@type\":\"SearchAction\",\"target\":{\"@type\":\"EntryPoint\",\"urlTemplate\":\"https:\\\/\\\/schillerlegal.ch\\\/fr\\\/?s={search_term_string}\"},\"query-input\":{\"@type\":\"PropertyValueSpecification\",\"valueRequired\":true,\"valueName\":\"search_term_string\"}}],\"inLanguage\":\"fr-FR\"}]}<\/script>\n<!-- \/ Yoast SEO plugin. -->","yoast_head_json":{"title":"A\u00e7elya \u00dcnal - Schiller Rechtsanw\u00e4lte AG","robots":{"index":"index","follow":"follow","max-snippet":"max-snippet:-1","max-image-preview":"max-image-preview:large","max-video-preview":"max-video-preview:-1"},"canonical":"https:\/\/schillerlegal.ch\/fr\/membre-de-lequipe\/acelya-uenal\/","og_locale":"fr_FR","og_type":"article","og_title":"A\u00e7elya \u00dcnal - Schiller Rechtsanw\u00e4lte AG","og_description":"A\u00e7elya \u00dcnal fait partie de notre \u00e9quipe depuis mai 2025 et apporte un vent nouveau ainsi qu\u2019une grande volunt\u00e9 de s&rsquo;engager. N\u00e9e en 2003, elle a d\u00e9but\u00e9 sa carri\u00e8re professionnelle par un apprentissage d&#8217;employ\u00e9e de commerce dans une entreprise informatique. Apr\u00e8s avoir termin\u00e9 sa formation, elle a pris un cong\u00e9 sabbatique pour voyager et \u00e9largir [&hellip;]","og_url":"https:\/\/schillerlegal.ch\/fr\/membre-de-lequipe\/acelya-uenal\/","og_site_name":"Schiller Rechtsanw\u00e4lte AG","article_modified_time":"2025-10-23T14:26:55+00:00","og_image":[{"width":1280,"height":1920,"url":"https:\/\/schillerlegal.ch\/wp-content\/uploads\/2025\/06\/Acelya_Homepage.jpg","type":"image\/jpeg"}],"twitter_card":"summary_large_image","twitter_misc":{"Dur\u00e9e de lecture estim\u00e9e":"1 minute"},"schema":{"@context":"https:\/\/schema.org","@graph":[{"@type":"WebPage","@id":"https:\/\/schillerlegal.ch\/fr\/membre-de-lequipe\/acelya-uenal\/","url":"https:\/\/schillerlegal.ch\/fr\/membre-de-lequipe\/acelya-uenal\/","name":"A\u00e7elya \u00dcnal - Schiller Rechtsanw\u00e4lte AG","isPartOf":{"@id":"https:\/\/schillerlegal.ch\/fr\/#website"},"primaryImageOfPage":{"@id":"https:\/\/schillerlegal.ch\/fr\/membre-de-lequipe\/acelya-uenal\/#primaryimage"},"image":{"@id":"https:\/\/schillerlegal.ch\/fr\/membre-de-lequipe\/acelya-uenal\/#primaryimage"},"thumbnailUrl":"https:\/\/schillerlegal.ch\/wp-content\/uploads\/2025\/06\/Acelya_Homepage.jpg","datePublished":"2025-06-24T09:47:40+00:00","dateModified":"2025-10-23T14:26:55+00:00","breadcrumb":{"@id":"https:\/\/schillerlegal.ch\/fr\/membre-de-lequipe\/acelya-uenal\/#breadcrumb"},"inLanguage":"fr-FR","potentialAction":[{"@type":"ReadAction","target":["https:\/\/schillerlegal.ch\/fr\/membre-de-lequipe\/acelya-uenal\/"]}]},{"@type":"ImageObject","inLanguage":"fr-FR","@id":"https:\/\/schillerlegal.ch\/fr\/membre-de-lequipe\/acelya-uenal\/#primaryimage","url":"https:\/\/schillerlegal.ch\/wp-content\/uploads\/2025\/06\/Acelya_Homepage.jpg","contentUrl":"https:\/\/schillerlegal.ch\/wp-content\/uploads\/2025\/06\/Acelya_Homepage.jpg","width":1280,"height":1920},{"@type":"BreadcrumbList","@id":"https:\/\/schillerlegal.ch\/fr\/membre-de-lequipe\/acelya-uenal\/#breadcrumb","itemListElement":[{"@type":"ListItem","position":1,"name":"Startseite","item":"https:\/\/schillerlegal.ch\/fr\/"},{"@type":"ListItem","position":2,"name":"A\u00e7elya \u00dcnal"}]},{"@type":"WebSite","@id":"https:\/\/schillerlegal.ch\/fr\/#website","url":"https:\/\/schillerlegal.ch\/fr\/","name":"Schiller Rechtsanw\u00e4lte AG","description":"","potentialAction":[{"@type":"SearchAction","target":{"@type":"EntryPoint","urlTemplate":"https:\/\/schillerlegal.ch\/fr\/?s={search_term_string}"},"query-input":{"@type":"PropertyValueSpecification","valueRequired":true,"valueName":"search_term_string"}}],"inLanguage":"fr-FR"}]}},"_links":{"self":[{"href":"https:\/\/schillerlegal.ch\/fr\/wp-json\/wp\/v2\/team-member\/1633","targetHints":{"allow":["GET"]}}],"collection":[{"href":"https:\/\/schillerlegal.ch\/fr\/wp-json\/wp\/v2\/team-member"}],"about":[{"href":"https:\/\/schillerlegal.ch\/fr\/wp-json\/wp\/v2\/types\/team-member"}],"wp:featuredmedia":[{"embeddable":true,"href":"https:\/\/schillerlegal.ch\/fr\/wp-json\/wp\/v2\/media\/1550"}],"wp:attachment":[{"href":"https:\/\/schillerlegal.ch\/fr\/wp-json\/wp\/v2\/media?parent=1633"}],"wp:term":[{"taxonomy":"employment-status","embeddable":true,"href":"https:\/\/schillerlegal.ch\/fr\/wp-json\/wp\/v2\/employment-status?post=1633"}],"curies":[{"name":"wp","href":"https:\/\/api.w.org\/{rel}","templated":true}]}}