{"id":1625,"date":"2025-10-23T14:33:22","date_gmt":"2025-10-23T12:33:22","guid":{"rendered":"https:\/\/schillerlegal.ch\/?post_type=team-member&#038;p=1625"},"modified":"2025-10-23T16:49:18","modified_gmt":"2025-10-23T14:49:18","slug":"kristina-mitrovic","status":"publish","type":"team-member","link":"https:\/\/schillerlegal.ch\/fr\/membre-de-lequipe\/kristina-mitrovic\/","title":{"rendered":"Kristina Mitrovi\u010d\u00a0"},"content":{"rendered":"\n<p>Kristina Mitrovi\u010d\u00a0fait partie de notre \u00e9quipe depuis septembre 2025. Elle assiste les avocats Richard Amstutz, Daniel Maritz et Simon Bachmann avec beaucoup d\u2019engagement et de fiabilit\u00e9.<\/p>\n\n\n\n<p>Elle a acquis une pr\u00e9cieuse exp\u00e9rience professionnelle au sein de l\u2019administration publique, notamment dans le domaine des proc\u00e9dures juridiques et administratives.<\/p>\n\n\n\n<p>Kristina Mitrovi\u010d parle l\u2019allemand, l\u2019anglais et le fran\u00e7ais.<\/p>\n\n\n\n<p>Assistante de Richard Amstutz, Daniel Maritz et Simon Bachmann.<\/p>\n\n\n\n<p>Pendant son temps libre, elle se consacre avec plaisir \u00e0 la peinture, \u00e0 la couture et \u00e0 la photographie.<\/p>\n","protected":false},"featured_media":1635,"template":"","employment-status":[29],"class_list":["post-1625","team-member","type-team-member","status-publish","has-post-thumbnail","hentry","employment-status-active-fr"],"acf":[],"yoast_head":"<!-- This site is optimized with the Yoast SEO plugin v27.3 - https:\/\/yoast.com\/product\/yoast-seo-wordpress\/ -->\n<title>Kristina Mitrovi\u010d\u00a0 - Schiller Rechtsanw\u00e4lte AG<\/title>\n<meta name=\"robots\" content=\"index, follow, max-snippet:-1, max-image-preview:large, max-video-preview:-1\" \/>\n<link rel=\"canonical\" href=\"https:\/\/schillerlegal.ch\/fr\/membre-de-lequipe\/kristina-mitrovic\/\" \/>\n<meta property=\"og:locale\" content=\"fr_FR\" \/>\n<meta property=\"og:type\" content=\"article\" \/>\n<meta property=\"og:title\" content=\"Kristina Mitrovi\u010d\u00a0 - Schiller Rechtsanw\u00e4lte AG\" \/>\n<meta property=\"og:description\" content=\"Kristina Mitrovi\u010d\u00a0fait partie de notre \u00e9quipe depuis septembre 2025. Elle assiste les avocats Richard Amstutz, Daniel Maritz et Simon Bachmann avec beaucoup d\u2019engagement et de fiabilit\u00e9. Elle a acquis une pr\u00e9cieuse exp\u00e9rience professionnelle au sein de l\u2019administration publique, notamment dans le domaine des proc\u00e9dures juridiques et administratives. Kristina Mitrovi\u010d parle l\u2019allemand, l\u2019anglais et le fran\u00e7ais. [&hellip;]\" \/>\n<meta property=\"og:url\" content=\"https:\/\/schillerlegal.ch\/fr\/membre-de-lequipe\/kristina-mitrovic\/\" \/>\n<meta property=\"og:site_name\" content=\"Schiller Rechtsanw\u00e4lte AG\" \/>\n<meta property=\"article:modified_time\" content=\"2025-10-23T14:49:18+00:00\" \/>\n<meta property=\"og:image\" content=\"https:\/\/schillerlegal.ch\/wp-content\/uploads\/2025\/10\/251010_Kristina-Mitrovic2.jpg\" \/>\n\t<meta property=\"og:image:width\" content=\"710\" \/>\n\t<meta property=\"og:image:height\" content=\"1032\" \/>\n\t<meta property=\"og:image:type\" content=\"image\/jpeg\" \/>\n<meta name=\"twitter:card\" content=\"summary_large_image\" \/>\n<meta name=\"twitter:label1\" content=\"Dur\u00e9e de lecture estim\u00e9e\" \/>\n\t<meta name=\"twitter:data1\" content=\"1 minute\" \/>\n<script type=\"application\/ld+json\" class=\"yoast-schema-graph\">{\"@context\":\"https:\\\/\\\/schema.org\",\"@graph\":[{\"@type\":\"WebPage\",\"@id\":\"https:\\\/\\\/schillerlegal.ch\\\/fr\\\/membre-de-lequipe\\\/kristina-mitrovic\\\/\",\"url\":\"https:\\\/\\\/schillerlegal.ch\\\/fr\\\/membre-de-lequipe\\\/kristina-mitrovic\\\/\",\"name\":\"Kristina Mitrovi\u010d\u00a0 - Schiller Rechtsanw\u00e4lte AG\",\"isPartOf\":{\"@id\":\"https:\\\/\\\/schillerlegal.ch\\\/fr\\\/#website\"},\"primaryImageOfPage\":{\"@id\":\"https:\\\/\\\/schillerlegal.ch\\\/fr\\\/membre-de-lequipe\\\/kristina-mitrovic\\\/#primaryimage\"},\"image\":{\"@id\":\"https:\\\/\\\/schillerlegal.ch\\\/fr\\\/membre-de-lequipe\\\/kristina-mitrovic\\\/#primaryimage\"},\"thumbnailUrl\":\"https:\\\/\\\/schillerlegal.ch\\\/wp-content\\\/uploads\\\/2025\\\/10\\\/251010_Kristina-Mitrovic2.jpg\",\"datePublished\":\"2025-10-23T12:33:22+00:00\",\"dateModified\":\"2025-10-23T14:49:18+00:00\",\"breadcrumb\":{\"@id\":\"https:\\\/\\\/schillerlegal.ch\\\/fr\\\/membre-de-lequipe\\\/kristina-mitrovic\\\/#breadcrumb\"},\"inLanguage\":\"fr-FR\",\"potentialAction\":[{\"@type\":\"ReadAction\",\"target\":[\"https:\\\/\\\/schillerlegal.ch\\\/fr\\\/membre-de-lequipe\\\/kristina-mitrovic\\\/\"]}]},{\"@type\":\"ImageObject\",\"inLanguage\":\"fr-FR\",\"@id\":\"https:\\\/\\\/schillerlegal.ch\\\/fr\\\/membre-de-lequipe\\\/kristina-mitrovic\\\/#primaryimage\",\"url\":\"https:\\\/\\\/schillerlegal.ch\\\/wp-content\\\/uploads\\\/2025\\\/10\\\/251010_Kristina-Mitrovic2.jpg\",\"contentUrl\":\"https:\\\/\\\/schillerlegal.ch\\\/wp-content\\\/uploads\\\/2025\\\/10\\\/251010_Kristina-Mitrovic2.jpg\",\"width\":710,\"height\":1032},{\"@type\":\"BreadcrumbList\",\"@id\":\"https:\\\/\\\/schillerlegal.ch\\\/fr\\\/membre-de-lequipe\\\/kristina-mitrovic\\\/#breadcrumb\",\"itemListElement\":[{\"@type\":\"ListItem\",\"position\":1,\"name\":\"Startseite\",\"item\":\"https:\\\/\\\/schillerlegal.ch\\\/fr\\\/\"},{\"@type\":\"ListItem\",\"position\":2,\"name\":\"Kristina Mitrovi\u010d\u00a0\"}]},{\"@type\":\"WebSite\",\"@id\":\"https:\\\/\\\/schillerlegal.ch\\\/fr\\\/#website\",\"url\":\"https:\\\/\\\/schillerlegal.ch\\\/fr\\\/\",\"name\":\"Schiller Rechtsanw\u00e4lte AG\",\"description\":\"\",\"potentialAction\":[{\"@type\":\"SearchAction\",\"target\":{\"@type\":\"EntryPoint\",\"urlTemplate\":\"https:\\\/\\\/schillerlegal.ch\\\/fr\\\/?s={search_term_string}\"},\"query-input\":{\"@type\":\"PropertyValueSpecification\",\"valueRequired\":true,\"valueName\":\"search_term_string\"}}],\"inLanguage\":\"fr-FR\"}]}<\/script>\n<!-- \/ Yoast SEO plugin. -->","yoast_head_json":{"title":"Kristina Mitrovi\u010d\u00a0 - Schiller Rechtsanw\u00e4lte AG","robots":{"index":"index","follow":"follow","max-snippet":"max-snippet:-1","max-image-preview":"max-image-preview:large","max-video-preview":"max-video-preview:-1"},"canonical":"https:\/\/schillerlegal.ch\/fr\/membre-de-lequipe\/kristina-mitrovic\/","og_locale":"fr_FR","og_type":"article","og_title":"Kristina Mitrovi\u010d\u00a0 - Schiller Rechtsanw\u00e4lte AG","og_description":"Kristina Mitrovi\u010d\u00a0fait partie de notre \u00e9quipe depuis septembre 2025. Elle assiste les avocats Richard Amstutz, Daniel Maritz et Simon Bachmann avec beaucoup d\u2019engagement et de fiabilit\u00e9. Elle a acquis une pr\u00e9cieuse exp\u00e9rience professionnelle au sein de l\u2019administration publique, notamment dans le domaine des proc\u00e9dures juridiques et administratives. Kristina Mitrovi\u010d parle l\u2019allemand, l\u2019anglais et le fran\u00e7ais. [&hellip;]","og_url":"https:\/\/schillerlegal.ch\/fr\/membre-de-lequipe\/kristina-mitrovic\/","og_site_name":"Schiller Rechtsanw\u00e4lte AG","article_modified_time":"2025-10-23T14:49:18+00:00","og_image":[{"width":710,"height":1032,"url":"https:\/\/schillerlegal.ch\/wp-content\/uploads\/2025\/10\/251010_Kristina-Mitrovic2.jpg","type":"image\/jpeg"}],"twitter_card":"summary_large_image","twitter_misc":{"Dur\u00e9e de lecture estim\u00e9e":"1 minute"},"schema":{"@context":"https:\/\/schema.org","@graph":[{"@type":"WebPage","@id":"https:\/\/schillerlegal.ch\/fr\/membre-de-lequipe\/kristina-mitrovic\/","url":"https:\/\/schillerlegal.ch\/fr\/membre-de-lequipe\/kristina-mitrovic\/","name":"Kristina Mitrovi\u010d\u00a0 - Schiller Rechtsanw\u00e4lte AG","isPartOf":{"@id":"https:\/\/schillerlegal.ch\/fr\/#website"},"primaryImageOfPage":{"@id":"https:\/\/schillerlegal.ch\/fr\/membre-de-lequipe\/kristina-mitrovic\/#primaryimage"},"image":{"@id":"https:\/\/schillerlegal.ch\/fr\/membre-de-lequipe\/kristina-mitrovic\/#primaryimage"},"thumbnailUrl":"https:\/\/schillerlegal.ch\/wp-content\/uploads\/2025\/10\/251010_Kristina-Mitrovic2.jpg","datePublished":"2025-10-23T12:33:22+00:00","dateModified":"2025-10-23T14:49:18+00:00","breadcrumb":{"@id":"https:\/\/schillerlegal.ch\/fr\/membre-de-lequipe\/kristina-mitrovic\/#breadcrumb"},"inLanguage":"fr-FR","potentialAction":[{"@type":"ReadAction","target":["https:\/\/schillerlegal.ch\/fr\/membre-de-lequipe\/kristina-mitrovic\/"]}]},{"@type":"ImageObject","inLanguage":"fr-FR","@id":"https:\/\/schillerlegal.ch\/fr\/membre-de-lequipe\/kristina-mitrovic\/#primaryimage","url":"https:\/\/schillerlegal.ch\/wp-content\/uploads\/2025\/10\/251010_Kristina-Mitrovic2.jpg","contentUrl":"https:\/\/schillerlegal.ch\/wp-content\/uploads\/2025\/10\/251010_Kristina-Mitrovic2.jpg","width":710,"height":1032},{"@type":"BreadcrumbList","@id":"https:\/\/schillerlegal.ch\/fr\/membre-de-lequipe\/kristina-mitrovic\/#breadcrumb","itemListElement":[{"@type":"ListItem","position":1,"name":"Startseite","item":"https:\/\/schillerlegal.ch\/fr\/"},{"@type":"ListItem","position":2,"name":"Kristina Mitrovi\u010d\u00a0"}]},{"@type":"WebSite","@id":"https:\/\/schillerlegal.ch\/fr\/#website","url":"https:\/\/schillerlegal.ch\/fr\/","name":"Schiller Rechtsanw\u00e4lte AG","description":"","potentialAction":[{"@type":"SearchAction","target":{"@type":"EntryPoint","urlTemplate":"https:\/\/schillerlegal.ch\/fr\/?s={search_term_string}"},"query-input":{"@type":"PropertyValueSpecification","valueRequired":true,"valueName":"search_term_string"}}],"inLanguage":"fr-FR"}]}},"_links":{"self":[{"href":"https:\/\/schillerlegal.ch\/fr\/wp-json\/wp\/v2\/team-member\/1625","targetHints":{"allow":["GET"]}}],"collection":[{"href":"https:\/\/schillerlegal.ch\/fr\/wp-json\/wp\/v2\/team-member"}],"about":[{"href":"https:\/\/schillerlegal.ch\/fr\/wp-json\/wp\/v2\/types\/team-member"}],"wp:featuredmedia":[{"embeddable":true,"href":"https:\/\/schillerlegal.ch\/fr\/wp-json\/wp\/v2\/media\/1635"}],"wp:attachment":[{"href":"https:\/\/schillerlegal.ch\/fr\/wp-json\/wp\/v2\/media?parent=1625"}],"wp:term":[{"taxonomy":"employment-status","embeddable":true,"href":"https:\/\/schillerlegal.ch\/fr\/wp-json\/wp\/v2\/employment-status?post=1625"}],"curies":[{"name":"wp","href":"https:\/\/api.w.org\/{rel}","templated":true}]}}