{"id":1086,"date":"2024-05-02T14:06:52","date_gmt":"2024-05-02T12:06:52","guid":{"rendered":"https:\/\/schiller.site-preview.ch\/teammitglied\/kaspar-schiller\/"},"modified":"2026-02-02T17:17:08","modified_gmt":"2026-02-02T16:17:08","slug":"kaspar-schiller","status":"publish","type":"team-member","link":"https:\/\/schillerlegal.ch\/fr\/membre-de-lequipe\/kaspar-schiller\/","title":{"rendered":"Kaspar Schiller"},"content":{"rendered":"\n<p>Kaspar Schiller a, au cours de sa longue activit\u00e9 d\u2019avocat, conseill\u00e9 et repr\u00e9sent\u00e9 des entreprises suisses et \u00e9trang\u00e8res ainsi que des personnes priv\u00e9es devant les tribunaux \u00e9tatiques et les tribunaux arbitraux dans les domaines du droit \u00e9conomique, du droit des contrats et du droit commercial, du droit des successions\/planification successorale\/fondations et du droit a\u00e9rien. Aujourd\u2019hui, il met son expertise \u00e0 disposition de ses clients et coll\u00e8gues de l\u2019\u00e9tude en tant que consultant.<\/p>\n\n\n\n<p>N\u00e9 en 1947, Kaspar Schiller a \u00e9tudi\u00e9 aux universit\u00e9s de Zurich et de Gen\u00e8ve (licenci\u00e9 en droit en 1972, docteur en droit en 1973) et a suivi en 1977 des \u00e9tudes compl\u00e9mentaires en Grande-Bretagne, obtenant un dipl\u00f4me en finance et comptabilit\u00e9. En 1974, il a obtenu son brevet d\u2019avocat. Depuis cette m\u00eame ann\u00e9e, il travaille pour la \u00e9tude rebaptis\u00e9e plus tard Schiller Rechtsanw\u00e4lte, dont il est devenu associ\u00e9 en 1978 et, depuis 2025, consultant.<\/p>\n\n\n\n<p>Kaspar Schiller parle allemand, anglais, fran\u00e7ais et un peu d\u2019italien.<\/p>\n\n\n\n<p>Kaspar Schiller a \u00e9t\u00e9 pr\u00e9sident de l\u2019Association des avocats zurichois et de la F\u00e9d\u00e9ration suisse des avocats. Il est membre de l\u2019ASDA\/SVLR (Association suisse de droit a\u00e9rien et spatial), de l\u2019Association Suisse de l\u2019Arbitrage (ASA) ainsi que de la Cour Internationale d\u2019Arbitrage A\u00e9rienne et Spatiale. Il a \u00e9galement si\u00e9g\u00e9 dans de nombreux conseils d\u2019administration et de fondations, notamment ceux de la Brauerei Haldengut SA, de Carl Zeiss AG et de Flughafen Z\u00fcrich AG.<\/p>\n\n\n\n<p>On rencontre souvent Kaspar Schiller dans les salles de concert, les th\u00e9\u00e2tres et les op\u00e9ras. Il aime se plonger dans la litt\u00e9rature historique et classique.<\/p>\n","protected":false},"featured_media":697,"template":"","employment-status":[29],"class_list":["post-1086","team-member","type-team-member","status-publish","has-post-thumbnail","hentry","employment-status-active-fr"],"acf":[],"yoast_head":"<!-- This site is optimized with the Yoast SEO plugin v27.3 - https:\/\/yoast.com\/product\/yoast-seo-wordpress\/ -->\n<title>Kaspar Schiller - Schiller Rechtsanw\u00e4lte AG<\/title>\n<meta name=\"robots\" content=\"index, follow, max-snippet:-1, max-image-preview:large, max-video-preview:-1\" \/>\n<link rel=\"canonical\" href=\"https:\/\/schillerlegal.ch\/fr\/membre-de-lequipe\/kaspar-schiller\/\" \/>\n<meta property=\"og:locale\" content=\"fr_FR\" \/>\n<meta property=\"og:type\" content=\"article\" \/>\n<meta property=\"og:title\" content=\"Kaspar Schiller - Schiller Rechtsanw\u00e4lte AG\" \/>\n<meta property=\"og:description\" content=\"Kaspar Schiller a, au cours de sa longue activit\u00e9 d\u2019avocat, conseill\u00e9 et repr\u00e9sent\u00e9 des entreprises suisses et \u00e9trang\u00e8res ainsi que des personnes priv\u00e9es devant les tribunaux \u00e9tatiques et les tribunaux arbitraux dans les domaines du droit \u00e9conomique, du droit des contrats et du droit commercial, du droit des successions\/planification successorale\/fondations et du droit a\u00e9rien. Aujourd\u2019hui, [&hellip;]\" \/>\n<meta property=\"og:url\" content=\"https:\/\/schillerlegal.ch\/fr\/membre-de-lequipe\/kaspar-schiller\/\" \/>\n<meta property=\"og:site_name\" content=\"Schiller Rechtsanw\u00e4lte AG\" \/>\n<meta property=\"article:modified_time\" content=\"2026-02-02T16:17:08+00:00\" \/>\n<meta property=\"og:image\" content=\"https:\/\/schillerlegal.ch\/wp-content\/uploads\/2024\/06\/cropped_0007_DSC02905.jpg\" \/>\n\t<meta property=\"og:image:width\" content=\"1280\" \/>\n\t<meta property=\"og:image:height\" content=\"1920\" \/>\n\t<meta property=\"og:image:type\" content=\"image\/jpeg\" \/>\n<meta name=\"twitter:card\" content=\"summary_large_image\" \/>\n<meta name=\"twitter:label1\" content=\"Dur\u00e9e de lecture estim\u00e9e\" \/>\n\t<meta name=\"twitter:data1\" content=\"2 minutes\" \/>\n<script type=\"application\/ld+json\" class=\"yoast-schema-graph\">{\"@context\":\"https:\\\/\\\/schema.org\",\"@graph\":[{\"@type\":\"WebPage\",\"@id\":\"https:\\\/\\\/schillerlegal.ch\\\/fr\\\/membre-de-lequipe\\\/kaspar-schiller\\\/\",\"url\":\"https:\\\/\\\/schillerlegal.ch\\\/fr\\\/membre-de-lequipe\\\/kaspar-schiller\\\/\",\"name\":\"Kaspar Schiller - Schiller Rechtsanw\u00e4lte AG\",\"isPartOf\":{\"@id\":\"https:\\\/\\\/schillerlegal.ch\\\/fr\\\/#website\"},\"primaryImageOfPage\":{\"@id\":\"https:\\\/\\\/schillerlegal.ch\\\/fr\\\/membre-de-lequipe\\\/kaspar-schiller\\\/#primaryimage\"},\"image\":{\"@id\":\"https:\\\/\\\/schillerlegal.ch\\\/fr\\\/membre-de-lequipe\\\/kaspar-schiller\\\/#primaryimage\"},\"thumbnailUrl\":\"https:\\\/\\\/schillerlegal.ch\\\/wp-content\\\/uploads\\\/2024\\\/06\\\/cropped_0007_DSC02905.jpg\",\"datePublished\":\"2024-05-02T12:06:52+00:00\",\"dateModified\":\"2026-02-02T16:17:08+00:00\",\"breadcrumb\":{\"@id\":\"https:\\\/\\\/schillerlegal.ch\\\/fr\\\/membre-de-lequipe\\\/kaspar-schiller\\\/#breadcrumb\"},\"inLanguage\":\"fr-FR\",\"potentialAction\":[{\"@type\":\"ReadAction\",\"target\":[\"https:\\\/\\\/schillerlegal.ch\\\/fr\\\/membre-de-lequipe\\\/kaspar-schiller\\\/\"]}]},{\"@type\":\"ImageObject\",\"inLanguage\":\"fr-FR\",\"@id\":\"https:\\\/\\\/schillerlegal.ch\\\/fr\\\/membre-de-lequipe\\\/kaspar-schiller\\\/#primaryimage\",\"url\":\"https:\\\/\\\/schillerlegal.ch\\\/wp-content\\\/uploads\\\/2024\\\/06\\\/cropped_0007_DSC02905.jpg\",\"contentUrl\":\"https:\\\/\\\/schillerlegal.ch\\\/wp-content\\\/uploads\\\/2024\\\/06\\\/cropped_0007_DSC02905.jpg\",\"width\":1280,\"height\":1920},{\"@type\":\"BreadcrumbList\",\"@id\":\"https:\\\/\\\/schillerlegal.ch\\\/fr\\\/membre-de-lequipe\\\/kaspar-schiller\\\/#breadcrumb\",\"itemListElement\":[{\"@type\":\"ListItem\",\"position\":1,\"name\":\"Startseite\",\"item\":\"https:\\\/\\\/schillerlegal.ch\\\/fr\\\/\"},{\"@type\":\"ListItem\",\"position\":2,\"name\":\"Kaspar Schiller\"}]},{\"@type\":\"WebSite\",\"@id\":\"https:\\\/\\\/schillerlegal.ch\\\/fr\\\/#website\",\"url\":\"https:\\\/\\\/schillerlegal.ch\\\/fr\\\/\",\"name\":\"Schiller Rechtsanw\u00e4lte AG\",\"description\":\"\",\"potentialAction\":[{\"@type\":\"SearchAction\",\"target\":{\"@type\":\"EntryPoint\",\"urlTemplate\":\"https:\\\/\\\/schillerlegal.ch\\\/fr\\\/?s={search_term_string}\"},\"query-input\":{\"@type\":\"PropertyValueSpecification\",\"valueRequired\":true,\"valueName\":\"search_term_string\"}}],\"inLanguage\":\"fr-FR\"}]}<\/script>\n<!-- \/ Yoast SEO plugin. -->","yoast_head_json":{"title":"Kaspar Schiller - Schiller Rechtsanw\u00e4lte AG","robots":{"index":"index","follow":"follow","max-snippet":"max-snippet:-1","max-image-preview":"max-image-preview:large","max-video-preview":"max-video-preview:-1"},"canonical":"https:\/\/schillerlegal.ch\/fr\/membre-de-lequipe\/kaspar-schiller\/","og_locale":"fr_FR","og_type":"article","og_title":"Kaspar Schiller - Schiller Rechtsanw\u00e4lte AG","og_description":"Kaspar Schiller a, au cours de sa longue activit\u00e9 d\u2019avocat, conseill\u00e9 et repr\u00e9sent\u00e9 des entreprises suisses et \u00e9trang\u00e8res ainsi que des personnes priv\u00e9es devant les tribunaux \u00e9tatiques et les tribunaux arbitraux dans les domaines du droit \u00e9conomique, du droit des contrats et du droit commercial, du droit des successions\/planification successorale\/fondations et du droit a\u00e9rien. Aujourd\u2019hui, [&hellip;]","og_url":"https:\/\/schillerlegal.ch\/fr\/membre-de-lequipe\/kaspar-schiller\/","og_site_name":"Schiller Rechtsanw\u00e4lte AG","article_modified_time":"2026-02-02T16:17:08+00:00","og_image":[{"width":1280,"height":1920,"url":"https:\/\/schillerlegal.ch\/wp-content\/uploads\/2024\/06\/cropped_0007_DSC02905.jpg","type":"image\/jpeg"}],"twitter_card":"summary_large_image","twitter_misc":{"Dur\u00e9e de lecture estim\u00e9e":"2 minutes"},"schema":{"@context":"https:\/\/schema.org","@graph":[{"@type":"WebPage","@id":"https:\/\/schillerlegal.ch\/fr\/membre-de-lequipe\/kaspar-schiller\/","url":"https:\/\/schillerlegal.ch\/fr\/membre-de-lequipe\/kaspar-schiller\/","name":"Kaspar Schiller - Schiller Rechtsanw\u00e4lte AG","isPartOf":{"@id":"https:\/\/schillerlegal.ch\/fr\/#website"},"primaryImageOfPage":{"@id":"https:\/\/schillerlegal.ch\/fr\/membre-de-lequipe\/kaspar-schiller\/#primaryimage"},"image":{"@id":"https:\/\/schillerlegal.ch\/fr\/membre-de-lequipe\/kaspar-schiller\/#primaryimage"},"thumbnailUrl":"https:\/\/schillerlegal.ch\/wp-content\/uploads\/2024\/06\/cropped_0007_DSC02905.jpg","datePublished":"2024-05-02T12:06:52+00:00","dateModified":"2026-02-02T16:17:08+00:00","breadcrumb":{"@id":"https:\/\/schillerlegal.ch\/fr\/membre-de-lequipe\/kaspar-schiller\/#breadcrumb"},"inLanguage":"fr-FR","potentialAction":[{"@type":"ReadAction","target":["https:\/\/schillerlegal.ch\/fr\/membre-de-lequipe\/kaspar-schiller\/"]}]},{"@type":"ImageObject","inLanguage":"fr-FR","@id":"https:\/\/schillerlegal.ch\/fr\/membre-de-lequipe\/kaspar-schiller\/#primaryimage","url":"https:\/\/schillerlegal.ch\/wp-content\/uploads\/2024\/06\/cropped_0007_DSC02905.jpg","contentUrl":"https:\/\/schillerlegal.ch\/wp-content\/uploads\/2024\/06\/cropped_0007_DSC02905.jpg","width":1280,"height":1920},{"@type":"BreadcrumbList","@id":"https:\/\/schillerlegal.ch\/fr\/membre-de-lequipe\/kaspar-schiller\/#breadcrumb","itemListElement":[{"@type":"ListItem","position":1,"name":"Startseite","item":"https:\/\/schillerlegal.ch\/fr\/"},{"@type":"ListItem","position":2,"name":"Kaspar Schiller"}]},{"@type":"WebSite","@id":"https:\/\/schillerlegal.ch\/fr\/#website","url":"https:\/\/schillerlegal.ch\/fr\/","name":"Schiller Rechtsanw\u00e4lte AG","description":"","potentialAction":[{"@type":"SearchAction","target":{"@type":"EntryPoint","urlTemplate":"https:\/\/schillerlegal.ch\/fr\/?s={search_term_string}"},"query-input":{"@type":"PropertyValueSpecification","valueRequired":true,"valueName":"search_term_string"}}],"inLanguage":"fr-FR"}]}},"_links":{"self":[{"href":"https:\/\/schillerlegal.ch\/fr\/wp-json\/wp\/v2\/team-member\/1086","targetHints":{"allow":["GET"]}}],"collection":[{"href":"https:\/\/schillerlegal.ch\/fr\/wp-json\/wp\/v2\/team-member"}],"about":[{"href":"https:\/\/schillerlegal.ch\/fr\/wp-json\/wp\/v2\/types\/team-member"}],"wp:featuredmedia":[{"embeddable":true,"href":"https:\/\/schillerlegal.ch\/fr\/wp-json\/wp\/v2\/media\/697"}],"wp:attachment":[{"href":"https:\/\/schillerlegal.ch\/fr\/wp-json\/wp\/v2\/media?parent=1086"}],"wp:term":[{"taxonomy":"employment-status","embeddable":true,"href":"https:\/\/schillerlegal.ch\/fr\/wp-json\/wp\/v2\/employment-status?post=1086"}],"curies":[{"name":"wp","href":"https:\/\/api.w.org\/{rel}","templated":true}]}}