{"id":999,"date":"2024-03-12T11:41:18","date_gmt":"2024-03-12T10:41:18","guid":{"rendered":"https:\/\/schiller.site-preview.ch\/?post_type=expertise&#038;p=999"},"modified":"2025-09-17T14:33:31","modified_gmt":"2025-09-17T12:33:31","slug":"droit-de-la-construction-et-de-limmobilier","status":"publish","type":"expertise","link":"https:\/\/schillerlegal.ch\/fr\/expertise\/droit-de-la-construction-et-de-limmobilier\/","title":{"rendered":"Droit de la construction et de l&rsquo;immobilier"},"content":{"rendered":"<style type=\"text\/css\">.indy-block-image-text-overlay:after { background-color: rgba(0,0,0,0.4) }<\/style>\n<div class=\"indy-block-image-text-overlay\" style=\"background-image: url('https:\/\/schillerlegal.ch\/wp-content\/uploads\/2024\/02\/DSC_8041-scaled.jpg')\">\n  <div class=\"wrapper\">\n    <h2><span lang=\"FR-CH\">Nous vous aidons \u00e0 construire.<\/span><\/h2>\n<p style=\"font-weight: 400;\">Nous soutenons les entreprises, les planificateurs, les ma\u00eetres d&rsquo;ouvrage et les pouvoirs publics dans toutes les questions de droit de la construction et de l&rsquo;immobilier, de l&rsquo;id\u00e9e \u00e0 la construction et la mise en service de l&rsquo;objet, en passant par sa planification.<\/p>\n\n  <\/div>\n<\/div>\n\n\n\n<div style=\"height:100px\" aria-hidden=\"true\" class=\"wp-block-spacer is-style-md\"><\/div>\n\n\n\n<h3 class=\"wp-block-heading\">Vous avez besoin d&rsquo;aide pour acheter ou vendre des immeubles?<\/h3>\n\n\n\n<p>Nous examinons pour vous les bases juridiques de l&rsquo;objet et les possibilit\u00e9s de d\u00e9veloppement (conformit\u00e9 \u00e0 la zone, restrictions de droit public \u00e0 la propri\u00e9t\u00e9, propri\u00e9t\u00e9 par \u00e9tages, servitudes), \u00e9valuons le contrat de vente de terrain et vous accompagnons dans les n\u00e9gociations contractuelles.&nbsp;<\/p>\n\n\n\n<h3 class=\"wp-block-heading\">Avez-vous des questions en relation avec le&nbsp;permis de construire?<\/h3>\n\n\n\n<p>Lors de n\u00e9gociations avec les autorit\u00e9s et les voisins concernant l&rsquo;autorisation de projets de construction et le changement d&rsquo;affectation de terrains, nous vous soutenons dans vos projets de construction commerciaux ou priv\u00e9s, m\u00eame dans des situations complexes (notamment concernant la protection de l&rsquo;environnement, le bruit, les sites contamin\u00e9s, la construction hors zone \u00e0 b\u00e2tir, la protection des monuments historiques, la construction dans des sites prot\u00e9g\u00e9s) et menons pour vous des proc\u00e9dures internes \u00e0 l&rsquo;administration et judiciaires.&nbsp;<\/p>\n\n\n\n<h3 class=\"wp-block-heading\">Vous avez des questions sur le&nbsp;droit des contrats de construction?&nbsp;<\/h3>\n\n\n\n<p>Nous sommes \u00e0 votre disposition pour vous conseiller lors de l&rsquo;examen, de la r\u00e9daction et de la n\u00e9gociation de contrats d&rsquo;entreprise, de contrats d&rsquo;entreprise totale\/d&rsquo;entreprise g\u00e9n\u00e9rale et de contrats de planification, ainsi que pour les questions relatives \u00e0 la phase de construction et les discussions apr\u00e8s l&rsquo;ach\u00e8vement d&rsquo;un projet de construction (diff\u00e9rences de d\u00e9compte, hypoth\u00e8que l\u00e9gale des artisans et des entrepreneurs, vices de construction, erreurs de planification, questions d&rsquo;assurance) et pour vous repr\u00e9senter devant les tribunaux.&nbsp;<\/p>\n\n\n\n<p><\/p>\n\n\n\n<h2 class=\"wp-block-heading\">Vos contacts<\/h2>\n\n\n<div class=\"indy-block-people\">\n  <div class=\"row\">\n                  <div class=\"person col-md-6 col-lg-4 col-xl-3\">\n          <article class=\"tease tease-team-member\" id=\"tease-1028\">\n\t\t\t<div class=\"portrait\">\n\t\t<img decoding=\"async\" src=\"https:\/\/schillerlegal.ch\/wp-content\/uploads\/2024\/05\/cropped_0009_DSC02883-300x0-c-default.jpg\" srcset=\"https:\/\/schillerlegal.ch\/wp-content\/uploads\/2024\/05\/cropped_0009_DSC02883-300x0-c-default.jpg 1x, https:\/\/schillerlegal.ch\/wp-content\/uploads\/2024\/05\/cropped_0009_DSC02883-600x0-c-default.jpg 2x\">\n\t<\/div>\n\t<div class=\"text\">\n\t\t<h5 class=\"title\">Richard Amstutz<\/h5>\n\t\t<div class=\"sub\">\n\t\t\t<div class=\"position\">Partenaire<\/div>\n\t\t\t<div class=\"arrow-icon\"><?xml version=\"1.0\" encoding=\"utf-8\"?>\n<!-- Generator: Adobe Illustrator 28.2.0, SVG Export Plug-In . SVG Version: 6.00 Build 0)  -->\n<svg version=\"1.1\" id=\"uuid-0d01a91a-173c-4929-a2a8-92feee4570de\"\n\t xmlns=\"http:\/\/www.w3.org\/2000\/svg\" xmlns:xlink=\"http:\/\/www.w3.org\/1999\/xlink\" x=\"0px\" y=\"0px\" viewBox=\"0 0 40.2 18\"\n\t style=\"enable-background:new 0 0 40.2 18;\" xml:space=\"preserve\">\n<g id=\"uuid-337baa6b-6f6e-46a6-ab3d-80cfea9952c5\">\n\t<path id=\"uuid-42a080c4-afe9-4bb8-80e1-1e35f5b11246\" d=\"M31.2,18l-1.7-1.7l6.1-6.1H0V7.8h35.6l-6.1-6.2L31.2,0l9,9L31.2,18\n\t\tL31.2,18z\"\/>\n<\/g>\n<\/svg>\n<\/div>\n\t\t<\/div>\n\t<\/div>\n\t<a class=\"link\" href=\"https:\/\/schillerlegal.ch\/fr\/membre-de-lequipe\/richard-amstutz\/\">\n\t\t<span class=\"visually-hidden\">Go to article<\/span>\n\t<\/a>\n<\/article>\n        <\/div>\n              <div class=\"person col-md-6 col-lg-4 col-xl-3\">\n          <article class=\"tease tease-team-member\" id=\"tease-1034\">\n\t\t\t<div class=\"portrait\">\n\t\t<img decoding=\"async\" src=\"https:\/\/schillerlegal.ch\/wp-content\/uploads\/2024\/04\/simon-bachmann-300x0-c-default.jpg\" srcset=\"https:\/\/schillerlegal.ch\/wp-content\/uploads\/2024\/04\/simon-bachmann-300x0-c-default.jpg 1x, https:\/\/schillerlegal.ch\/wp-content\/uploads\/2024\/04\/simon-bachmann-600x0-c-default.jpg 2x\">\n\t<\/div>\n\t<div class=\"text\">\n\t\t<h5 class=\"title\">Simon Bachmann<\/h5>\n\t\t<div class=\"sub\">\n\t\t\t<div class=\"position\">Partenaire<\/div>\n\t\t\t<div class=\"arrow-icon\"><?xml version=\"1.0\" encoding=\"utf-8\"?>\n<!-- Generator: Adobe Illustrator 28.2.0, SVG Export Plug-In . SVG Version: 6.00 Build 0)  -->\n<svg version=\"1.1\" id=\"uuid-0d01a91a-173c-4929-a2a8-92feee4570de\"\n\t xmlns=\"http:\/\/www.w3.org\/2000\/svg\" xmlns:xlink=\"http:\/\/www.w3.org\/1999\/xlink\" x=\"0px\" y=\"0px\" viewBox=\"0 0 40.2 18\"\n\t style=\"enable-background:new 0 0 40.2 18;\" xml:space=\"preserve\">\n<g id=\"uuid-337baa6b-6f6e-46a6-ab3d-80cfea9952c5\">\n\t<path id=\"uuid-42a080c4-afe9-4bb8-80e1-1e35f5b11246\" d=\"M31.2,18l-1.7-1.7l6.1-6.1H0V7.8h35.6l-6.1-6.2L31.2,0l9,9L31.2,18\n\t\tL31.2,18z\"\/>\n<\/g>\n<\/svg>\n<\/div>\n\t\t<\/div>\n\t<\/div>\n\t<a class=\"link\" href=\"https:\/\/schillerlegal.ch\/fr\/membre-de-lequipe\/simon-bachmann\/\">\n\t\t<span class=\"visually-hidden\">Go to article<\/span>\n\t<\/a>\n<\/article>\n        <\/div>\n              <div class=\"person col-md-6 col-lg-4 col-xl-3\">\n          <article class=\"tease tease-team-member\" id=\"tease-1050\">\n\t\t\t<div class=\"portrait\">\n\t\t<img decoding=\"async\" src=\"https:\/\/schillerlegal.ch\/wp-content\/uploads\/2024\/05\/cropped_0049_DSC01591-300x0-c-default.jpg\" srcset=\"https:\/\/schillerlegal.ch\/wp-content\/uploads\/2024\/05\/cropped_0049_DSC01591-300x0-c-default.jpg 1x, https:\/\/schillerlegal.ch\/wp-content\/uploads\/2024\/05\/cropped_0049_DSC01591-600x0-c-default.jpg 2x\">\n\t<\/div>\n\t<div class=\"text\">\n\t\t<h5 class=\"title\">Michael Hochstrasser<\/h5>\n\t\t<div class=\"sub\">\n\t\t\t<div class=\"position\">Partenaire<\/div>\n\t\t\t<div class=\"arrow-icon\"><?xml version=\"1.0\" encoding=\"utf-8\"?>\n<!-- Generator: Adobe Illustrator 28.2.0, SVG Export Plug-In . SVG Version: 6.00 Build 0)  -->\n<svg version=\"1.1\" id=\"uuid-0d01a91a-173c-4929-a2a8-92feee4570de\"\n\t xmlns=\"http:\/\/www.w3.org\/2000\/svg\" xmlns:xlink=\"http:\/\/www.w3.org\/1999\/xlink\" x=\"0px\" y=\"0px\" viewBox=\"0 0 40.2 18\"\n\t style=\"enable-background:new 0 0 40.2 18;\" xml:space=\"preserve\">\n<g id=\"uuid-337baa6b-6f6e-46a6-ab3d-80cfea9952c5\">\n\t<path id=\"uuid-42a080c4-afe9-4bb8-80e1-1e35f5b11246\" d=\"M31.2,18l-1.7-1.7l6.1-6.1H0V7.8h35.6l-6.1-6.2L31.2,0l9,9L31.2,18\n\t\tL31.2,18z\"\/>\n<\/g>\n<\/svg>\n<\/div>\n\t\t<\/div>\n\t<\/div>\n\t<a class=\"link\" href=\"https:\/\/schillerlegal.ch\/fr\/membre-de-lequipe\/michael-hochstrasser\/\">\n\t\t<span class=\"visually-hidden\">Go to article<\/span>\n\t<\/a>\n<\/article>\n        <\/div>\n              <div class=\"person col-md-6 col-lg-4 col-xl-3\">\n          <article class=\"tease tease-team-member\" id=\"tease-1046\">\n\t\t\t<div class=\"portrait\">\n\t\t<img decoding=\"async\" src=\"https:\/\/schillerlegal.ch\/wp-content\/uploads\/2024\/05\/cropped_0031_DSC02000-300x0-c-default.jpg\" srcset=\"https:\/\/schillerlegal.ch\/wp-content\/uploads\/2024\/05\/cropped_0031_DSC02000-300x0-c-default.jpg 1x, https:\/\/schillerlegal.ch\/wp-content\/uploads\/2024\/05\/cropped_0031_DSC02000-600x0-c-default.jpg 2x\">\n\t<\/div>\n\t<div class=\"text\">\n\t\t<h5 class=\"title\">Heinrich Hempel<\/h5>\n\t\t<div class=\"sub\">\n\t\t\t<div class=\"position\">Partenaire<\/div>\n\t\t\t<div class=\"arrow-icon\"><?xml version=\"1.0\" encoding=\"utf-8\"?>\n<!-- Generator: Adobe Illustrator 28.2.0, SVG Export Plug-In . SVG Version: 6.00 Build 0)  -->\n<svg version=\"1.1\" id=\"uuid-0d01a91a-173c-4929-a2a8-92feee4570de\"\n\t xmlns=\"http:\/\/www.w3.org\/2000\/svg\" xmlns:xlink=\"http:\/\/www.w3.org\/1999\/xlink\" x=\"0px\" y=\"0px\" viewBox=\"0 0 40.2 18\"\n\t style=\"enable-background:new 0 0 40.2 18;\" xml:space=\"preserve\">\n<g id=\"uuid-337baa6b-6f6e-46a6-ab3d-80cfea9952c5\">\n\t<path id=\"uuid-42a080c4-afe9-4bb8-80e1-1e35f5b11246\" d=\"M31.2,18l-1.7-1.7l6.1-6.1H0V7.8h35.6l-6.1-6.2L31.2,0l9,9L31.2,18\n\t\tL31.2,18z\"\/>\n<\/g>\n<\/svg>\n<\/div>\n\t\t<\/div>\n\t<\/div>\n\t<a class=\"link\" href=\"https:\/\/schillerlegal.ch\/fr\/membre-de-lequipe\/heinrich-hempel\/\">\n\t\t<span class=\"visually-hidden\">Go to article<\/span>\n\t<\/a>\n<\/article>\n        <\/div>\n              <div class=\"person col-md-6 col-lg-4 col-xl-3\">\n          <article class=\"tease tease-team-member\" id=\"tease-1064\">\n\t\t\t<div class=\"portrait\">\n\t\t<img decoding=\"async\" src=\"https:\/\/schillerlegal.ch\/wp-content\/uploads\/2024\/06\/cropped_0028_DSC02042-300x0-c-default.jpg\" srcset=\"https:\/\/schillerlegal.ch\/wp-content\/uploads\/2024\/06\/cropped_0028_DSC02042-300x0-c-default.jpg 1x, https:\/\/schillerlegal.ch\/wp-content\/uploads\/2024\/06\/cropped_0028_DSC02042-600x0-c-default.jpg 2x\">\n\t<\/div>\n\t<div class=\"text\">\n\t\t<h5 class=\"title\">Daniel Maritz<\/h5>\n\t\t<div class=\"sub\">\n\t\t\t<div class=\"position\">Partenaire<\/div>\n\t\t\t<div class=\"arrow-icon\"><?xml version=\"1.0\" encoding=\"utf-8\"?>\n<!-- Generator: Adobe Illustrator 28.2.0, SVG Export Plug-In . SVG Version: 6.00 Build 0)  -->\n<svg version=\"1.1\" id=\"uuid-0d01a91a-173c-4929-a2a8-92feee4570de\"\n\t xmlns=\"http:\/\/www.w3.org\/2000\/svg\" xmlns:xlink=\"http:\/\/www.w3.org\/1999\/xlink\" x=\"0px\" y=\"0px\" viewBox=\"0 0 40.2 18\"\n\t style=\"enable-background:new 0 0 40.2 18;\" xml:space=\"preserve\">\n<g id=\"uuid-337baa6b-6f6e-46a6-ab3d-80cfea9952c5\">\n\t<path id=\"uuid-42a080c4-afe9-4bb8-80e1-1e35f5b11246\" d=\"M31.2,18l-1.7-1.7l6.1-6.1H0V7.8h35.6l-6.1-6.2L31.2,0l9,9L31.2,18\n\t\tL31.2,18z\"\/>\n<\/g>\n<\/svg>\n<\/div>\n\t\t<\/div>\n\t<\/div>\n\t<a class=\"link\" href=\"https:\/\/schillerlegal.ch\/fr\/membre-de-lequipe\/daniel-maritz\/\">\n\t\t<span class=\"visually-hidden\">Go to article<\/span>\n\t<\/a>\n<\/article>\n        <\/div>\n              <div class=\"person col-md-6 col-lg-4 col-xl-3\">\n          <article class=\"tease tease-team-member\" id=\"tease-1038\">\n\t\t\t<div class=\"portrait\">\n\t\t<img decoding=\"async\" src=\"https:\/\/schillerlegal.ch\/wp-content\/uploads\/2024\/06\/cropped_0000_DSC02993-300x0-c-default.jpg\" srcset=\"https:\/\/schillerlegal.ch\/wp-content\/uploads\/2024\/06\/cropped_0000_DSC02993-300x0-c-default.jpg 1x, https:\/\/schillerlegal.ch\/wp-content\/uploads\/2024\/06\/cropped_0000_DSC02993-600x0-c-default.jpg 2x\">\n\t<\/div>\n\t<div class=\"text\">\n\t\t<h5 class=\"title\">Beat Denzler<\/h5>\n\t\t<div class=\"sub\">\n\t\t\t<div class=\"position\">Associ\u00e9<\/div>\n\t\t\t<div class=\"arrow-icon\"><?xml version=\"1.0\" encoding=\"utf-8\"?>\n<!-- Generator: Adobe Illustrator 28.2.0, SVG Export Plug-In . SVG Version: 6.00 Build 0)  -->\n<svg version=\"1.1\" id=\"uuid-0d01a91a-173c-4929-a2a8-92feee4570de\"\n\t xmlns=\"http:\/\/www.w3.org\/2000\/svg\" xmlns:xlink=\"http:\/\/www.w3.org\/1999\/xlink\" x=\"0px\" y=\"0px\" viewBox=\"0 0 40.2 18\"\n\t style=\"enable-background:new 0 0 40.2 18;\" xml:space=\"preserve\">\n<g id=\"uuid-337baa6b-6f6e-46a6-ab3d-80cfea9952c5\">\n\t<path id=\"uuid-42a080c4-afe9-4bb8-80e1-1e35f5b11246\" d=\"M31.2,18l-1.7-1.7l6.1-6.1H0V7.8h35.6l-6.1-6.2L31.2,0l9,9L31.2,18\n\t\tL31.2,18z\"\/>\n<\/g>\n<\/svg>\n<\/div>\n\t\t<\/div>\n\t<\/div>\n\t<a class=\"link\" href=\"https:\/\/schillerlegal.ch\/fr\/membre-de-lequipe\/beat-denzler\/\">\n\t\t<span class=\"visually-hidden\">Go to article<\/span>\n\t<\/a>\n<\/article>\n        <\/div>\n              <div class=\"person col-md-6 col-lg-4 col-xl-3\">\n          <article class=\"tease tease-team-member\" id=\"tease-1068\">\n\t\t\t<div class=\"portrait\">\n\t\t<img decoding=\"async\" src=\"https:\/\/schillerlegal.ch\/wp-content\/uploads\/2024\/05\/cropped_0003_DSC02966-300x0-c-default.jpg\" srcset=\"https:\/\/schillerlegal.ch\/wp-content\/uploads\/2024\/05\/cropped_0003_DSC02966-300x0-c-default.jpg 1x, https:\/\/schillerlegal.ch\/wp-content\/uploads\/2024\/05\/cropped_0003_DSC02966-600x0-c-default.jpg 2x\">\n\t<\/div>\n\t<div class=\"text\">\n\t\t<h5 class=\"title\">Andrea Nemes<\/h5>\n\t\t<div class=\"sub\">\n\t\t\t<div class=\"position\">Avocate<\/div>\n\t\t\t<div class=\"arrow-icon\"><?xml version=\"1.0\" encoding=\"utf-8\"?>\n<!-- Generator: Adobe Illustrator 28.2.0, SVG Export Plug-In . SVG Version: 6.00 Build 0)  -->\n<svg version=\"1.1\" id=\"uuid-0d01a91a-173c-4929-a2a8-92feee4570de\"\n\t xmlns=\"http:\/\/www.w3.org\/2000\/svg\" xmlns:xlink=\"http:\/\/www.w3.org\/1999\/xlink\" x=\"0px\" y=\"0px\" viewBox=\"0 0 40.2 18\"\n\t style=\"enable-background:new 0 0 40.2 18;\" xml:space=\"preserve\">\n<g id=\"uuid-337baa6b-6f6e-46a6-ab3d-80cfea9952c5\">\n\t<path id=\"uuid-42a080c4-afe9-4bb8-80e1-1e35f5b11246\" d=\"M31.2,18l-1.7-1.7l6.1-6.1H0V7.8h35.6l-6.1-6.2L31.2,0l9,9L31.2,18\n\t\tL31.2,18z\"\/>\n<\/g>\n<\/svg>\n<\/div>\n\t\t<\/div>\n\t<\/div>\n\t<a class=\"link\" href=\"https:\/\/schillerlegal.ch\/fr\/membre-de-lequipe\/andrea-nemes\/\">\n\t\t<span class=\"visually-hidden\">Go to article<\/span>\n\t<\/a>\n<\/article>\n        <\/div>\n              <div class=\"person col-md-6 col-lg-4 col-xl-3\">\n          <article class=\"tease tease-team-member\" id=\"tease-1591\">\n\t\t\t<div class=\"portrait\">\n\t\t<img decoding=\"async\" src=\"https:\/\/schillerlegal.ch\/wp-content\/uploads\/2025\/09\/1_orig_final_666x1000px_72dpi-300x0-c-default.jpg\" srcset=\"https:\/\/schillerlegal.ch\/wp-content\/uploads\/2025\/09\/1_orig_final_666x1000px_72dpi-300x0-c-default.jpg 1x, https:\/\/schillerlegal.ch\/wp-content\/uploads\/2025\/09\/1_orig_final_666x1000px_72dpi-600x0-c-default.jpg 2x\">\n\t<\/div>\n\t<div class=\"text\">\n\t\t<h5 class=\"title\">Val\u00e9rie Attou<\/h5>\n\t\t<div class=\"sub\">\n\t\t\t<div class=\"position\">Avocate<\/div>\n\t\t\t<div class=\"arrow-icon\"><?xml version=\"1.0\" encoding=\"utf-8\"?>\n<!-- Generator: Adobe Illustrator 28.2.0, SVG Export Plug-In . SVG Version: 6.00 Build 0)  -->\n<svg version=\"1.1\" id=\"uuid-0d01a91a-173c-4929-a2a8-92feee4570de\"\n\t xmlns=\"http:\/\/www.w3.org\/2000\/svg\" xmlns:xlink=\"http:\/\/www.w3.org\/1999\/xlink\" x=\"0px\" y=\"0px\" viewBox=\"0 0 40.2 18\"\n\t style=\"enable-background:new 0 0 40.2 18;\" xml:space=\"preserve\">\n<g id=\"uuid-337baa6b-6f6e-46a6-ab3d-80cfea9952c5\">\n\t<path id=\"uuid-42a080c4-afe9-4bb8-80e1-1e35f5b11246\" d=\"M31.2,18l-1.7-1.7l6.1-6.1H0V7.8h35.6l-6.1-6.2L31.2,0l9,9L31.2,18\n\t\tL31.2,18z\"\/>\n<\/g>\n<\/svg>\n<\/div>\n\t\t<\/div>\n\t<\/div>\n\t<a class=\"link\" href=\"https:\/\/schillerlegal.ch\/fr\/membre-de-lequipe\/valerie-attou\/\">\n\t\t<span class=\"visually-hidden\">Go to article<\/span>\n\t<\/a>\n<\/article>\n        <\/div>\n            <\/div>\n<\/div>\n\n\n<div class=\"indy-block-latest-area-of-activity\">\n    <div class=\"row\">\n                    <div class=\"col-lg-6\">\n                <h3 class=\"column-title\">Publications<\/h3>\n                <div class=\"publications\">\n                                            <article class=\"tease tease-publication\" id=\"tease-358\">\n\t\t\t<h3 class=\"title\">Die Haftung f\u00fcr die Planung<\/h3>\n\t<div class=\"fields\">\n\t\t<p class=\"published_in\">in: St\u00f6ckli Hubert\/Siegenthaler Thomas (Hrsg.), die Planervertr\u00e4ge, 2. Aufl., Z\u00fcrich 2019<\/p>\n\t\t<p class=\"page_references\">Seite 367-430<\/p>\n\t\t<div class=\"authors\">\n\t\t\t\t\t\t\t<div class=\"authors__item\">\n\t\t\t\t\t\t\t\t\t\t\t\t\t\t\t\t\t\t\t\t\t\t\t\n\t\t\t\t\t\t\t\t\t\t\t\t\t<a href=\"https:\/\/schillerlegal.ch\/teammitglied\/michael-hochstrasser\/\">Michael Hochstrasser<\/a>\n\t\t\t\t\t\t\t\t\t\t\t\t\t\t\t\t\t\t\t\t\t \/\n\t\t\t\t\t\t\t\t\t<\/div>\n\t\t\t\t\t\t\t<div class=\"authors__item\">\n\t\t\t\t\t\t\t\t\t\t\t\t\t\t\t\t\t\t\t\t\t\t\t\n\t\t\t\t\t\t\t\t\t\t\t\t\t<a href=\"https:\/\/schillerlegal.ch\/teammitglied\/beat-denzler\/\">Beat Denzler<\/a>\n\t\t\t\t\t\t\t\t\t\t\t\t\t\t\t\t\t\t\t\t<\/div>\n\t\t\t\t\t<\/div>\n\t<\/div>\n\t<\/article>\n                                            <article class=\"tease tease-publication\" id=\"tease-365\">\n\t\t\t<h3 class=\"title\">Haftung der Planer in den neuen SIA-LHO 102 und 103<\/h3>\n\t<div class=\"fields\">\n\t\t<p class=\"published_in\">BR\/DC Zeitschrift f\u00fcr Baurecht und Vergabewesen, 2016<\/p>\n\t\t<p class=\"page_references\">Seite 261-264<\/p>\n\t\t<div class=\"authors\">\n\t\t\t\t\t\t\t<div class=\"authors__item\">\n\t\t\t\t\t\t\t\t\t\t\t\t\t\t\t\t\t\t\t\t\t\t\t\n\t\t\t\t\t\t\t\t\t\t\t\t\t<a href=\"https:\/\/schillerlegal.ch\/teammitglied\/beat-denzler\/\">Beat Denzler<\/a>\n\t\t\t\t\t\t\t\t\t\t\t\t\t\t\t\t\t\t\t\t\t \/\n\t\t\t\t\t\t\t\t\t<\/div>\n\t\t\t\t\t\t\t<div class=\"authors__item\">\n\t\t\t\t\t\t\t\t\t\t\t\t\t\t\t\t\t\t\t\t\t\t\t\n\t\t\t\t\t\t\t\t\t\t\t\t\t<a href=\"https:\/\/schillerlegal.ch\/teammitglied\/michael-hochstrasser\/\">Michael Hochstrasser<\/a>\n\t\t\t\t\t\t\t\t\t\t\t\t\t\t\t\t\t\t\t\t<\/div>\n\t\t\t\t\t<\/div>\n\t<\/div>\n\t\t  <div class=\"arrow-icon\"><?xml version=\"1.0\" encoding=\"utf-8\"?>\n<!-- Generator: Adobe Illustrator 28.2.0, SVG Export Plug-In . SVG Version: 6.00 Build 0)  -->\n<svg version=\"1.1\" id=\"uuid-0d01a91a-173c-4929-a2a8-92feee4570de\"\n\t xmlns=\"http:\/\/www.w3.org\/2000\/svg\" xmlns:xlink=\"http:\/\/www.w3.org\/1999\/xlink\" x=\"0px\" y=\"0px\" viewBox=\"0 0 40.2 18\"\n\t style=\"enable-background:new 0 0 40.2 18;\" xml:space=\"preserve\">\n<g id=\"uuid-337baa6b-6f6e-46a6-ab3d-80cfea9952c5\">\n\t<path id=\"uuid-42a080c4-afe9-4bb8-80e1-1e35f5b11246\" d=\"M31.2,18l-1.7-1.7l6.1-6.1H0V7.8h35.6l-6.1-6.2L31.2,0l9,9L31.2,18\n\t\tL31.2,18z\"\/>\n<\/g>\n<\/svg>\n<\/div>\n\t\t<a class=\"link\" href=\"https:\/\/schillerlegal.ch\/wp-content\/uploads\/2024\/05\/2016_Denzler-Hochstrasser_Haftung_Planer.pdf\" target=\"_blank\">\n\t\t\t<span class=\"visually-hidden\">Go to article<\/span>\n\t\t<\/a>\n\t<\/article>\n                                            <article class=\"tease tease-publication\" id=\"tease-285\">\n\t\t\t<h3 class=\"title\">Die Sorgfaltspflicht des Planers<\/h3>\n\t<div class=\"fields\">\n\t\t<p class=\"published_in\">HAVE 2016<\/p>\n\t\t<p class=\"page_references\">Seite 115-119<\/p>\n\t\t<div class=\"authors\">\n\t\t\t\t\t\t\t<div class=\"authors__item\">\n\t\t\t\t\t\t\t\t\t\t\t\t\t\t\t\t\t\t\t\t\t\t\t\n\t\t\t\t\t\t\t\t\t\t\t\t\t<a href=\"https:\/\/schillerlegal.ch\/teammitglied\/michael-hochstrasser\/\">Michael Hochstrasser<\/a>\n\t\t\t\t\t\t\t\t\t\t\t\t\t\t\t\t\t\t\t\t\t \/\n\t\t\t\t\t\t\t\t\t<\/div>\n\t\t\t\t\t\t\t<div class=\"authors__item\">\n\t\t\t\t\t\t\t\t\t\t\t\t\t\t\t\t\t\t\t\t\t\t\t\n\t\t\t\t\t\t\t\t\t\t\t\t\t<a href=\"https:\/\/schillerlegal.ch\/teammitglied\/beat-denzler\/\">Beat Denzler<\/a>\n\t\t\t\t\t\t\t\t\t\t\t\t\t\t\t\t\t\t\t\t<\/div>\n\t\t\t\t\t<\/div>\n\t<\/div>\n\t\t  <div class=\"arrow-icon\"><?xml version=\"1.0\" encoding=\"utf-8\"?>\n<!-- Generator: Adobe Illustrator 28.2.0, SVG Export Plug-In . SVG Version: 6.00 Build 0)  -->\n<svg version=\"1.1\" id=\"uuid-0d01a91a-173c-4929-a2a8-92feee4570de\"\n\t xmlns=\"http:\/\/www.w3.org\/2000\/svg\" xmlns:xlink=\"http:\/\/www.w3.org\/1999\/xlink\" x=\"0px\" y=\"0px\" viewBox=\"0 0 40.2 18\"\n\t style=\"enable-background:new 0 0 40.2 18;\" xml:space=\"preserve\">\n<g id=\"uuid-337baa6b-6f6e-46a6-ab3d-80cfea9952c5\">\n\t<path id=\"uuid-42a080c4-afe9-4bb8-80e1-1e35f5b11246\" d=\"M31.2,18l-1.7-1.7l6.1-6.1H0V7.8h35.6l-6.1-6.2L31.2,0l9,9L31.2,18\n\t\tL31.2,18z\"\/>\n<\/g>\n<\/svg>\n<\/div>\n\t\t<a class=\"link\" href=\"https:\/\/schillerlegal.ch\/wp-content\/uploads\/2024\/05\/2016_Denzler-Hochstrasser_Sorgfaltspflicht_Planer.pdf\" target=\"_blank\">\n\t\t\t<span class=\"visually-hidden\">Go to article<\/span>\n\t\t<\/a>\n\t<\/article>\n                                        <div class=\"buttons\">\n                        <a href=\"https:\/\/schillerlegal.ch\/fr\/publication\/?area_of_activity=20\" class=\"btn btn-primary\">\n                            Toutes les publications sur ce sujet\n                            <?xml version=\"1.0\" encoding=\"utf-8\"?>\n<!-- Generator: Adobe Illustrator 28.2.0, SVG Export Plug-In . SVG Version: 6.00 Build 0)  -->\n<svg version=\"1.1\" id=\"uuid-0d01a91a-173c-4929-a2a8-92feee4570de\"\n\t xmlns=\"http:\/\/www.w3.org\/2000\/svg\" xmlns:xlink=\"http:\/\/www.w3.org\/1999\/xlink\" x=\"0px\" y=\"0px\" viewBox=\"0 0 40.2 18\"\n\t style=\"enable-background:new 0 0 40.2 18;\" xml:space=\"preserve\">\n<g id=\"uuid-337baa6b-6f6e-46a6-ab3d-80cfea9952c5\">\n\t<path id=\"uuid-42a080c4-afe9-4bb8-80e1-1e35f5b11246\" d=\"M31.2,18l-1.7-1.7l6.1-6.1H0V7.8h35.6l-6.1-6.2L31.2,0l9,9L31.2,18\n\t\tL31.2,18z\"\/>\n<\/g>\n<\/svg>\n                        <\/a>\n                    <\/div>\n                <\/div>\n            <\/div>\n                            <div class=\"col-lg-6\">\n                <h3 class=\"column-title\">Articles<\/h3>\n                <div class=\"posts\">\n                                            <article class=\"tease tease-post\" id=\"tease-1719\">\n\t\t<p class=\"date\">23.03.2026<\/p>\n\t<h3 class=\"title\">Herzliche Gratulation zum Fachanwalt SAV Bau- und Immobilienrecht<\/h3>\n\t<p class=\"excerpt\">Wir gratulieren unserem Partner Simon Bachmann herzlich zum Abschluss der Ausbildung zum Fachanwalt SAV Bau- und Immobilienrecht und w\u00fcnschen ihm weiterhin viel Freude an seiner spannenden T\u00e4tigkeit in der Bau- und Immobilienbranche. Simon Bachmann Partenaire  Go to article&hellip;<\/p>\n\t<div class=\"arrow-icon\"><?xml version=\"1.0\" encoding=\"utf-8\"?>\n<!-- Generator: Adobe Illustrator 28.2.0, SVG Export Plug-In . SVG Version: 6.00 Build 0)  -->\n<svg version=\"1.1\" id=\"uuid-0d01a91a-173c-4929-a2a8-92feee4570de\"\n\t xmlns=\"http:\/\/www.w3.org\/2000\/svg\" xmlns:xlink=\"http:\/\/www.w3.org\/1999\/xlink\" x=\"0px\" y=\"0px\" viewBox=\"0 0 40.2 18\"\n\t style=\"enable-background:new 0 0 40.2 18;\" xml:space=\"preserve\">\n<g id=\"uuid-337baa6b-6f6e-46a6-ab3d-80cfea9952c5\">\n\t<path id=\"uuid-42a080c4-afe9-4bb8-80e1-1e35f5b11246\" d=\"M31.2,18l-1.7-1.7l6.1-6.1H0V7.8h35.6l-6.1-6.2L31.2,0l9,9L31.2,18\n\t\tL31.2,18z\"\/>\n<\/g>\n<\/svg>\n<\/div>\n\t<a class=\"link\" href=\"https:\/\/schillerlegal.ch\/fr\/herzliche-gratulation-zum-fachanwalt-sav-bau-und-immobilienrecht\/\">\n\t\t<span class=\"visually-hidden\">Go to article<\/span>\n\t<\/a>\n<\/article>\n                                            <article class=\"tease tease-post\" id=\"tease-1706\">\n\t\t<p class=\"date\">17.03.2026<\/p>\n\t<h3 class=\"title\">Negative Vorwirkung von BZO-Revisionsprojekten: Handlungsbedarf bei Gemeinden, Planern und Kanton<\/h3>\n\t<p class=\"excerpt\">In den Gemeinden im Kanton Z\u00fcrich wurden und werden weiterhin die Bau- und Zonenordnungen (BZO) revidiert. Den Revisionsbedarf ausgel\u00f6st hat die Anpassung an die neuen Baubegriffe und Messweisen \u2013 und zudem sind die BZO&rsquo;s und damit verbunden auch die Zonenpl\u00e4ne periodisch zu revidieren und den&hellip;<\/p>\n\t<div class=\"arrow-icon\"><?xml version=\"1.0\" encoding=\"utf-8\"?>\n<!-- Generator: Adobe Illustrator 28.2.0, SVG Export Plug-In . SVG Version: 6.00 Build 0)  -->\n<svg version=\"1.1\" id=\"uuid-0d01a91a-173c-4929-a2a8-92feee4570de\"\n\t xmlns=\"http:\/\/www.w3.org\/2000\/svg\" xmlns:xlink=\"http:\/\/www.w3.org\/1999\/xlink\" x=\"0px\" y=\"0px\" viewBox=\"0 0 40.2 18\"\n\t style=\"enable-background:new 0 0 40.2 18;\" xml:space=\"preserve\">\n<g id=\"uuid-337baa6b-6f6e-46a6-ab3d-80cfea9952c5\">\n\t<path id=\"uuid-42a080c4-afe9-4bb8-80e1-1e35f5b11246\" d=\"M31.2,18l-1.7-1.7l6.1-6.1H0V7.8h35.6l-6.1-6.2L31.2,0l9,9L31.2,18\n\t\tL31.2,18z\"\/>\n<\/g>\n<\/svg>\n<\/div>\n\t<a class=\"link\" href=\"https:\/\/schillerlegal.ch\/fr\/negative-vorwirkung-von-bzo-revisionsprojekten-handlungsbedarf-bei-gemeinden-planern-und-kanton\/\">\n\t\t<span class=\"visually-hidden\">Go to article<\/span>\n\t<\/a>\n<\/article>\n                                            <article class=\"tease tease-post\" id=\"tease-1400\">\n\t\t<p class=\"date\">08.11.2024<\/p>\n\t<h3 class=\"title\">Windenergie im Kanton Z\u00fcrich: Von politischen Entscheidungen und Interessenabw\u00e4gungen<\/h3>\n\t<p class=\"excerpt\">Der Regierungsrat m\u00f6chte im Kanton Z\u00fcrich grosse Windkraftanlagen erm\u00f6glichen, um die im Hinblick auf die Energiewende gesetzten Ziele zu erreichen. Er ist aufgrund der Vorgaben des Bundes zudem verpflichtet, im kantonalen Richtplan geeignete Gebiete f\u00fcr Windenergie festzulegen.&nbsp; Das Projekt zu&hellip;<\/p>\n\t<div class=\"arrow-icon\"><?xml version=\"1.0\" encoding=\"utf-8\"?>\n<!-- Generator: Adobe Illustrator 28.2.0, SVG Export Plug-In . SVG Version: 6.00 Build 0)  -->\n<svg version=\"1.1\" id=\"uuid-0d01a91a-173c-4929-a2a8-92feee4570de\"\n\t xmlns=\"http:\/\/www.w3.org\/2000\/svg\" xmlns:xlink=\"http:\/\/www.w3.org\/1999\/xlink\" x=\"0px\" y=\"0px\" viewBox=\"0 0 40.2 18\"\n\t style=\"enable-background:new 0 0 40.2 18;\" xml:space=\"preserve\">\n<g id=\"uuid-337baa6b-6f6e-46a6-ab3d-80cfea9952c5\">\n\t<path id=\"uuid-42a080c4-afe9-4bb8-80e1-1e35f5b11246\" d=\"M31.2,18l-1.7-1.7l6.1-6.1H0V7.8h35.6l-6.1-6.2L31.2,0l9,9L31.2,18\n\t\tL31.2,18z\"\/>\n<\/g>\n<\/svg>\n<\/div>\n\t<a class=\"link\" href=\"https:\/\/schillerlegal.ch\/fr\/windenergie-im-kanton-zuerich-von-politischen-entscheidungen-und-interessenabwaegungen\/\">\n\t\t<span class=\"visually-hidden\">Go to article<\/span>\n\t<\/a>\n<\/article>\n                                        <div class=\"buttons\">\n                        <a href=\"https:\/\/schillerlegal.ch\/fr\/aktuelles\/?area_of_activity=20\" class=\"btn btn-primary\">\n                            Tous les articles sur ce sujet\n                            <?xml version=\"1.0\" encoding=\"utf-8\"?>\n<!-- Generator: Adobe Illustrator 28.2.0, SVG Export Plug-In . SVG Version: 6.00 Build 0)  -->\n<svg version=\"1.1\" id=\"uuid-0d01a91a-173c-4929-a2a8-92feee4570de\"\n\t xmlns=\"http:\/\/www.w3.org\/2000\/svg\" xmlns:xlink=\"http:\/\/www.w3.org\/1999\/xlink\" x=\"0px\" y=\"0px\" viewBox=\"0 0 40.2 18\"\n\t style=\"enable-background:new 0 0 40.2 18;\" xml:space=\"preserve\">\n<g id=\"uuid-337baa6b-6f6e-46a6-ab3d-80cfea9952c5\">\n\t<path id=\"uuid-42a080c4-afe9-4bb8-80e1-1e35f5b11246\" d=\"M31.2,18l-1.7-1.7l6.1-6.1H0V7.8h35.6l-6.1-6.2L31.2,0l9,9L31.2,18\n\t\tL31.2,18z\"\/>\n<\/g>\n<\/svg>\n                        <\/a>\n                    <\/div>\n                <\/div>\n            <\/div>\n            <\/div>\n<\/div>\n","protected":false},"featured_media":0,"template":"","area-of-activity":[21],"class_list":["post-999","expertise","type-expertise","status-publish","hentry","area-of-activity-droit-de-la-construction"],"acf":[],"yoast_head":"<!-- This site is optimized with the Yoast SEO plugin v27.3 - https:\/\/yoast.com\/product\/yoast-seo-wordpress\/ -->\n<title>Droit de la construction et de l&#039;immobilier - Schiller Rechtsanw\u00e4lte AG<\/title>\n<meta name=\"robots\" content=\"index, follow, max-snippet:-1, max-image-preview:large, max-video-preview:-1\" \/>\n<link rel=\"canonical\" href=\"https:\/\/schillerlegal.ch\/fr\/expertise\/droit-de-la-construction-et-de-limmobilier\/\" \/>\n<meta property=\"og:locale\" content=\"fr_FR\" \/>\n<meta property=\"og:type\" content=\"article\" \/>\n<meta property=\"og:title\" content=\"Droit de la construction et de l&#039;immobilier - Schiller Rechtsanw\u00e4lte AG\" \/>\n<meta property=\"og:description\" content=\"Vous avez besoin d&rsquo;aide pour acheter ou vendre des immeubles? Nous examinons pour vous les bases juridiques de l&rsquo;objet et les possibilit\u00e9s de d\u00e9veloppement (conformit\u00e9 \u00e0 la zone, restrictions de droit public \u00e0 la propri\u00e9t\u00e9, propri\u00e9t\u00e9 par \u00e9tages, servitudes), \u00e9valuons le contrat de vente de terrain et vous accompagnons dans les n\u00e9gociations contractuelles.&nbsp; Avez-vous des [&hellip;]\" \/>\n<meta property=\"og:url\" content=\"https:\/\/schillerlegal.ch\/fr\/expertise\/droit-de-la-construction-et-de-limmobilier\/\" \/>\n<meta property=\"og:site_name\" content=\"Schiller Rechtsanw\u00e4lte AG\" \/>\n<meta property=\"article:modified_time\" content=\"2025-09-17T12:33:31+00:00\" \/>\n<meta name=\"twitter:card\" content=\"summary_large_image\" \/>\n<meta name=\"twitter:label1\" content=\"Dur\u00e9e de lecture estim\u00e9e\" \/>\n\t<meta name=\"twitter:data1\" content=\"2 minutes\" \/>\n<script type=\"application\/ld+json\" class=\"yoast-schema-graph\">{\"@context\":\"https:\\\/\\\/schema.org\",\"@graph\":[{\"@type\":\"WebPage\",\"@id\":\"https:\\\/\\\/schillerlegal.ch\\\/fr\\\/expertise\\\/droit-de-la-construction-et-de-limmobilier\\\/\",\"url\":\"https:\\\/\\\/schillerlegal.ch\\\/fr\\\/expertise\\\/droit-de-la-construction-et-de-limmobilier\\\/\",\"name\":\"Droit de la construction et de l'immobilier - Schiller Rechtsanw\u00e4lte AG\",\"isPartOf\":{\"@id\":\"https:\\\/\\\/schillerlegal.ch\\\/fr\\\/#website\"},\"datePublished\":\"2024-03-12T10:41:18+00:00\",\"dateModified\":\"2025-09-17T12:33:31+00:00\",\"breadcrumb\":{\"@id\":\"https:\\\/\\\/schillerlegal.ch\\\/fr\\\/expertise\\\/droit-de-la-construction-et-de-limmobilier\\\/#breadcrumb\"},\"inLanguage\":\"fr-FR\",\"potentialAction\":[{\"@type\":\"ReadAction\",\"target\":[\"https:\\\/\\\/schillerlegal.ch\\\/fr\\\/expertise\\\/droit-de-la-construction-et-de-limmobilier\\\/\"]}]},{\"@type\":\"BreadcrumbList\",\"@id\":\"https:\\\/\\\/schillerlegal.ch\\\/fr\\\/expertise\\\/droit-de-la-construction-et-de-limmobilier\\\/#breadcrumb\",\"itemListElement\":[{\"@type\":\"ListItem\",\"position\":1,\"name\":\"Startseite\",\"item\":\"https:\\\/\\\/schillerlegal.ch\\\/fr\\\/\"},{\"@type\":\"ListItem\",\"position\":2,\"name\":\"Expertises\",\"item\":\"https:\\\/\\\/schillerlegal.ch\\\/fr\\\/expertise\\\/\"},{\"@type\":\"ListItem\",\"position\":3,\"name\":\"Droit de la construction et de l&#8217;immobilier\"}]},{\"@type\":\"WebSite\",\"@id\":\"https:\\\/\\\/schillerlegal.ch\\\/fr\\\/#website\",\"url\":\"https:\\\/\\\/schillerlegal.ch\\\/fr\\\/\",\"name\":\"Schiller Rechtsanw\u00e4lte AG\",\"description\":\"\",\"potentialAction\":[{\"@type\":\"SearchAction\",\"target\":{\"@type\":\"EntryPoint\",\"urlTemplate\":\"https:\\\/\\\/schillerlegal.ch\\\/fr\\\/?s={search_term_string}\"},\"query-input\":{\"@type\":\"PropertyValueSpecification\",\"valueRequired\":true,\"valueName\":\"search_term_string\"}}],\"inLanguage\":\"fr-FR\"}]}<\/script>\n<!-- \/ Yoast SEO plugin. -->","yoast_head_json":{"title":"Droit de la construction et de l'immobilier - Schiller Rechtsanw\u00e4lte AG","robots":{"index":"index","follow":"follow","max-snippet":"max-snippet:-1","max-image-preview":"max-image-preview:large","max-video-preview":"max-video-preview:-1"},"canonical":"https:\/\/schillerlegal.ch\/fr\/expertise\/droit-de-la-construction-et-de-limmobilier\/","og_locale":"fr_FR","og_type":"article","og_title":"Droit de la construction et de l'immobilier - Schiller Rechtsanw\u00e4lte AG","og_description":"Vous avez besoin d&rsquo;aide pour acheter ou vendre des immeubles? Nous examinons pour vous les bases juridiques de l&rsquo;objet et les possibilit\u00e9s de d\u00e9veloppement (conformit\u00e9 \u00e0 la zone, restrictions de droit public \u00e0 la propri\u00e9t\u00e9, propri\u00e9t\u00e9 par \u00e9tages, servitudes), \u00e9valuons le contrat de vente de terrain et vous accompagnons dans les n\u00e9gociations contractuelles.&nbsp; Avez-vous des [&hellip;]","og_url":"https:\/\/schillerlegal.ch\/fr\/expertise\/droit-de-la-construction-et-de-limmobilier\/","og_site_name":"Schiller Rechtsanw\u00e4lte AG","article_modified_time":"2025-09-17T12:33:31+00:00","twitter_card":"summary_large_image","twitter_misc":{"Dur\u00e9e de lecture estim\u00e9e":"2 minutes"},"schema":{"@context":"https:\/\/schema.org","@graph":[{"@type":"WebPage","@id":"https:\/\/schillerlegal.ch\/fr\/expertise\/droit-de-la-construction-et-de-limmobilier\/","url":"https:\/\/schillerlegal.ch\/fr\/expertise\/droit-de-la-construction-et-de-limmobilier\/","name":"Droit de la construction et de l'immobilier - Schiller Rechtsanw\u00e4lte AG","isPartOf":{"@id":"https:\/\/schillerlegal.ch\/fr\/#website"},"datePublished":"2024-03-12T10:41:18+00:00","dateModified":"2025-09-17T12:33:31+00:00","breadcrumb":{"@id":"https:\/\/schillerlegal.ch\/fr\/expertise\/droit-de-la-construction-et-de-limmobilier\/#breadcrumb"},"inLanguage":"fr-FR","potentialAction":[{"@type":"ReadAction","target":["https:\/\/schillerlegal.ch\/fr\/expertise\/droit-de-la-construction-et-de-limmobilier\/"]}]},{"@type":"BreadcrumbList","@id":"https:\/\/schillerlegal.ch\/fr\/expertise\/droit-de-la-construction-et-de-limmobilier\/#breadcrumb","itemListElement":[{"@type":"ListItem","position":1,"name":"Startseite","item":"https:\/\/schillerlegal.ch\/fr\/"},{"@type":"ListItem","position":2,"name":"Expertises","item":"https:\/\/schillerlegal.ch\/fr\/expertise\/"},{"@type":"ListItem","position":3,"name":"Droit de la construction et de l&#8217;immobilier"}]},{"@type":"WebSite","@id":"https:\/\/schillerlegal.ch\/fr\/#website","url":"https:\/\/schillerlegal.ch\/fr\/","name":"Schiller Rechtsanw\u00e4lte AG","description":"","potentialAction":[{"@type":"SearchAction","target":{"@type":"EntryPoint","urlTemplate":"https:\/\/schillerlegal.ch\/fr\/?s={search_term_string}"},"query-input":{"@type":"PropertyValueSpecification","valueRequired":true,"valueName":"search_term_string"}}],"inLanguage":"fr-FR"}]}},"_links":{"self":[{"href":"https:\/\/schillerlegal.ch\/fr\/wp-json\/wp\/v2\/expertise\/999","targetHints":{"allow":["GET"]}}],"collection":[{"href":"https:\/\/schillerlegal.ch\/fr\/wp-json\/wp\/v2\/expertise"}],"about":[{"href":"https:\/\/schillerlegal.ch\/fr\/wp-json\/wp\/v2\/types\/expertise"}],"wp:attachment":[{"href":"https:\/\/schillerlegal.ch\/fr\/wp-json\/wp\/v2\/media?parent=999"}],"wp:term":[{"taxonomy":"area-of-activity","embeddable":true,"href":"https:\/\/schillerlegal.ch\/fr\/wp-json\/wp\/v2\/area-of-activity?post=999"}],"curies":[{"name":"wp","href":"https:\/\/api.w.org\/{rel}","templated":true}]}}