{"id":1007,"date":"2024-04-23T10:27:21","date_gmt":"2024-04-23T08:27:21","guid":{"rendered":"https:\/\/schiller.site-preview.ch\/?post_type=expertise&#038;p=1007"},"modified":"2024-07-03T16:46:49","modified_gmt":"2024-07-03T14:46:49","slug":"droit-de-la-soumission","status":"publish","type":"expertise","link":"https:\/\/schillerlegal.ch\/fr\/expertise\/droit-de-la-soumission\/","title":{"rendered":"Droit de la soumission"},"content":{"rendered":"<style type=\"text\/css\">.indy-block-image-text-overlay:after { background-color: rgba(0,0,0,0.4) }<\/style>\n<div class=\"indy-block-image-text-overlay\" style=\"background-image: url('https:\/\/schillerlegal.ch\/wp-content\/uploads\/2024\/04\/DSC_8014_1.jpg')\">\n  <div class=\"wrapper\">\n    <h2><span lang=\"FR-CH\">Nous aimons le sans-g\u00eane.<\/span><\/h2>\n<p style=\"font-weight: 400;\">Lors de la passation de march\u00e9s publics, nous conseillons les pouvoirs adjudicateurs ainsi que les entreprises de construction et autres.<\/p>\n\n  <\/div>\n<\/div>\n\n\n\n<div style=\"height:100px\" aria-hidden=\"true\" class=\"wp-block-spacer is-style-md\"><\/div>\n\n\n\n<h3 class=\"wp-block-heading\">Vous avez besoin d&rsquo;aide pour r\u00e9diger les documents d&rsquo;appel d&rsquo;offres, \u00e9valuer les offres, conclure des contrats ou vous d\u00e9fendre contre des plaintes?&nbsp;<\/h3>\n\n\n\n<p>Nous vous accompagnons tout au long du processus d&rsquo;attribution et veillons au bon d\u00e9roulement de la proc\u00e9dure de soumission.&nbsp;<\/p>\n\n\n\n<h3 class=\"wp-block-heading\">Vous souhaitez faire examiner une d\u00e9cision d&rsquo;attribution?&nbsp;<\/h3>\n\n\n\n<p>Nous vous conseillons dans les&nbsp;<strong>proc\u00e9dures d&rsquo;adjudication&nbsp;<\/strong>et repr\u00e9sentons votre entreprise dans les proc\u00e9dures de recours.<\/p>\n\n\n\n<h2 class=\"wp-block-heading\">Vos contacts<\/h2>\n\n\n<div class=\"indy-block-people\">\n  <div class=\"row\">\n                  <div class=\"person col-md-6 col-lg-4 col-xl-3\">\n          <article class=\"tease tease-team-member\" id=\"tease-1046\">\n\t\t\t<div class=\"portrait\">\n\t\t<img decoding=\"async\" src=\"https:\/\/schillerlegal.ch\/wp-content\/uploads\/2024\/05\/cropped_0031_DSC02000-300x0-c-default.jpg\" srcset=\"https:\/\/schillerlegal.ch\/wp-content\/uploads\/2024\/05\/cropped_0031_DSC02000-300x0-c-default.jpg 1x, https:\/\/schillerlegal.ch\/wp-content\/uploads\/2024\/05\/cropped_0031_DSC02000-600x0-c-default.jpg 2x\">\n\t<\/div>\n\t<div class=\"text\">\n\t\t<h5 class=\"title\">Heinrich Hempel<\/h5>\n\t\t<div class=\"sub\">\n\t\t\t<div class=\"position\">Partenaire<\/div>\n\t\t\t<div class=\"arrow-icon\"><?xml version=\"1.0\" encoding=\"utf-8\"?>\n<!-- Generator: Adobe Illustrator 28.2.0, SVG Export Plug-In . SVG Version: 6.00 Build 0)  -->\n<svg version=\"1.1\" id=\"uuid-0d01a91a-173c-4929-a2a8-92feee4570de\"\n\t xmlns=\"http:\/\/www.w3.org\/2000\/svg\" xmlns:xlink=\"http:\/\/www.w3.org\/1999\/xlink\" x=\"0px\" y=\"0px\" viewBox=\"0 0 40.2 18\"\n\t style=\"enable-background:new 0 0 40.2 18;\" xml:space=\"preserve\">\n<g id=\"uuid-337baa6b-6f6e-46a6-ab3d-80cfea9952c5\">\n\t<path id=\"uuid-42a080c4-afe9-4bb8-80e1-1e35f5b11246\" d=\"M31.2,18l-1.7-1.7l6.1-6.1H0V7.8h35.6l-6.1-6.2L31.2,0l9,9L31.2,18\n\t\tL31.2,18z\"\/>\n<\/g>\n<\/svg>\n<\/div>\n\t\t<\/div>\n\t<\/div>\n\t<a class=\"link\" href=\"https:\/\/schillerlegal.ch\/fr\/membre-de-lequipe\/heinrich-hempel\/\">\n\t\t<span class=\"visually-hidden\">Go to article<\/span>\n\t<\/a>\n<\/article>\n        <\/div>\n              <div class=\"person col-md-6 col-lg-4 col-xl-3\">\n          <article class=\"tease tease-team-member\" id=\"tease-1038\">\n\t\t\t<div class=\"portrait\">\n\t\t<img decoding=\"async\" src=\"https:\/\/schillerlegal.ch\/wp-content\/uploads\/2024\/06\/cropped_0000_DSC02993-300x0-c-default.jpg\" srcset=\"https:\/\/schillerlegal.ch\/wp-content\/uploads\/2024\/06\/cropped_0000_DSC02993-300x0-c-default.jpg 1x, https:\/\/schillerlegal.ch\/wp-content\/uploads\/2024\/06\/cropped_0000_DSC02993-600x0-c-default.jpg 2x\">\n\t<\/div>\n\t<div class=\"text\">\n\t\t<h5 class=\"title\">Beat Denzler<\/h5>\n\t\t<div class=\"sub\">\n\t\t\t<div class=\"position\">Associ\u00e9<\/div>\n\t\t\t<div class=\"arrow-icon\"><?xml version=\"1.0\" encoding=\"utf-8\"?>\n<!-- Generator: Adobe Illustrator 28.2.0, SVG Export Plug-In . SVG Version: 6.00 Build 0)  -->\n<svg version=\"1.1\" id=\"uuid-0d01a91a-173c-4929-a2a8-92feee4570de\"\n\t xmlns=\"http:\/\/www.w3.org\/2000\/svg\" xmlns:xlink=\"http:\/\/www.w3.org\/1999\/xlink\" x=\"0px\" y=\"0px\" viewBox=\"0 0 40.2 18\"\n\t style=\"enable-background:new 0 0 40.2 18;\" xml:space=\"preserve\">\n<g id=\"uuid-337baa6b-6f6e-46a6-ab3d-80cfea9952c5\">\n\t<path id=\"uuid-42a080c4-afe9-4bb8-80e1-1e35f5b11246\" d=\"M31.2,18l-1.7-1.7l6.1-6.1H0V7.8h35.6l-6.1-6.2L31.2,0l9,9L31.2,18\n\t\tL31.2,18z\"\/>\n<\/g>\n<\/svg>\n<\/div>\n\t\t<\/div>\n\t<\/div>\n\t<a class=\"link\" href=\"https:\/\/schillerlegal.ch\/fr\/membre-de-lequipe\/beat-denzler\/\">\n\t\t<span class=\"visually-hidden\">Go to article<\/span>\n\t<\/a>\n<\/article>\n        <\/div>\n              <div class=\"person col-md-6 col-lg-4 col-xl-3\">\n          <article class=\"tease tease-team-member\" id=\"tease-1034\">\n\t\t\t<div class=\"portrait\">\n\t\t<img decoding=\"async\" src=\"https:\/\/schillerlegal.ch\/wp-content\/uploads\/2024\/04\/simon-bachmann-300x0-c-default.jpg\" srcset=\"https:\/\/schillerlegal.ch\/wp-content\/uploads\/2024\/04\/simon-bachmann-300x0-c-default.jpg 1x, https:\/\/schillerlegal.ch\/wp-content\/uploads\/2024\/04\/simon-bachmann-600x0-c-default.jpg 2x\">\n\t<\/div>\n\t<div class=\"text\">\n\t\t<h5 class=\"title\">Simon Bachmann<\/h5>\n\t\t<div class=\"sub\">\n\t\t\t<div class=\"position\">Partenaire<\/div>\n\t\t\t<div class=\"arrow-icon\"><?xml version=\"1.0\" encoding=\"utf-8\"?>\n<!-- Generator: Adobe Illustrator 28.2.0, SVG Export Plug-In . SVG Version: 6.00 Build 0)  -->\n<svg version=\"1.1\" id=\"uuid-0d01a91a-173c-4929-a2a8-92feee4570de\"\n\t xmlns=\"http:\/\/www.w3.org\/2000\/svg\" xmlns:xlink=\"http:\/\/www.w3.org\/1999\/xlink\" x=\"0px\" y=\"0px\" viewBox=\"0 0 40.2 18\"\n\t style=\"enable-background:new 0 0 40.2 18;\" xml:space=\"preserve\">\n<g id=\"uuid-337baa6b-6f6e-46a6-ab3d-80cfea9952c5\">\n\t<path id=\"uuid-42a080c4-afe9-4bb8-80e1-1e35f5b11246\" d=\"M31.2,18l-1.7-1.7l6.1-6.1H0V7.8h35.6l-6.1-6.2L31.2,0l9,9L31.2,18\n\t\tL31.2,18z\"\/>\n<\/g>\n<\/svg>\n<\/div>\n\t\t<\/div>\n\t<\/div>\n\t<a class=\"link\" href=\"https:\/\/schillerlegal.ch\/fr\/membre-de-lequipe\/simon-bachmann\/\">\n\t\t<span class=\"visually-hidden\">Go to article<\/span>\n\t<\/a>\n<\/article>\n        <\/div>\n              <div class=\"person col-md-6 col-lg-4 col-xl-3\">\n          <article class=\"tease tease-team-member\" id=\"tease-1042\">\n\t\t\t<div class=\"portrait\">\n\t\t<img decoding=\"async\" src=\"https:\/\/schillerlegal.ch\/wp-content\/uploads\/2024\/06\/cropped_0025_DSC02083-300x0-c-default.jpg\" srcset=\"https:\/\/schillerlegal.ch\/wp-content\/uploads\/2024\/06\/cropped_0025_DSC02083-300x0-c-default.jpg 1x, https:\/\/schillerlegal.ch\/wp-content\/uploads\/2024\/06\/cropped_0025_DSC02083-600x0-c-default.jpg 2x\">\n\t<\/div>\n\t<div class=\"text\">\n\t\t<h5 class=\"title\">Arthur Frauenfelder<\/h5>\n\t\t<div class=\"sub\">\n\t\t\t<div class=\"position\">Associ\u00e9<\/div>\n\t\t\t<div class=\"arrow-icon\"><?xml version=\"1.0\" encoding=\"utf-8\"?>\n<!-- Generator: Adobe Illustrator 28.2.0, SVG Export Plug-In . SVG Version: 6.00 Build 0)  -->\n<svg version=\"1.1\" id=\"uuid-0d01a91a-173c-4929-a2a8-92feee4570de\"\n\t xmlns=\"http:\/\/www.w3.org\/2000\/svg\" xmlns:xlink=\"http:\/\/www.w3.org\/1999\/xlink\" x=\"0px\" y=\"0px\" viewBox=\"0 0 40.2 18\"\n\t style=\"enable-background:new 0 0 40.2 18;\" xml:space=\"preserve\">\n<g id=\"uuid-337baa6b-6f6e-46a6-ab3d-80cfea9952c5\">\n\t<path id=\"uuid-42a080c4-afe9-4bb8-80e1-1e35f5b11246\" d=\"M31.2,18l-1.7-1.7l6.1-6.1H0V7.8h35.6l-6.1-6.2L31.2,0l9,9L31.2,18\n\t\tL31.2,18z\"\/>\n<\/g>\n<\/svg>\n<\/div>\n\t\t<\/div>\n\t<\/div>\n\t<a class=\"link\" href=\"https:\/\/schillerlegal.ch\/fr\/membre-de-lequipe\/arthur-frauenfelder\/\">\n\t\t<span class=\"visually-hidden\">Go to article<\/span>\n\t<\/a>\n<\/article>\n        <\/div>\n            <\/div>\n<\/div>\n\n\n<div class=\"indy-block-latest-area-of-activity\">\n    <div class=\"row\">\n                    <div class=\"col-lg-6\">\n                <h3 class=\"column-title\">Publications<\/h3>\n                <div class=\"publications\">\n                                            <article class=\"tease tease-publication\" id=\"tease-432\">\n\t\t\t<h3 class=\"title\">Die aufschiebende Wirkung &#8211; Schl\u00fcsselstelle des Vergaberechts<\/h3>\n\t<div class=\"fields\">\n\t\t<p class=\"published_in\">in: Jean-Baptiste Zufferey\/Hubert St\u00f6ckli (Hrsg.), Aktuelles Vergaberecht 2008, Sonderheft der Zeitschrift Baurecht, Z\u00fcrich 2008<\/p>\n\t\t<p class=\"page_references\">Seite 313 ff.<\/p>\n\t\t<div class=\"authors\">\n\t\t\t\t\t\t\t<div class=\"authors__item\">\n\t\t\t\t\t\t\t\t\t\t\t\t\t\t\t\t\t\t\t\t\t\t\t\n\t\t\t\t\t\t\t\t\t\t\t\t\t<a href=\"https:\/\/schillerlegal.ch\/teammitglied\/beat-denzler\/\">Beat Denzler<\/a>\n\t\t\t\t\t\t\t\t\t\t\t\t\t\t\t\t\t\t\t\t\t \/\n\t\t\t\t\t\t\t\t\t<\/div>\n\t\t\t\t\t\t\t<div class=\"authors__item\">\n\t\t\t\t\t\t\t\t\t\t\t\t\t\t\t\t\t\t\t\t\t\t\t\n\t\t\t\t\t\t\t\t\t\t\t\t\t<a href=\"https:\/\/schillerlegal.ch\/teammitglied\/heinrich-hempel\/\">Heinrich Hempel<\/a>\n\t\t\t\t\t\t\t\t\t\t\t\t\t\t\t\t\t\t\t\t<\/div>\n\t\t\t\t\t<\/div>\n\t<\/div>\n\t<\/article>\n                                            <article class=\"tease tease-publication\" id=\"tease-332\">\n\t\t\t<h3 class=\"title\">Art. 68 ff. VE-B\u00f6B: Rechtsbehelfe<\/h3>\n\t<div class=\"fields\">\n\t\t<p class=\"published_in\">BR 2008<\/p>\n\t\t<p class=\"page_references\">Seite 201 ff.<\/p>\n\t\t<div class=\"authors\">\n\t\t\t\t\t\t\t<div class=\"authors__item\">\n\t\t\t\t\t\t\t\t\t\t\t\t\t\t\t\t\t\t\t\t\t\t\t\n\t\t\t\t\t\t\t\t\t\t\t\t\t<a href=\"https:\/\/schillerlegal.ch\/teammitglied\/beat-denzler\/\">Beat Denzler<\/a>\n\t\t\t\t\t\t\t\t\t\t\t\t\t\t\t\t\t\t\t\t<\/div>\n\t\t\t\t\t<\/div>\n\t<\/div>\n\t<\/article>\n                                            <article class=\"tease tease-publication\" id=\"tease-333\">\n\t\t\t<h3 class=\"title\">AGB der \u00f6ffentlichen Hand &#8211; Grenzen des Kleingedruckten<\/h3>\n\t<div class=\"fields\">\n\t\t<p class=\"published_in\">BRT 2007<\/p>\n\t\t<p class=\"page_references\">Seite 234 ff.<\/p>\n\t\t<div class=\"authors\">\n\t\t\t\t\t\t\t<div class=\"authors__item\">\n\t\t\t\t\t\t\t\t\t\t\t\t\t\t\t\t\t\t\t\t\t\t\t\n\t\t\t\t\t\t\t\t\t\t\t\t\t<a href=\"https:\/\/schillerlegal.ch\/teammitglied\/beat-denzler\/\">Beat Denzler<\/a>\n\t\t\t\t\t\t\t\t\t\t\t\t\t\t\t\t\t\t\t\t<\/div>\n\t\t\t\t\t<\/div>\n\t<\/div>\n\t<\/article>\n                                        <div class=\"buttons\">\n                        <a href=\"https:\/\/schillerlegal.ch\/fr\/publication\/?area_of_activity=42\" class=\"btn btn-primary\">\n                            Toutes les publications sur ce sujet\n                            <?xml version=\"1.0\" encoding=\"utf-8\"?>\n<!-- Generator: Adobe Illustrator 28.2.0, SVG Export Plug-In . SVG Version: 6.00 Build 0)  -->\n<svg version=\"1.1\" id=\"uuid-0d01a91a-173c-4929-a2a8-92feee4570de\"\n\t xmlns=\"http:\/\/www.w3.org\/2000\/svg\" xmlns:xlink=\"http:\/\/www.w3.org\/1999\/xlink\" x=\"0px\" y=\"0px\" viewBox=\"0 0 40.2 18\"\n\t style=\"enable-background:new 0 0 40.2 18;\" xml:space=\"preserve\">\n<g id=\"uuid-337baa6b-6f6e-46a6-ab3d-80cfea9952c5\">\n\t<path id=\"uuid-42a080c4-afe9-4bb8-80e1-1e35f5b11246\" d=\"M31.2,18l-1.7-1.7l6.1-6.1H0V7.8h35.6l-6.1-6.2L31.2,0l9,9L31.2,18\n\t\tL31.2,18z\"\/>\n<\/g>\n<\/svg>\n                        <\/a>\n                    <\/div>\n                <\/div>\n            <\/div>\n                            <div class=\"col-lg-6\">\n                <h3 class=\"column-title\">Articles<\/h3>\n                <div class=\"posts\">\n                                            <article class=\"tease tease-post\" id=\"tease-622\">\n\t\t<p class=\"date\">27.04.2022<\/p>\n\t<h3 class=\"title\">Aus unserer Praxis: Koordinationspflicht im Submissionsrecht<\/h3>\n\t<p class=\"excerpt\">Werden gegen den Zuschlagsentscheid mehrere Beschwerden erhoben, m\u00fcssen die Verfahren koordiniert und widerspr\u00fcchliche Entscheide vermieden werden. Das Submissionsrecht enth\u00e4lt keine Vorschriften dar\u00fcber, ob und wie die Rechtsmittelinstanz die Beschwerdeverfahren zu koordinieren hat, wenn ein Zuschl&hellip;<\/p>\n\t<div class=\"arrow-icon\"><?xml version=\"1.0\" encoding=\"utf-8\"?>\n<!-- Generator: Adobe Illustrator 28.2.0, SVG Export Plug-In . SVG Version: 6.00 Build 0)  -->\n<svg version=\"1.1\" id=\"uuid-0d01a91a-173c-4929-a2a8-92feee4570de\"\n\t xmlns=\"http:\/\/www.w3.org\/2000\/svg\" xmlns:xlink=\"http:\/\/www.w3.org\/1999\/xlink\" x=\"0px\" y=\"0px\" viewBox=\"0 0 40.2 18\"\n\t style=\"enable-background:new 0 0 40.2 18;\" xml:space=\"preserve\">\n<g id=\"uuid-337baa6b-6f6e-46a6-ab3d-80cfea9952c5\">\n\t<path id=\"uuid-42a080c4-afe9-4bb8-80e1-1e35f5b11246\" d=\"M31.2,18l-1.7-1.7l6.1-6.1H0V7.8h35.6l-6.1-6.2L31.2,0l9,9L31.2,18\n\t\tL31.2,18z\"\/>\n<\/g>\n<\/svg>\n<\/div>\n\t<a class=\"link\" href=\"https:\/\/schillerlegal.ch\/fr\/aus-unserer-praxis-koordinationspflicht-im-submissionsrecht\/\">\n\t\t<span class=\"visually-hidden\">Go to article<\/span>\n\t<\/a>\n<\/article>\n                                            <article class=\"tease tease-post\" id=\"tease-603\">\n\t\t<p class=\"date\">29.04.2020<\/p>\n\t<h3 class=\"title\">Schiller Rechtsanw\u00e4lte unter den besten Schweizer Anwaltskanzleien im Bilanz-Ranking<\/h3>\n\t<p class=\"excerpt\">Wir freuen uns, dass wir gem\u00e4ss der neusten&nbsp;Umfrage des Schweizer Wirtschaftsmagazins BILANZ&nbsp;in den Rechtsgebieten Haftpflichtrecht, \u00d6ffentliches Beschaffungswesen und Versicherungsrecht unter den 20 am h\u00e4ufigsten empfohlenen Anwaltskanzleien gelistet werden und im Bereich Luftfahrt zu den&hellip;<\/p>\n\t<div class=\"arrow-icon\"><?xml version=\"1.0\" encoding=\"utf-8\"?>\n<!-- Generator: Adobe Illustrator 28.2.0, SVG Export Plug-In . SVG Version: 6.00 Build 0)  -->\n<svg version=\"1.1\" id=\"uuid-0d01a91a-173c-4929-a2a8-92feee4570de\"\n\t xmlns=\"http:\/\/www.w3.org\/2000\/svg\" xmlns:xlink=\"http:\/\/www.w3.org\/1999\/xlink\" x=\"0px\" y=\"0px\" viewBox=\"0 0 40.2 18\"\n\t style=\"enable-background:new 0 0 40.2 18;\" xml:space=\"preserve\">\n<g id=\"uuid-337baa6b-6f6e-46a6-ab3d-80cfea9952c5\">\n\t<path id=\"uuid-42a080c4-afe9-4bb8-80e1-1e35f5b11246\" d=\"M31.2,18l-1.7-1.7l6.1-6.1H0V7.8h35.6l-6.1-6.2L31.2,0l9,9L31.2,18\n\t\tL31.2,18z\"\/>\n<\/g>\n<\/svg>\n<\/div>\n\t<a class=\"link\" href=\"https:\/\/schillerlegal.ch\/fr\/schiller-rechtsanwaelte-unter-den-besten-schweizer-anwaltskanzleien-im-bilanz-ranking\/\">\n\t\t<span class=\"visually-hidden\">Go to article<\/span>\n\t<\/a>\n<\/article>\n                                            <article class=\"tease tease-post\" id=\"tease-490\">\n\t\t<p class=\"date\">14.01.2015<\/p>\n\t<h3 class=\"title\">Bundesgerichtsurteile zur Auslegung und Anwendung von Ausschreibungsbedingungen<\/h3>\n\t<p class=\"excerpt\">Mit Urteilen vom 15. September 2014 hat das Bundesgericht zwei Entscheide des Bundesverwaltungsgerichts aufgehoben und die Zuschlagsentscheide der AlpTran\u00adsit Gotthard AG (ATG) f\u00fcr die Vergabe der Bahntechnik f\u00fcr den Abschnitt des Ceneri-Basistunnels auf der Gotthardstrecke best\u00e4tigt. Gem\u00e4ss den Aus&hellip;<\/p>\n\t<div class=\"arrow-icon\"><?xml version=\"1.0\" encoding=\"utf-8\"?>\n<!-- Generator: Adobe Illustrator 28.2.0, SVG Export Plug-In . SVG Version: 6.00 Build 0)  -->\n<svg version=\"1.1\" id=\"uuid-0d01a91a-173c-4929-a2a8-92feee4570de\"\n\t xmlns=\"http:\/\/www.w3.org\/2000\/svg\" xmlns:xlink=\"http:\/\/www.w3.org\/1999\/xlink\" x=\"0px\" y=\"0px\" viewBox=\"0 0 40.2 18\"\n\t style=\"enable-background:new 0 0 40.2 18;\" xml:space=\"preserve\">\n<g id=\"uuid-337baa6b-6f6e-46a6-ab3d-80cfea9952c5\">\n\t<path id=\"uuid-42a080c4-afe9-4bb8-80e1-1e35f5b11246\" d=\"M31.2,18l-1.7-1.7l6.1-6.1H0V7.8h35.6l-6.1-6.2L31.2,0l9,9L31.2,18\n\t\tL31.2,18z\"\/>\n<\/g>\n<\/svg>\n<\/div>\n\t<a class=\"link\" href=\"https:\/\/schillerlegal.ch\/fr\/bundesgerichtsurteile-zur-auslegung-und-anwendung-von-ausschreibungsbedingungen\/\">\n\t\t<span class=\"visually-hidden\">Go to article<\/span>\n\t<\/a>\n<\/article>\n                                        <div class=\"buttons\">\n                        <a href=\"https:\/\/schillerlegal.ch\/fr\/aktuelles\/?area_of_activity=42\" class=\"btn btn-primary\">\n                            Tous les articles sur ce sujet\n                            <?xml version=\"1.0\" encoding=\"utf-8\"?>\n<!-- Generator: Adobe Illustrator 28.2.0, SVG Export Plug-In . SVG Version: 6.00 Build 0)  -->\n<svg version=\"1.1\" id=\"uuid-0d01a91a-173c-4929-a2a8-92feee4570de\"\n\t xmlns=\"http:\/\/www.w3.org\/2000\/svg\" xmlns:xlink=\"http:\/\/www.w3.org\/1999\/xlink\" x=\"0px\" y=\"0px\" viewBox=\"0 0 40.2 18\"\n\t style=\"enable-background:new 0 0 40.2 18;\" xml:space=\"preserve\">\n<g id=\"uuid-337baa6b-6f6e-46a6-ab3d-80cfea9952c5\">\n\t<path id=\"uuid-42a080c4-afe9-4bb8-80e1-1e35f5b11246\" d=\"M31.2,18l-1.7-1.7l6.1-6.1H0V7.8h35.6l-6.1-6.2L31.2,0l9,9L31.2,18\n\t\tL31.2,18z\"\/>\n<\/g>\n<\/svg>\n                        <\/a>\n                    <\/div>\n                <\/div>\n            <\/div>\n            <\/div>\n<\/div>\n","protected":false},"featured_media":0,"template":"","area-of-activity":[80],"class_list":["post-1007","expertise","type-expertise","status-publish","hentry","area-of-activity-droit-de-la-soumission"],"acf":[],"yoast_head":"<!-- This site is optimized with the Yoast SEO plugin v27.3 - https:\/\/yoast.com\/product\/yoast-seo-wordpress\/ -->\n<title>Droit de la soumission - Schiller Rechtsanw\u00e4lte AG<\/title>\n<meta name=\"robots\" content=\"index, follow, max-snippet:-1, max-image-preview:large, max-video-preview:-1\" \/>\n<link rel=\"canonical\" href=\"https:\/\/schillerlegal.ch\/fr\/expertise\/droit-de-la-soumission\/\" \/>\n<meta property=\"og:locale\" content=\"fr_FR\" \/>\n<meta property=\"og:type\" content=\"article\" \/>\n<meta property=\"og:title\" content=\"Droit de la soumission - Schiller Rechtsanw\u00e4lte AG\" \/>\n<meta property=\"og:description\" content=\"Vous avez besoin d&rsquo;aide pour r\u00e9diger les documents d&rsquo;appel d&rsquo;offres, \u00e9valuer les offres, conclure des contrats ou vous d\u00e9fendre contre des plaintes?&nbsp; Nous vous accompagnons tout au long du processus d&rsquo;attribution et veillons au bon d\u00e9roulement de la proc\u00e9dure de soumission.&nbsp; Vous souhaitez faire examiner une d\u00e9cision d&rsquo;attribution?&nbsp; Nous vous conseillons dans les&nbsp;proc\u00e9dures d&rsquo;adjudication&nbsp;et repr\u00e9sentons [&hellip;]\" \/>\n<meta property=\"og:url\" content=\"https:\/\/schillerlegal.ch\/fr\/expertise\/droit-de-la-soumission\/\" \/>\n<meta property=\"og:site_name\" content=\"Schiller Rechtsanw\u00e4lte AG\" \/>\n<meta property=\"article:modified_time\" content=\"2024-07-03T14:46:49+00:00\" \/>\n<meta name=\"twitter:card\" content=\"summary_large_image\" \/>\n<script type=\"application\/ld+json\" class=\"yoast-schema-graph\">{\"@context\":\"https:\\\/\\\/schema.org\",\"@graph\":[{\"@type\":\"WebPage\",\"@id\":\"https:\\\/\\\/schillerlegal.ch\\\/fr\\\/expertise\\\/droit-de-la-soumission\\\/\",\"url\":\"https:\\\/\\\/schillerlegal.ch\\\/fr\\\/expertise\\\/droit-de-la-soumission\\\/\",\"name\":\"Droit de la soumission - Schiller Rechtsanw\u00e4lte AG\",\"isPartOf\":{\"@id\":\"https:\\\/\\\/schillerlegal.ch\\\/fr\\\/#website\"},\"datePublished\":\"2024-04-23T08:27:21+00:00\",\"dateModified\":\"2024-07-03T14:46:49+00:00\",\"breadcrumb\":{\"@id\":\"https:\\\/\\\/schillerlegal.ch\\\/fr\\\/expertise\\\/droit-de-la-soumission\\\/#breadcrumb\"},\"inLanguage\":\"fr-FR\",\"potentialAction\":[{\"@type\":\"ReadAction\",\"target\":[\"https:\\\/\\\/schillerlegal.ch\\\/fr\\\/expertise\\\/droit-de-la-soumission\\\/\"]}]},{\"@type\":\"BreadcrumbList\",\"@id\":\"https:\\\/\\\/schillerlegal.ch\\\/fr\\\/expertise\\\/droit-de-la-soumission\\\/#breadcrumb\",\"itemListElement\":[{\"@type\":\"ListItem\",\"position\":1,\"name\":\"Startseite\",\"item\":\"https:\\\/\\\/schillerlegal.ch\\\/fr\\\/\"},{\"@type\":\"ListItem\",\"position\":2,\"name\":\"Expertises\",\"item\":\"https:\\\/\\\/schillerlegal.ch\\\/fr\\\/expertise\\\/\"},{\"@type\":\"ListItem\",\"position\":3,\"name\":\"Droit de la soumission\"}]},{\"@type\":\"WebSite\",\"@id\":\"https:\\\/\\\/schillerlegal.ch\\\/fr\\\/#website\",\"url\":\"https:\\\/\\\/schillerlegal.ch\\\/fr\\\/\",\"name\":\"Schiller Rechtsanw\u00e4lte AG\",\"description\":\"\",\"potentialAction\":[{\"@type\":\"SearchAction\",\"target\":{\"@type\":\"EntryPoint\",\"urlTemplate\":\"https:\\\/\\\/schillerlegal.ch\\\/fr\\\/?s={search_term_string}\"},\"query-input\":{\"@type\":\"PropertyValueSpecification\",\"valueRequired\":true,\"valueName\":\"search_term_string\"}}],\"inLanguage\":\"fr-FR\"}]}<\/script>\n<!-- \/ Yoast SEO plugin. -->","yoast_head_json":{"title":"Droit de la soumission - Schiller Rechtsanw\u00e4lte AG","robots":{"index":"index","follow":"follow","max-snippet":"max-snippet:-1","max-image-preview":"max-image-preview:large","max-video-preview":"max-video-preview:-1"},"canonical":"https:\/\/schillerlegal.ch\/fr\/expertise\/droit-de-la-soumission\/","og_locale":"fr_FR","og_type":"article","og_title":"Droit de la soumission - Schiller Rechtsanw\u00e4lte AG","og_description":"Vous avez besoin d&rsquo;aide pour r\u00e9diger les documents d&rsquo;appel d&rsquo;offres, \u00e9valuer les offres, conclure des contrats ou vous d\u00e9fendre contre des plaintes?&nbsp; Nous vous accompagnons tout au long du processus d&rsquo;attribution et veillons au bon d\u00e9roulement de la proc\u00e9dure de soumission.&nbsp; Vous souhaitez faire examiner une d\u00e9cision d&rsquo;attribution?&nbsp; Nous vous conseillons dans les&nbsp;proc\u00e9dures d&rsquo;adjudication&nbsp;et repr\u00e9sentons [&hellip;]","og_url":"https:\/\/schillerlegal.ch\/fr\/expertise\/droit-de-la-soumission\/","og_site_name":"Schiller Rechtsanw\u00e4lte AG","article_modified_time":"2024-07-03T14:46:49+00:00","twitter_card":"summary_large_image","schema":{"@context":"https:\/\/schema.org","@graph":[{"@type":"WebPage","@id":"https:\/\/schillerlegal.ch\/fr\/expertise\/droit-de-la-soumission\/","url":"https:\/\/schillerlegal.ch\/fr\/expertise\/droit-de-la-soumission\/","name":"Droit de la soumission - Schiller Rechtsanw\u00e4lte AG","isPartOf":{"@id":"https:\/\/schillerlegal.ch\/fr\/#website"},"datePublished":"2024-04-23T08:27:21+00:00","dateModified":"2024-07-03T14:46:49+00:00","breadcrumb":{"@id":"https:\/\/schillerlegal.ch\/fr\/expertise\/droit-de-la-soumission\/#breadcrumb"},"inLanguage":"fr-FR","potentialAction":[{"@type":"ReadAction","target":["https:\/\/schillerlegal.ch\/fr\/expertise\/droit-de-la-soumission\/"]}]},{"@type":"BreadcrumbList","@id":"https:\/\/schillerlegal.ch\/fr\/expertise\/droit-de-la-soumission\/#breadcrumb","itemListElement":[{"@type":"ListItem","position":1,"name":"Startseite","item":"https:\/\/schillerlegal.ch\/fr\/"},{"@type":"ListItem","position":2,"name":"Expertises","item":"https:\/\/schillerlegal.ch\/fr\/expertise\/"},{"@type":"ListItem","position":3,"name":"Droit de la soumission"}]},{"@type":"WebSite","@id":"https:\/\/schillerlegal.ch\/fr\/#website","url":"https:\/\/schillerlegal.ch\/fr\/","name":"Schiller Rechtsanw\u00e4lte AG","description":"","potentialAction":[{"@type":"SearchAction","target":{"@type":"EntryPoint","urlTemplate":"https:\/\/schillerlegal.ch\/fr\/?s={search_term_string}"},"query-input":{"@type":"PropertyValueSpecification","valueRequired":true,"valueName":"search_term_string"}}],"inLanguage":"fr-FR"}]}},"_links":{"self":[{"href":"https:\/\/schillerlegal.ch\/fr\/wp-json\/wp\/v2\/expertise\/1007","targetHints":{"allow":["GET"]}}],"collection":[{"href":"https:\/\/schillerlegal.ch\/fr\/wp-json\/wp\/v2\/expertise"}],"about":[{"href":"https:\/\/schillerlegal.ch\/fr\/wp-json\/wp\/v2\/types\/expertise"}],"wp:attachment":[{"href":"https:\/\/schillerlegal.ch\/fr\/wp-json\/wp\/v2\/media?parent=1007"}],"wp:term":[{"taxonomy":"area-of-activity","embeddable":true,"href":"https:\/\/schillerlegal.ch\/fr\/wp-json\/wp\/v2\/area-of-activity?post=1007"}],"curies":[{"name":"wp","href":"https:\/\/api.w.org\/{rel}","templated":true}]}}