{"id":1001,"date":"2024-04-23T10:20:27","date_gmt":"2024-04-23T08:20:27","guid":{"rendered":"https:\/\/schiller.site-preview.ch\/?post_type=expertise&#038;p=1001"},"modified":"2025-09-17T14:39:43","modified_gmt":"2025-09-17T12:39:43","slug":"droit-des-successions-planification-successorale-et-fondations","status":"publish","type":"expertise","link":"https:\/\/schillerlegal.ch\/fr\/expertise\/droit-des-successions-planification-successorale-et-fondations\/","title":{"rendered":"Droit des successions, planification successorale et fondations"},"content":{"rendered":"<style type=\"text\/css\">.indy-block-image-text-overlay:after { background-color: rgba(0,0,0,0.4) }<\/style>\n<div class=\"indy-block-image-text-overlay\" style=\"background-image: url('https:\/\/schillerlegal.ch\/wp-content\/uploads\/2024\/04\/DSC_7915_1.jpg')\">\n  <div class=\"wrapper\">\n    <h2>En regardant vers l&rsquo;avenir.<\/h2>\n<p style=\"font-weight: 400;\">Nous conseillons les personnes priv\u00e9es, les entrepreneurs et les entrepreneuses dans la planification de leur succession, dans les questions de droit successoral ainsi que dans la cr\u00e9ation et la gestion de fondations.<\/p>\n\n  <\/div>\n<\/div>\n\n\n\n<div style=\"height:100px\" aria-hidden=\"true\" class=\"wp-block-spacer is-style-md\"><\/div>\n\n\n\n<h3 class=\"wp-block-heading\">Vous avez besoin d&rsquo;aide pour r\u00e9diger un testament ou un pacte successoral?<\/h3>\n\n\n\n<p>Nous vous assistons dans la r\u00e9daction de testaments, de contrats de succession et de contrats de mariage.&nbsp;Nous discutons&nbsp;et examinons ensemble votre situation personnelle et vous proposons des solutions pour mettre en \u0153uvre vos derni\u00e8res volont\u00e9s. Nous vous conseillons \u00e9galement et vous aidons \u00e0 r\u00e9diger des mandats pour cause d&rsquo;inaptitude et des directives anticip\u00e9es.&nbsp;<\/p>\n\n\n\n<h3 class=\"wp-block-heading\">Vous planifiez la succession de votre entreprise?<\/h3>\n\n\n\n<p>Nous vous conseillons dans la planification de votre succession&nbsp;en vue d&rsquo;un d\u00e9part \u00e0 la retraite ou en cas de d\u00e9c\u00e8s. Nous \u00e9laborons avec vous des solutions individuelles pour que l&rsquo;entreprise continue d&rsquo;exister&nbsp;selon votre vision. En collaboration avec des conseillers fiscaux externes, nous optimisons la charge fiscale.<\/p>\n\n\n\n<h3 class=\"wp-block-heading\">Avez-vous des questions en rapport avec une succession ouverte?<\/h3>\n\n\n\n<p>Nous vous indiquons quels sont vos droits. Nous vous conseillons sur les questions relatives \u00e0 la r\u00e9pudiation, aux r\u00e9serves h\u00e9r\u00e9ditaires et \u00e0 la compensation. Nous vous aidons \u00e0 g\u00e9rer et \u00e0 partager la succession et vous repr\u00e9sentons dans les proc\u00e9dures judiciaires en mati\u00e8re de droit successoral.<\/p>\n\n\n\n<h3 class=\"wp-block-heading\">Vous recherchez un ex\u00e9cuteur testamentaire?<\/h3>\n\n\n\n<p>En tant qu&rsquo;ex\u00e9cuteur testamentaire, nous veillons \u00e0 ce que vos derni\u00e8res volont\u00e9s soient respect\u00e9es et \u00e0 ce que le patrimoine soit r\u00e9parti selon vos souhaits.<\/p>\n\n\n\n<h3 class=\"wp-block-heading\">Envisagez-vous de cr\u00e9er une fondation?<\/h3>\n\n\n\n<p>Nous vous soutenons dans la cr\u00e9ation et la gestion de fondations. Nous vous aidons \u00e0 formuler l&rsquo;acte de fondation et vous conseillons sur les questions d&rsquo;organisation et de surveillance. De m\u00eame, nous vous assistons pour les questions li\u00e9es aux trusts.<\/p>\n\n\n\n<h2 class=\"wp-block-heading\">Vos contacts<\/h2>\n\n\n<div class=\"indy-block-people\">\n  <div class=\"row\">\n                  <div class=\"person col-md-6 col-lg-4 col-xl-3\">\n          <article class=\"tease tease-team-member\" id=\"tease-1064\">\n\t\t\t<div class=\"portrait\">\n\t\t<img decoding=\"async\" src=\"https:\/\/schillerlegal.ch\/wp-content\/uploads\/2024\/06\/cropped_0028_DSC02042-300x0-c-default.jpg\" srcset=\"https:\/\/schillerlegal.ch\/wp-content\/uploads\/2024\/06\/cropped_0028_DSC02042-300x0-c-default.jpg 1x, https:\/\/schillerlegal.ch\/wp-content\/uploads\/2024\/06\/cropped_0028_DSC02042-600x0-c-default.jpg 2x\">\n\t<\/div>\n\t<div class=\"text\">\n\t\t<h5 class=\"title\">Daniel Maritz<\/h5>\n\t\t<div class=\"sub\">\n\t\t\t<div class=\"position\">Partenaire<\/div>\n\t\t\t<div class=\"arrow-icon\"><?xml version=\"1.0\" encoding=\"utf-8\"?>\n<!-- Generator: Adobe Illustrator 28.2.0, SVG Export Plug-In . SVG Version: 6.00 Build 0)  -->\n<svg version=\"1.1\" id=\"uuid-0d01a91a-173c-4929-a2a8-92feee4570de\"\n\t xmlns=\"http:\/\/www.w3.org\/2000\/svg\" xmlns:xlink=\"http:\/\/www.w3.org\/1999\/xlink\" x=\"0px\" y=\"0px\" viewBox=\"0 0 40.2 18\"\n\t style=\"enable-background:new 0 0 40.2 18;\" xml:space=\"preserve\">\n<g id=\"uuid-337baa6b-6f6e-46a6-ab3d-80cfea9952c5\">\n\t<path id=\"uuid-42a080c4-afe9-4bb8-80e1-1e35f5b11246\" d=\"M31.2,18l-1.7-1.7l6.1-6.1H0V7.8h35.6l-6.1-6.2L31.2,0l9,9L31.2,18\n\t\tL31.2,18z\"\/>\n<\/g>\n<\/svg>\n<\/div>\n\t\t<\/div>\n\t<\/div>\n\t<a class=\"link\" href=\"https:\/\/schillerlegal.ch\/fr\/membre-de-lequipe\/daniel-maritz\/\">\n\t\t<span class=\"visually-hidden\">Go to article<\/span>\n\t<\/a>\n<\/article>\n        <\/div>\n              <div class=\"person col-md-6 col-lg-4 col-xl-3\">\n          <article class=\"tease tease-team-member\" id=\"tease-1030\">\n\t\t\t<div class=\"portrait\">\n\t\t<img decoding=\"async\" src=\"https:\/\/schillerlegal.ch\/wp-content\/uploads\/2024\/06\/cropped_0032_DSC01973-300x0-c-default.jpg\" srcset=\"https:\/\/schillerlegal.ch\/wp-content\/uploads\/2024\/06\/cropped_0032_DSC01973-300x0-c-default.jpg 1x, https:\/\/schillerlegal.ch\/wp-content\/uploads\/2024\/06\/cropped_0032_DSC01973-600x0-c-default.jpg 2x\">\n\t<\/div>\n\t<div class=\"text\">\n\t\t<h5 class=\"title\">Dorothee Auw\u00e4rter<\/h5>\n\t\t<div class=\"sub\">\n\t\t\t<div class=\"position\">Partenaire<\/div>\n\t\t\t<div class=\"arrow-icon\"><?xml version=\"1.0\" encoding=\"utf-8\"?>\n<!-- Generator: Adobe Illustrator 28.2.0, SVG Export Plug-In . SVG Version: 6.00 Build 0)  -->\n<svg version=\"1.1\" id=\"uuid-0d01a91a-173c-4929-a2a8-92feee4570de\"\n\t xmlns=\"http:\/\/www.w3.org\/2000\/svg\" xmlns:xlink=\"http:\/\/www.w3.org\/1999\/xlink\" x=\"0px\" y=\"0px\" viewBox=\"0 0 40.2 18\"\n\t style=\"enable-background:new 0 0 40.2 18;\" xml:space=\"preserve\">\n<g id=\"uuid-337baa6b-6f6e-46a6-ab3d-80cfea9952c5\">\n\t<path id=\"uuid-42a080c4-afe9-4bb8-80e1-1e35f5b11246\" d=\"M31.2,18l-1.7-1.7l6.1-6.1H0V7.8h35.6l-6.1-6.2L31.2,0l9,9L31.2,18\n\t\tL31.2,18z\"\/>\n<\/g>\n<\/svg>\n<\/div>\n\t\t<\/div>\n\t<\/div>\n\t<a class=\"link\" href=\"https:\/\/schillerlegal.ch\/fr\/membre-de-lequipe\/dorothee-auwaerter\/\">\n\t\t<span class=\"visually-hidden\">Go to article<\/span>\n\t<\/a>\n<\/article>\n        <\/div>\n              <div class=\"person col-md-6 col-lg-4 col-xl-3\">\n          <article class=\"tease tease-team-member\" id=\"tease-1046\">\n\t\t\t<div class=\"portrait\">\n\t\t<img decoding=\"async\" src=\"https:\/\/schillerlegal.ch\/wp-content\/uploads\/2024\/05\/cropped_0031_DSC02000-300x0-c-default.jpg\" srcset=\"https:\/\/schillerlegal.ch\/wp-content\/uploads\/2024\/05\/cropped_0031_DSC02000-300x0-c-default.jpg 1x, https:\/\/schillerlegal.ch\/wp-content\/uploads\/2024\/05\/cropped_0031_DSC02000-600x0-c-default.jpg 2x\">\n\t<\/div>\n\t<div class=\"text\">\n\t\t<h5 class=\"title\">Heinrich Hempel<\/h5>\n\t\t<div class=\"sub\">\n\t\t\t<div class=\"position\">Partenaire<\/div>\n\t\t\t<div class=\"arrow-icon\"><?xml version=\"1.0\" encoding=\"utf-8\"?>\n<!-- Generator: Adobe Illustrator 28.2.0, SVG Export Plug-In . SVG Version: 6.00 Build 0)  -->\n<svg version=\"1.1\" id=\"uuid-0d01a91a-173c-4929-a2a8-92feee4570de\"\n\t xmlns=\"http:\/\/www.w3.org\/2000\/svg\" xmlns:xlink=\"http:\/\/www.w3.org\/1999\/xlink\" x=\"0px\" y=\"0px\" viewBox=\"0 0 40.2 18\"\n\t style=\"enable-background:new 0 0 40.2 18;\" xml:space=\"preserve\">\n<g id=\"uuid-337baa6b-6f6e-46a6-ab3d-80cfea9952c5\">\n\t<path id=\"uuid-42a080c4-afe9-4bb8-80e1-1e35f5b11246\" d=\"M31.2,18l-1.7-1.7l6.1-6.1H0V7.8h35.6l-6.1-6.2L31.2,0l9,9L31.2,18\n\t\tL31.2,18z\"\/>\n<\/g>\n<\/svg>\n<\/div>\n\t\t<\/div>\n\t<\/div>\n\t<a class=\"link\" href=\"https:\/\/schillerlegal.ch\/fr\/membre-de-lequipe\/heinrich-hempel\/\">\n\t\t<span class=\"visually-hidden\">Go to article<\/span>\n\t<\/a>\n<\/article>\n        <\/div>\n              <div class=\"person col-md-6 col-lg-4 col-xl-3\">\n          <article class=\"tease tease-team-member\" id=\"tease-1050\">\n\t\t\t<div class=\"portrait\">\n\t\t<img decoding=\"async\" src=\"https:\/\/schillerlegal.ch\/wp-content\/uploads\/2024\/05\/cropped_0049_DSC01591-300x0-c-default.jpg\" srcset=\"https:\/\/schillerlegal.ch\/wp-content\/uploads\/2024\/05\/cropped_0049_DSC01591-300x0-c-default.jpg 1x, https:\/\/schillerlegal.ch\/wp-content\/uploads\/2024\/05\/cropped_0049_DSC01591-600x0-c-default.jpg 2x\">\n\t<\/div>\n\t<div class=\"text\">\n\t\t<h5 class=\"title\">Michael Hochstrasser<\/h5>\n\t\t<div class=\"sub\">\n\t\t\t<div class=\"position\">Partenaire<\/div>\n\t\t\t<div class=\"arrow-icon\"><?xml version=\"1.0\" encoding=\"utf-8\"?>\n<!-- Generator: Adobe Illustrator 28.2.0, SVG Export Plug-In . SVG Version: 6.00 Build 0)  -->\n<svg version=\"1.1\" id=\"uuid-0d01a91a-173c-4929-a2a8-92feee4570de\"\n\t xmlns=\"http:\/\/www.w3.org\/2000\/svg\" xmlns:xlink=\"http:\/\/www.w3.org\/1999\/xlink\" x=\"0px\" y=\"0px\" viewBox=\"0 0 40.2 18\"\n\t style=\"enable-background:new 0 0 40.2 18;\" xml:space=\"preserve\">\n<g id=\"uuid-337baa6b-6f6e-46a6-ab3d-80cfea9952c5\">\n\t<path id=\"uuid-42a080c4-afe9-4bb8-80e1-1e35f5b11246\" d=\"M31.2,18l-1.7-1.7l6.1-6.1H0V7.8h35.6l-6.1-6.2L31.2,0l9,9L31.2,18\n\t\tL31.2,18z\"\/>\n<\/g>\n<\/svg>\n<\/div>\n\t\t<\/div>\n\t<\/div>\n\t<a class=\"link\" href=\"https:\/\/schillerlegal.ch\/fr\/membre-de-lequipe\/michael-hochstrasser\/\">\n\t\t<span class=\"visually-hidden\">Go to article<\/span>\n\t<\/a>\n<\/article>\n        <\/div>\n              <div class=\"person col-md-6 col-lg-4 col-xl-3\">\n          <article class=\"tease tease-team-member\" id=\"tease-1086\">\n\t\t\t<div class=\"portrait\">\n\t\t<img decoding=\"async\" src=\"https:\/\/schillerlegal.ch\/wp-content\/uploads\/2024\/06\/cropped_0007_DSC02905-300x0-c-default.jpg\" srcset=\"https:\/\/schillerlegal.ch\/wp-content\/uploads\/2024\/06\/cropped_0007_DSC02905-300x0-c-default.jpg 1x, https:\/\/schillerlegal.ch\/wp-content\/uploads\/2024\/06\/cropped_0007_DSC02905-600x0-c-default.jpg 2x\">\n\t<\/div>\n\t<div class=\"text\">\n\t\t<h5 class=\"title\">Kaspar Schiller<\/h5>\n\t\t<div class=\"sub\">\n\t\t\t<div class=\"position\">Associ\u00e9<\/div>\n\t\t\t<div class=\"arrow-icon\"><?xml version=\"1.0\" encoding=\"utf-8\"?>\n<!-- Generator: Adobe Illustrator 28.2.0, SVG Export Plug-In . SVG Version: 6.00 Build 0)  -->\n<svg version=\"1.1\" id=\"uuid-0d01a91a-173c-4929-a2a8-92feee4570de\"\n\t xmlns=\"http:\/\/www.w3.org\/2000\/svg\" xmlns:xlink=\"http:\/\/www.w3.org\/1999\/xlink\" x=\"0px\" y=\"0px\" viewBox=\"0 0 40.2 18\"\n\t style=\"enable-background:new 0 0 40.2 18;\" xml:space=\"preserve\">\n<g id=\"uuid-337baa6b-6f6e-46a6-ab3d-80cfea9952c5\">\n\t<path id=\"uuid-42a080c4-afe9-4bb8-80e1-1e35f5b11246\" d=\"M31.2,18l-1.7-1.7l6.1-6.1H0V7.8h35.6l-6.1-6.2L31.2,0l9,9L31.2,18\n\t\tL31.2,18z\"\/>\n<\/g>\n<\/svg>\n<\/div>\n\t\t<\/div>\n\t<\/div>\n\t<a class=\"link\" href=\"https:\/\/schillerlegal.ch\/fr\/membre-de-lequipe\/kaspar-schiller\/\">\n\t\t<span class=\"visually-hidden\">Go to article<\/span>\n\t<\/a>\n<\/article>\n        <\/div>\n              <div class=\"person col-md-6 col-lg-4 col-xl-3\">\n          <article class=\"tease tease-team-member\" id=\"tease-1068\">\n\t\t\t<div class=\"portrait\">\n\t\t<img decoding=\"async\" src=\"https:\/\/schillerlegal.ch\/wp-content\/uploads\/2024\/05\/cropped_0003_DSC02966-300x0-c-default.jpg\" srcset=\"https:\/\/schillerlegal.ch\/wp-content\/uploads\/2024\/05\/cropped_0003_DSC02966-300x0-c-default.jpg 1x, https:\/\/schillerlegal.ch\/wp-content\/uploads\/2024\/05\/cropped_0003_DSC02966-600x0-c-default.jpg 2x\">\n\t<\/div>\n\t<div class=\"text\">\n\t\t<h5 class=\"title\">Andrea Nemes<\/h5>\n\t\t<div class=\"sub\">\n\t\t\t<div class=\"position\">Avocate<\/div>\n\t\t\t<div class=\"arrow-icon\"><?xml version=\"1.0\" encoding=\"utf-8\"?>\n<!-- Generator: Adobe Illustrator 28.2.0, SVG Export Plug-In . SVG Version: 6.00 Build 0)  -->\n<svg version=\"1.1\" id=\"uuid-0d01a91a-173c-4929-a2a8-92feee4570de\"\n\t xmlns=\"http:\/\/www.w3.org\/2000\/svg\" xmlns:xlink=\"http:\/\/www.w3.org\/1999\/xlink\" x=\"0px\" y=\"0px\" viewBox=\"0 0 40.2 18\"\n\t style=\"enable-background:new 0 0 40.2 18;\" xml:space=\"preserve\">\n<g id=\"uuid-337baa6b-6f6e-46a6-ab3d-80cfea9952c5\">\n\t<path id=\"uuid-42a080c4-afe9-4bb8-80e1-1e35f5b11246\" d=\"M31.2,18l-1.7-1.7l6.1-6.1H0V7.8h35.6l-6.1-6.2L31.2,0l9,9L31.2,18\n\t\tL31.2,18z\"\/>\n<\/g>\n<\/svg>\n<\/div>\n\t\t<\/div>\n\t<\/div>\n\t<a class=\"link\" href=\"https:\/\/schillerlegal.ch\/fr\/membre-de-lequipe\/andrea-nemes\/\">\n\t\t<span class=\"visually-hidden\">Go to article<\/span>\n\t<\/a>\n<\/article>\n        <\/div>\n              <div class=\"person col-md-6 col-lg-4 col-xl-3\">\n          <article class=\"tease tease-team-member\" id=\"tease-1591\">\n\t\t\t<div class=\"portrait\">\n\t\t<img decoding=\"async\" src=\"https:\/\/schillerlegal.ch\/wp-content\/uploads\/2025\/09\/1_orig_final_666x1000px_72dpi-300x0-c-default.jpg\" srcset=\"https:\/\/schillerlegal.ch\/wp-content\/uploads\/2025\/09\/1_orig_final_666x1000px_72dpi-300x0-c-default.jpg 1x, https:\/\/schillerlegal.ch\/wp-content\/uploads\/2025\/09\/1_orig_final_666x1000px_72dpi-600x0-c-default.jpg 2x\">\n\t<\/div>\n\t<div class=\"text\">\n\t\t<h5 class=\"title\">Val\u00e9rie Attou<\/h5>\n\t\t<div class=\"sub\">\n\t\t\t<div class=\"position\">Avocate<\/div>\n\t\t\t<div class=\"arrow-icon\"><?xml version=\"1.0\" encoding=\"utf-8\"?>\n<!-- Generator: Adobe Illustrator 28.2.0, SVG Export Plug-In . SVG Version: 6.00 Build 0)  -->\n<svg version=\"1.1\" id=\"uuid-0d01a91a-173c-4929-a2a8-92feee4570de\"\n\t xmlns=\"http:\/\/www.w3.org\/2000\/svg\" xmlns:xlink=\"http:\/\/www.w3.org\/1999\/xlink\" x=\"0px\" y=\"0px\" viewBox=\"0 0 40.2 18\"\n\t style=\"enable-background:new 0 0 40.2 18;\" xml:space=\"preserve\">\n<g id=\"uuid-337baa6b-6f6e-46a6-ab3d-80cfea9952c5\">\n\t<path id=\"uuid-42a080c4-afe9-4bb8-80e1-1e35f5b11246\" d=\"M31.2,18l-1.7-1.7l6.1-6.1H0V7.8h35.6l-6.1-6.2L31.2,0l9,9L31.2,18\n\t\tL31.2,18z\"\/>\n<\/g>\n<\/svg>\n<\/div>\n\t\t<\/div>\n\t<\/div>\n\t<a class=\"link\" href=\"https:\/\/schillerlegal.ch\/fr\/membre-de-lequipe\/valerie-attou\/\">\n\t\t<span class=\"visually-hidden\">Go to article<\/span>\n\t<\/a>\n<\/article>\n        <\/div>\n            <\/div>\n<\/div>\n\n\n<div class=\"indy-block-latest-area-of-activity\">\n    <div class=\"row\">\n                    <div class=\"col-lg-6\">\n                <h3 class=\"column-title\">Publications<\/h3>\n                <div class=\"publications\">\n                                            <article class=\"tease tease-publication\" id=\"tease-330\">\n\t\t\t<h3 class=\"title\">Zuwendung des Nachlass\u00fcberschusses: Verm\u00e4chtnis oder Erbeinsetzung?, Zum Bundesgerichtsurteil 5A_290\/2016 vom 30. M\u00e4rz 2017<\/h3>\n\t<div class=\"fields\">\n\t\t<p class=\"published_in\">successio 2018<\/p>\n\t\t<p class=\"page_references\">Seite 285 ff.<\/p>\n\t\t<div class=\"authors\">\n\t\t\t\t\t\t\t<div class=\"authors__item\">\n\t\t\t\t\t\t\t\t\t\t\t\t\t\t\t\t\t\t\t\t\t\t\t\n\t\t\t\t\t\t\t\t\t\t\t\t\t<a href=\"https:\/\/schillerlegal.ch\/teammitglied\/kaspar-schiller\/\">Kaspar Schiller<\/a>\n\t\t\t\t\t\t\t\t\t\t\t\t\t\t\t\t\t\t\t\t<\/div>\n\t\t\t\t\t<\/div>\n\t<\/div>\n\t<\/article>\n                                            <article class=\"tease tease-publication\" id=\"tease-369\">\n\t\t\t<h3 class=\"title\">Corporate Governance in Familienunternehmen<\/h3>\n\t<div class=\"fields\">\n\t\t<p class=\"published_in\">in: Leo Staub (Hrsg.), Beitr\u00e4ge zu aktuellen Themen an der Schnittstelle zwischen Recht und Betriebswirtschaft, Z\u00fcrich 2015<\/p>\n\t\t<p class=\"page_references\"><\/p>\n\t\t<div class=\"authors\">\n\t\t\t\t\t\t\t<div class=\"authors__item\">\n\t\t\t\t\t\t\t\t\t\t\t\t\t\t\t\t\t\t\t\t\t\t\t\n\t\t\t\t\t\t\t\t\t\t\t\t\t<a href=\"https:\/\/schillerlegal.ch\/teammitglied\/dorothee-auwaerter\/\">Dorothee Auw\u00e4rter<\/a>\n\t\t\t\t\t\t\t\t\t\t\t\t\t\t\t\t\t\t\t\t<\/div>\n\t\t\t\t\t<\/div>\n\t<\/div>\n\t\t  <div class=\"arrow-icon\"><?xml version=\"1.0\" encoding=\"utf-8\"?>\n<!-- Generator: Adobe Illustrator 28.2.0, SVG Export Plug-In . SVG Version: 6.00 Build 0)  -->\n<svg version=\"1.1\" id=\"uuid-0d01a91a-173c-4929-a2a8-92feee4570de\"\n\t xmlns=\"http:\/\/www.w3.org\/2000\/svg\" xmlns:xlink=\"http:\/\/www.w3.org\/1999\/xlink\" x=\"0px\" y=\"0px\" viewBox=\"0 0 40.2 18\"\n\t style=\"enable-background:new 0 0 40.2 18;\" xml:space=\"preserve\">\n<g id=\"uuid-337baa6b-6f6e-46a6-ab3d-80cfea9952c5\">\n\t<path id=\"uuid-42a080c4-afe9-4bb8-80e1-1e35f5b11246\" d=\"M31.2,18l-1.7-1.7l6.1-6.1H0V7.8h35.6l-6.1-6.2L31.2,0l9,9L31.2,18\n\t\tL31.2,18z\"\/>\n<\/g>\n<\/svg>\n<\/div>\n\t\t<a class=\"link\" href=\"https:\/\/schillerlegal.ch\/wp-content\/uploads\/2024\/05\/2017_Auwaerter_Corporate_Governance_Familienunternehmen.pdf\" target=\"_blank\">\n\t\t\t<span class=\"visually-hidden\">Go to article<\/span>\n\t\t<\/a>\n\t<\/article>\n                                            <article class=\"tease tease-publication\" id=\"tease-331\">\n\t\t\t<h3 class=\"title\">Nochmals: Wertver\u00e4nderungen des Nachlasses zwischen Todestag und Teilung<\/h3>\n\t<div class=\"fields\">\n\t\t<p class=\"published_in\">successio 2014<\/p>\n\t\t<p class=\"page_references\">Seite 85 ff.<\/p>\n\t\t<div class=\"authors\">\n\t\t\t\t\t\t\t<div class=\"authors__item\">\n\t\t\t\t\t\t\t\t\t\t\t\t\t\t\t\t\t\t\t\t\t\t\t\n\t\t\t\t\t\t\t\t\t\t\t\t\t<a href=\"https:\/\/schillerlegal.ch\/teammitglied\/kaspar-schiller\/\">Kaspar Schiller<\/a>\n\t\t\t\t\t\t\t\t\t\t\t\t\t\t\t\t\t\t\t\t<\/div>\n\t\t\t\t\t<\/div>\n\t<\/div>\n\t<\/article>\n                                        <div class=\"buttons\">\n                        <a href=\"https:\/\/schillerlegal.ch\/fr\/publication\/?area_of_activity=39\" class=\"btn btn-primary\">\n                            Toutes les publications sur ce sujet\n                            <?xml version=\"1.0\" encoding=\"utf-8\"?>\n<!-- Generator: Adobe Illustrator 28.2.0, SVG Export Plug-In . SVG Version: 6.00 Build 0)  -->\n<svg version=\"1.1\" id=\"uuid-0d01a91a-173c-4929-a2a8-92feee4570de\"\n\t xmlns=\"http:\/\/www.w3.org\/2000\/svg\" xmlns:xlink=\"http:\/\/www.w3.org\/1999\/xlink\" x=\"0px\" y=\"0px\" viewBox=\"0 0 40.2 18\"\n\t style=\"enable-background:new 0 0 40.2 18;\" xml:space=\"preserve\">\n<g id=\"uuid-337baa6b-6f6e-46a6-ab3d-80cfea9952c5\">\n\t<path id=\"uuid-42a080c4-afe9-4bb8-80e1-1e35f5b11246\" d=\"M31.2,18l-1.7-1.7l6.1-6.1H0V7.8h35.6l-6.1-6.2L31.2,0l9,9L31.2,18\n\t\tL31.2,18z\"\/>\n<\/g>\n<\/svg>\n                        <\/a>\n                    <\/div>\n                <\/div>\n            <\/div>\n                            <div class=\"col-lg-6\">\n                <h3 class=\"column-title\">Articles<\/h3>\n                <div class=\"posts\">\n                                            <article class=\"tease tease-post\" id=\"tease-626\">\n\t\t<p class=\"date\">05.07.2022<\/p>\n\t<h3 class=\"title\">Revision im Erbrecht:<\/h3>\n\t<p class=\"excerpt\">Nach jahrelangen Bem\u00fchungen treten am 1. Januar 2023 die neuen Bestimmungen im Erbrecht in Kraft. Das Erbrecht wird damit moderat an die gesellschaftlichen Entwicklungen angepasst. Die wichtigste \u00c4nderung betrifft den Pflichtteilsschutz der gesetzlichen Erben. Detaillierte Informationen zur Revision&hellip;<\/p>\n\t<div class=\"arrow-icon\"><?xml version=\"1.0\" encoding=\"utf-8\"?>\n<!-- Generator: Adobe Illustrator 28.2.0, SVG Export Plug-In . SVG Version: 6.00 Build 0)  -->\n<svg version=\"1.1\" id=\"uuid-0d01a91a-173c-4929-a2a8-92feee4570de\"\n\t xmlns=\"http:\/\/www.w3.org\/2000\/svg\" xmlns:xlink=\"http:\/\/www.w3.org\/1999\/xlink\" x=\"0px\" y=\"0px\" viewBox=\"0 0 40.2 18\"\n\t style=\"enable-background:new 0 0 40.2 18;\" xml:space=\"preserve\">\n<g id=\"uuid-337baa6b-6f6e-46a6-ab3d-80cfea9952c5\">\n\t<path id=\"uuid-42a080c4-afe9-4bb8-80e1-1e35f5b11246\" d=\"M31.2,18l-1.7-1.7l6.1-6.1H0V7.8h35.6l-6.1-6.2L31.2,0l9,9L31.2,18\n\t\tL31.2,18z\"\/>\n<\/g>\n<\/svg>\n<\/div>\n\t<a class=\"link\" href=\"https:\/\/schillerlegal.ch\/fr\/revision-im-erbrecht\/\">\n\t\t<span class=\"visually-hidden\">Go to article<\/span>\n\t<\/a>\n<\/article>\n                                            <article class=\"tease tease-post\" id=\"tease-543\">\n\t\t<p class=\"date\">05.04.2017<\/p>\n\t<h3 class=\"title\">In aller Munde: Der Vorsorgeauftrag<\/h3>\n\t<p class=\"excerpt\">Das Thema Vorsorgeauftrag besch\u00e4ftigt viele. Was passiert, wenn ich pl\u00f6tzlich urteilsunf\u00e4hig werde? Wie kann ich sicherstellen, dass ich im Falle einer Krankheit selbstbestimmt weiterleben kann? Was muss ich tun, damit die KESB nicht \u00fcber meinen Kopf hinweg und gegen den Willen meiner Angeh\u00f6rigen En&hellip;<\/p>\n\t<div class=\"arrow-icon\"><?xml version=\"1.0\" encoding=\"utf-8\"?>\n<!-- Generator: Adobe Illustrator 28.2.0, SVG Export Plug-In . SVG Version: 6.00 Build 0)  -->\n<svg version=\"1.1\" id=\"uuid-0d01a91a-173c-4929-a2a8-92feee4570de\"\n\t xmlns=\"http:\/\/www.w3.org\/2000\/svg\" xmlns:xlink=\"http:\/\/www.w3.org\/1999\/xlink\" x=\"0px\" y=\"0px\" viewBox=\"0 0 40.2 18\"\n\t style=\"enable-background:new 0 0 40.2 18;\" xml:space=\"preserve\">\n<g id=\"uuid-337baa6b-6f6e-46a6-ab3d-80cfea9952c5\">\n\t<path id=\"uuid-42a080c4-afe9-4bb8-80e1-1e35f5b11246\" d=\"M31.2,18l-1.7-1.7l6.1-6.1H0V7.8h35.6l-6.1-6.2L31.2,0l9,9L31.2,18\n\t\tL31.2,18z\"\/>\n<\/g>\n<\/svg>\n<\/div>\n\t<a class=\"link\" href=\"https:\/\/schillerlegal.ch\/fr\/in-aller-munde-der-vorsorgeauftrag\/\">\n\t\t<span class=\"visually-hidden\">Go to article<\/span>\n\t<\/a>\n<\/article>\n                                            <article class=\"tease tease-post\" id=\"tease-533\">\n\t\t<p class=\"date\">03.10.2016<\/p>\n\t<h3 class=\"title\">Weiterbildungsseminar 15. November 2016 \u00ab\u00a0Rechtliche Aspekte der Unternehmensnachfolge\u00a0\u00bb<\/h3>\n\t<p class=\"excerpt\">Die nun bereits dritte Austragung der j\u00e4hrlichen Weiterbildungsveranstaltung von Schiller Rechtsanw\u00e4lte f\u00fcr Unternehmen und Unternehmer befasst sich mit dem Thema Nachfolgeplanung in Unternehmen. Am Dienstag, 15. November 2016, von 17.00 \u2013 18.20 Uhr, referieren Partner von Schiller Rechtsanw\u00e4lte zu&hellip;<\/p>\n\t<div class=\"arrow-icon\"><?xml version=\"1.0\" encoding=\"utf-8\"?>\n<!-- Generator: Adobe Illustrator 28.2.0, SVG Export Plug-In . SVG Version: 6.00 Build 0)  -->\n<svg version=\"1.1\" id=\"uuid-0d01a91a-173c-4929-a2a8-92feee4570de\"\n\t xmlns=\"http:\/\/www.w3.org\/2000\/svg\" xmlns:xlink=\"http:\/\/www.w3.org\/1999\/xlink\" x=\"0px\" y=\"0px\" viewBox=\"0 0 40.2 18\"\n\t style=\"enable-background:new 0 0 40.2 18;\" xml:space=\"preserve\">\n<g id=\"uuid-337baa6b-6f6e-46a6-ab3d-80cfea9952c5\">\n\t<path id=\"uuid-42a080c4-afe9-4bb8-80e1-1e35f5b11246\" d=\"M31.2,18l-1.7-1.7l6.1-6.1H0V7.8h35.6l-6.1-6.2L31.2,0l9,9L31.2,18\n\t\tL31.2,18z\"\/>\n<\/g>\n<\/svg>\n<\/div>\n\t<a class=\"link\" href=\"https:\/\/schillerlegal.ch\/fr\/weiterbildungsseminar-15-november-2016-rechtliche-aspekte-der-unternehmensnachfolge\/\">\n\t\t<span class=\"visually-hidden\">Go to article<\/span>\n\t<\/a>\n<\/article>\n                                        <div class=\"buttons\">\n                        <a href=\"https:\/\/schillerlegal.ch\/fr\/aktuelles\/?area_of_activity=39\" class=\"btn btn-primary\">\n                            Tous les articles sur ce sujet\n                            <?xml version=\"1.0\" encoding=\"utf-8\"?>\n<!-- Generator: Adobe Illustrator 28.2.0, SVG Export Plug-In . SVG Version: 6.00 Build 0)  -->\n<svg version=\"1.1\" id=\"uuid-0d01a91a-173c-4929-a2a8-92feee4570de\"\n\t xmlns=\"http:\/\/www.w3.org\/2000\/svg\" xmlns:xlink=\"http:\/\/www.w3.org\/1999\/xlink\" x=\"0px\" y=\"0px\" viewBox=\"0 0 40.2 18\"\n\t style=\"enable-background:new 0 0 40.2 18;\" xml:space=\"preserve\">\n<g id=\"uuid-337baa6b-6f6e-46a6-ab3d-80cfea9952c5\">\n\t<path id=\"uuid-42a080c4-afe9-4bb8-80e1-1e35f5b11246\" d=\"M31.2,18l-1.7-1.7l6.1-6.1H0V7.8h35.6l-6.1-6.2L31.2,0l9,9L31.2,18\n\t\tL31.2,18z\"\/>\n<\/g>\n<\/svg>\n                        <\/a>\n                    <\/div>\n                <\/div>\n            <\/div>\n            <\/div>\n<\/div>\n","protected":false},"featured_media":0,"template":"","area-of-activity":[70],"class_list":["post-1001","expertise","type-expertise","status-publish","hentry","area-of-activity-droit-des-successions-planification-successorale-et-fondations"],"acf":[],"yoast_head":"<!-- This site is optimized with the Yoast SEO plugin v27.3 - https:\/\/yoast.com\/product\/yoast-seo-wordpress\/ -->\n<title>Droit des successions, planification successorale et fondations - Schiller Rechtsanw\u00e4lte AG<\/title>\n<meta name=\"robots\" content=\"index, follow, max-snippet:-1, max-image-preview:large, max-video-preview:-1\" \/>\n<link rel=\"canonical\" href=\"https:\/\/schillerlegal.ch\/fr\/expertise\/droit-des-successions-planification-successorale-et-fondations\/\" \/>\n<meta property=\"og:locale\" content=\"fr_FR\" \/>\n<meta property=\"og:type\" content=\"article\" \/>\n<meta property=\"og:title\" content=\"Droit des successions, planification successorale et fondations - Schiller Rechtsanw\u00e4lte AG\" \/>\n<meta property=\"og:description\" content=\"Vous avez besoin d&rsquo;aide pour r\u00e9diger un testament ou un pacte successoral? Nous vous assistons dans la r\u00e9daction de testaments, de contrats de succession et de contrats de mariage.&nbsp;Nous discutons&nbsp;et examinons ensemble votre situation personnelle et vous proposons des solutions pour mettre en \u0153uvre vos derni\u00e8res volont\u00e9s. Nous vous conseillons \u00e9galement et vous aidons \u00e0 [&hellip;]\" \/>\n<meta property=\"og:url\" content=\"https:\/\/schillerlegal.ch\/fr\/expertise\/droit-des-successions-planification-successorale-et-fondations\/\" \/>\n<meta property=\"og:site_name\" content=\"Schiller Rechtsanw\u00e4lte AG\" \/>\n<meta property=\"article:modified_time\" content=\"2025-09-17T12:39:43+00:00\" \/>\n<meta name=\"twitter:card\" content=\"summary_large_image\" \/>\n<meta name=\"twitter:label1\" content=\"Dur\u00e9e de lecture estim\u00e9e\" \/>\n\t<meta name=\"twitter:data1\" content=\"2 minutes\" \/>\n<script type=\"application\/ld+json\" class=\"yoast-schema-graph\">{\"@context\":\"https:\\\/\\\/schema.org\",\"@graph\":[{\"@type\":\"WebPage\",\"@id\":\"https:\\\/\\\/schillerlegal.ch\\\/fr\\\/expertise\\\/droit-des-successions-planification-successorale-et-fondations\\\/\",\"url\":\"https:\\\/\\\/schillerlegal.ch\\\/fr\\\/expertise\\\/droit-des-successions-planification-successorale-et-fondations\\\/\",\"name\":\"Droit des successions, planification successorale et fondations - Schiller Rechtsanw\u00e4lte AG\",\"isPartOf\":{\"@id\":\"https:\\\/\\\/schillerlegal.ch\\\/fr\\\/#website\"},\"datePublished\":\"2024-04-23T08:20:27+00:00\",\"dateModified\":\"2025-09-17T12:39:43+00:00\",\"breadcrumb\":{\"@id\":\"https:\\\/\\\/schillerlegal.ch\\\/fr\\\/expertise\\\/droit-des-successions-planification-successorale-et-fondations\\\/#breadcrumb\"},\"inLanguage\":\"fr-FR\",\"potentialAction\":[{\"@type\":\"ReadAction\",\"target\":[\"https:\\\/\\\/schillerlegal.ch\\\/fr\\\/expertise\\\/droit-des-successions-planification-successorale-et-fondations\\\/\"]}]},{\"@type\":\"BreadcrumbList\",\"@id\":\"https:\\\/\\\/schillerlegal.ch\\\/fr\\\/expertise\\\/droit-des-successions-planification-successorale-et-fondations\\\/#breadcrumb\",\"itemListElement\":[{\"@type\":\"ListItem\",\"position\":1,\"name\":\"Startseite\",\"item\":\"https:\\\/\\\/schillerlegal.ch\\\/fr\\\/\"},{\"@type\":\"ListItem\",\"position\":2,\"name\":\"Expertises\",\"item\":\"https:\\\/\\\/schillerlegal.ch\\\/fr\\\/expertise\\\/\"},{\"@type\":\"ListItem\",\"position\":3,\"name\":\"Droit des successions, planification successorale et fondations\"}]},{\"@type\":\"WebSite\",\"@id\":\"https:\\\/\\\/schillerlegal.ch\\\/fr\\\/#website\",\"url\":\"https:\\\/\\\/schillerlegal.ch\\\/fr\\\/\",\"name\":\"Schiller Rechtsanw\u00e4lte AG\",\"description\":\"\",\"potentialAction\":[{\"@type\":\"SearchAction\",\"target\":{\"@type\":\"EntryPoint\",\"urlTemplate\":\"https:\\\/\\\/schillerlegal.ch\\\/fr\\\/?s={search_term_string}\"},\"query-input\":{\"@type\":\"PropertyValueSpecification\",\"valueRequired\":true,\"valueName\":\"search_term_string\"}}],\"inLanguage\":\"fr-FR\"}]}<\/script>\n<!-- \/ Yoast SEO plugin. -->","yoast_head_json":{"title":"Droit des successions, planification successorale et fondations - Schiller Rechtsanw\u00e4lte AG","robots":{"index":"index","follow":"follow","max-snippet":"max-snippet:-1","max-image-preview":"max-image-preview:large","max-video-preview":"max-video-preview:-1"},"canonical":"https:\/\/schillerlegal.ch\/fr\/expertise\/droit-des-successions-planification-successorale-et-fondations\/","og_locale":"fr_FR","og_type":"article","og_title":"Droit des successions, planification successorale et fondations - Schiller Rechtsanw\u00e4lte AG","og_description":"Vous avez besoin d&rsquo;aide pour r\u00e9diger un testament ou un pacte successoral? Nous vous assistons dans la r\u00e9daction de testaments, de contrats de succession et de contrats de mariage.&nbsp;Nous discutons&nbsp;et examinons ensemble votre situation personnelle et vous proposons des solutions pour mettre en \u0153uvre vos derni\u00e8res volont\u00e9s. Nous vous conseillons \u00e9galement et vous aidons \u00e0 [&hellip;]","og_url":"https:\/\/schillerlegal.ch\/fr\/expertise\/droit-des-successions-planification-successorale-et-fondations\/","og_site_name":"Schiller Rechtsanw\u00e4lte AG","article_modified_time":"2025-09-17T12:39:43+00:00","twitter_card":"summary_large_image","twitter_misc":{"Dur\u00e9e de lecture estim\u00e9e":"2 minutes"},"schema":{"@context":"https:\/\/schema.org","@graph":[{"@type":"WebPage","@id":"https:\/\/schillerlegal.ch\/fr\/expertise\/droit-des-successions-planification-successorale-et-fondations\/","url":"https:\/\/schillerlegal.ch\/fr\/expertise\/droit-des-successions-planification-successorale-et-fondations\/","name":"Droit des successions, planification successorale et fondations - Schiller Rechtsanw\u00e4lte AG","isPartOf":{"@id":"https:\/\/schillerlegal.ch\/fr\/#website"},"datePublished":"2024-04-23T08:20:27+00:00","dateModified":"2025-09-17T12:39:43+00:00","breadcrumb":{"@id":"https:\/\/schillerlegal.ch\/fr\/expertise\/droit-des-successions-planification-successorale-et-fondations\/#breadcrumb"},"inLanguage":"fr-FR","potentialAction":[{"@type":"ReadAction","target":["https:\/\/schillerlegal.ch\/fr\/expertise\/droit-des-successions-planification-successorale-et-fondations\/"]}]},{"@type":"BreadcrumbList","@id":"https:\/\/schillerlegal.ch\/fr\/expertise\/droit-des-successions-planification-successorale-et-fondations\/#breadcrumb","itemListElement":[{"@type":"ListItem","position":1,"name":"Startseite","item":"https:\/\/schillerlegal.ch\/fr\/"},{"@type":"ListItem","position":2,"name":"Expertises","item":"https:\/\/schillerlegal.ch\/fr\/expertise\/"},{"@type":"ListItem","position":3,"name":"Droit des successions, planification successorale et fondations"}]},{"@type":"WebSite","@id":"https:\/\/schillerlegal.ch\/fr\/#website","url":"https:\/\/schillerlegal.ch\/fr\/","name":"Schiller Rechtsanw\u00e4lte AG","description":"","potentialAction":[{"@type":"SearchAction","target":{"@type":"EntryPoint","urlTemplate":"https:\/\/schillerlegal.ch\/fr\/?s={search_term_string}"},"query-input":{"@type":"PropertyValueSpecification","valueRequired":true,"valueName":"search_term_string"}}],"inLanguage":"fr-FR"}]}},"_links":{"self":[{"href":"https:\/\/schillerlegal.ch\/fr\/wp-json\/wp\/v2\/expertise\/1001","targetHints":{"allow":["GET"]}}],"collection":[{"href":"https:\/\/schillerlegal.ch\/fr\/wp-json\/wp\/v2\/expertise"}],"about":[{"href":"https:\/\/schillerlegal.ch\/fr\/wp-json\/wp\/v2\/types\/expertise"}],"wp:attachment":[{"href":"https:\/\/schillerlegal.ch\/fr\/wp-json\/wp\/v2\/media?parent=1001"}],"wp:term":[{"taxonomy":"area-of-activity","embeddable":true,"href":"https:\/\/schillerlegal.ch\/fr\/wp-json\/wp\/v2\/area-of-activity?post=1001"}],"curies":[{"name":"wp","href":"https:\/\/api.w.org\/{rel}","templated":true}]}}