{"id":987,"date":"2024-04-23T10:15:51","date_gmt":"2024-04-23T08:15:51","guid":{"rendered":"https:\/\/schiller.site-preview.ch\/?post_type=expertise&#038;p=987"},"modified":"2025-09-17T14:22:25","modified_gmt":"2025-09-17T12:22:25","slug":"air-and-transportation-law","status":"publish","type":"expertise","link":"https:\/\/schillerlegal.ch\/en\/expertise\/air-and-transportation-law\/","title":{"rendered":"Air and transportation law"},"content":{"rendered":"<style type=\"text\/css\">.indy-block-image-text-overlay:after { background-color: rgba(0,0,0,0.4) }<\/style>\n<div class=\"indy-block-image-text-overlay\" style=\"background-image: url('https:\/\/schillerlegal.ch\/wp-content\/uploads\/2024\/04\/flugzeug_DSC_8750.jpg')\">\n  <div class=\"wrapper\">\n    <p><!-- wp:paragraph --><\/p>\n<h2><span lang=\"EN-US\">Over 60 years of experience.<\/span><\/h2>\n<p style=\"font-weight: 400;\">We assist domestic and foreign airlines, carriers, and shipping companies as well as their insurers in all matters of aviation and transportation law.<\/p>\n<p style=\"font-weight: 400;\">Our law firm has been active in aviation and transportation law for over 60 years. We have experience with large and small claims and have an extensive network comprising domestic and foreign law firms and authorities.<\/p>\n<p><!-- \/wp:paragraph --><\/p>\n\n  <\/div>\n<\/div>\n\n\n\n<div style=\"height:100px\" aria-hidden=\"true\" class=\"wp-block-spacer is-style-md\"><\/div>\n\n\n\n<h3 class=\"wp-block-heading\">Do you have a claim?<\/h3>\n\n\n\n<p>We provide you with an assessment of the legal situation and support you in settling the claim. We help you enforce your claim for damages and defend you against unjustified claims. We assist you in negotiations with the other party and represent you before authorities and courts. We represent insurers in the enforcement of recovery claims before courts and arbitration tribunals.<\/p>\n\n\n\n<h3 class=\"wp-block-heading\">Do you have questions relating to the conclusion of a contract?<\/h3>\n\n\n\n<p>We advise you on all aspects of contractual air and transportation law. We draft and review contracts and general terms and conditions for you. We point out risks and draft the contract in accordance with your needs.<\/p>\n\n\n\n<h3 class=\"wp-block-heading\">Are you confronted with passenger rights claims?<\/h3>\n\n\n\n<p>We support you in dealing with claims of passengers. We help you to fend off unjustified claims and represent you before authorities and courts.<\/p>\n\n\n\n<h3 class=\"wp-block-heading\">Do you need support in regulatory matters?<\/h3>\n\n\n\n<p>We advise you on issues relating to take-off and landing rights, access to infrastructure, fees, the implementation of safety regulations, noise issues and other regulatory measures. We represent you before governmental authorities and courts.<\/p>\n\n\n\n<div style=\"height:100px\" aria-hidden=\"true\" class=\"wp-block-spacer is-style-md\"><\/div>\n\n\n\n<h2 class=\"wp-block-heading\">Your contacts<\/h2>\n\n\n<div class=\"indy-block-people\">\n  <div class=\"row\">\n                  <div class=\"person col-md-6 col-lg-4 col-xl-3\">\n          <article class=\"tease tease-team-member\" id=\"tease-1044\">\n\t\t\t<div class=\"portrait\">\n\t\t<img decoding=\"async\" src=\"https:\/\/schillerlegal.ch\/wp-content\/uploads\/2024\/05\/cropped_0031_DSC02000-300x0-c-default.jpg\" srcset=\"https:\/\/schillerlegal.ch\/wp-content\/uploads\/2024\/05\/cropped_0031_DSC02000-300x0-c-default.jpg 1x, https:\/\/schillerlegal.ch\/wp-content\/uploads\/2024\/05\/cropped_0031_DSC02000-600x0-c-default.jpg 2x\">\n\t<\/div>\n\t<div class=\"text\">\n\t\t<h5 class=\"title\">Heinrich Hempel<\/h5>\n\t\t<div class=\"sub\">\n\t\t\t<div class=\"position\">Partner<\/div>\n\t\t\t<div class=\"arrow-icon\"><?xml version=\"1.0\" encoding=\"utf-8\"?>\n<!-- Generator: Adobe Illustrator 28.2.0, SVG Export Plug-In . SVG Version: 6.00 Build 0)  -->\n<svg version=\"1.1\" id=\"uuid-0d01a91a-173c-4929-a2a8-92feee4570de\"\n\t xmlns=\"http:\/\/www.w3.org\/2000\/svg\" xmlns:xlink=\"http:\/\/www.w3.org\/1999\/xlink\" x=\"0px\" y=\"0px\" viewBox=\"0 0 40.2 18\"\n\t style=\"enable-background:new 0 0 40.2 18;\" xml:space=\"preserve\">\n<g id=\"uuid-337baa6b-6f6e-46a6-ab3d-80cfea9952c5\">\n\t<path id=\"uuid-42a080c4-afe9-4bb8-80e1-1e35f5b11246\" d=\"M31.2,18l-1.7-1.7l6.1-6.1H0V7.8h35.6l-6.1-6.2L31.2,0l9,9L31.2,18\n\t\tL31.2,18z\"\/>\n<\/g>\n<\/svg>\n<\/div>\n\t\t<\/div>\n\t<\/div>\n\t<a class=\"link\" href=\"https:\/\/schillerlegal.ch\/en\/team-member\/heinrich-hempel\/\">\n\t\t<span class=\"visually-hidden\">Go to article<\/span>\n\t<\/a>\n<\/article>\n        <\/div>\n              <div class=\"person col-md-6 col-lg-4 col-xl-3\">\n          <article class=\"tease tease-team-member\" id=\"tease-1062\">\n\t\t\t<div class=\"portrait\">\n\t\t<img decoding=\"async\" src=\"https:\/\/schillerlegal.ch\/wp-content\/uploads\/2024\/06\/cropped_0028_DSC02042-300x0-c-default.jpg\" srcset=\"https:\/\/schillerlegal.ch\/wp-content\/uploads\/2024\/06\/cropped_0028_DSC02042-300x0-c-default.jpg 1x, https:\/\/schillerlegal.ch\/wp-content\/uploads\/2024\/06\/cropped_0028_DSC02042-600x0-c-default.jpg 2x\">\n\t<\/div>\n\t<div class=\"text\">\n\t\t<h5 class=\"title\">Daniel Maritz<\/h5>\n\t\t<div class=\"sub\">\n\t\t\t<div class=\"position\">Partner<\/div>\n\t\t\t<div class=\"arrow-icon\"><?xml version=\"1.0\" encoding=\"utf-8\"?>\n<!-- Generator: Adobe Illustrator 28.2.0, SVG Export Plug-In . SVG Version: 6.00 Build 0)  -->\n<svg version=\"1.1\" id=\"uuid-0d01a91a-173c-4929-a2a8-92feee4570de\"\n\t xmlns=\"http:\/\/www.w3.org\/2000\/svg\" xmlns:xlink=\"http:\/\/www.w3.org\/1999\/xlink\" x=\"0px\" y=\"0px\" viewBox=\"0 0 40.2 18\"\n\t style=\"enable-background:new 0 0 40.2 18;\" xml:space=\"preserve\">\n<g id=\"uuid-337baa6b-6f6e-46a6-ab3d-80cfea9952c5\">\n\t<path id=\"uuid-42a080c4-afe9-4bb8-80e1-1e35f5b11246\" d=\"M31.2,18l-1.7-1.7l6.1-6.1H0V7.8h35.6l-6.1-6.2L31.2,0l9,9L31.2,18\n\t\tL31.2,18z\"\/>\n<\/g>\n<\/svg>\n<\/div>\n\t\t<\/div>\n\t<\/div>\n\t<a class=\"link\" href=\"https:\/\/schillerlegal.ch\/en\/team-member\/daniel-maritz\/\">\n\t\t<span class=\"visually-hidden\">Go to article<\/span>\n\t<\/a>\n<\/article>\n        <\/div>\n              <div class=\"person col-md-6 col-lg-4 col-xl-3\">\n          <article class=\"tease tease-team-member\" id=\"tease-1048\">\n\t\t\t<div class=\"portrait\">\n\t\t<img decoding=\"async\" src=\"https:\/\/schillerlegal.ch\/wp-content\/uploads\/2024\/05\/cropped_0049_DSC01591-300x0-c-default.jpg\" srcset=\"https:\/\/schillerlegal.ch\/wp-content\/uploads\/2024\/05\/cropped_0049_DSC01591-300x0-c-default.jpg 1x, https:\/\/schillerlegal.ch\/wp-content\/uploads\/2024\/05\/cropped_0049_DSC01591-600x0-c-default.jpg 2x\">\n\t<\/div>\n\t<div class=\"text\">\n\t\t<h5 class=\"title\">Michael Hochstrasser<\/h5>\n\t\t<div class=\"sub\">\n\t\t\t<div class=\"position\">Partner<\/div>\n\t\t\t<div class=\"arrow-icon\"><?xml version=\"1.0\" encoding=\"utf-8\"?>\n<!-- Generator: Adobe Illustrator 28.2.0, SVG Export Plug-In . SVG Version: 6.00 Build 0)  -->\n<svg version=\"1.1\" id=\"uuid-0d01a91a-173c-4929-a2a8-92feee4570de\"\n\t xmlns=\"http:\/\/www.w3.org\/2000\/svg\" xmlns:xlink=\"http:\/\/www.w3.org\/1999\/xlink\" x=\"0px\" y=\"0px\" viewBox=\"0 0 40.2 18\"\n\t style=\"enable-background:new 0 0 40.2 18;\" xml:space=\"preserve\">\n<g id=\"uuid-337baa6b-6f6e-46a6-ab3d-80cfea9952c5\">\n\t<path id=\"uuid-42a080c4-afe9-4bb8-80e1-1e35f5b11246\" d=\"M31.2,18l-1.7-1.7l6.1-6.1H0V7.8h35.6l-6.1-6.2L31.2,0l9,9L31.2,18\n\t\tL31.2,18z\"\/>\n<\/g>\n<\/svg>\n<\/div>\n\t\t<\/div>\n\t<\/div>\n\t<a class=\"link\" href=\"https:\/\/schillerlegal.ch\/en\/team-member\/michael-hochstrasser\/\">\n\t\t<span class=\"visually-hidden\">Go to article<\/span>\n\t<\/a>\n<\/article>\n        <\/div>\n              <div class=\"person col-md-6 col-lg-4 col-xl-3\">\n          <article class=\"tease tease-team-member\" id=\"tease-1084\">\n\t\t\t<div class=\"portrait\">\n\t\t<img decoding=\"async\" src=\"https:\/\/schillerlegal.ch\/wp-content\/uploads\/2024\/06\/cropped_0007_DSC02905-300x0-c-default.jpg\" srcset=\"https:\/\/schillerlegal.ch\/wp-content\/uploads\/2024\/06\/cropped_0007_DSC02905-300x0-c-default.jpg 1x, https:\/\/schillerlegal.ch\/wp-content\/uploads\/2024\/06\/cropped_0007_DSC02905-600x0-c-default.jpg 2x\">\n\t<\/div>\n\t<div class=\"text\">\n\t\t<h5 class=\"title\">Kaspar Schiller<\/h5>\n\t\t<div class=\"sub\">\n\t\t\t<div class=\"position\">Consultant<\/div>\n\t\t\t<div class=\"arrow-icon\"><?xml version=\"1.0\" encoding=\"utf-8\"?>\n<!-- Generator: Adobe Illustrator 28.2.0, SVG Export Plug-In . SVG Version: 6.00 Build 0)  -->\n<svg version=\"1.1\" id=\"uuid-0d01a91a-173c-4929-a2a8-92feee4570de\"\n\t xmlns=\"http:\/\/www.w3.org\/2000\/svg\" xmlns:xlink=\"http:\/\/www.w3.org\/1999\/xlink\" x=\"0px\" y=\"0px\" viewBox=\"0 0 40.2 18\"\n\t style=\"enable-background:new 0 0 40.2 18;\" xml:space=\"preserve\">\n<g id=\"uuid-337baa6b-6f6e-46a6-ab3d-80cfea9952c5\">\n\t<path id=\"uuid-42a080c4-afe9-4bb8-80e1-1e35f5b11246\" d=\"M31.2,18l-1.7-1.7l6.1-6.1H0V7.8h35.6l-6.1-6.2L31.2,0l9,9L31.2,18\n\t\tL31.2,18z\"\/>\n<\/g>\n<\/svg>\n<\/div>\n\t\t<\/div>\n\t<\/div>\n\t<a class=\"link\" href=\"https:\/\/schillerlegal.ch\/en\/team-member\/kaspar-schiller-2\/\">\n\t\t<span class=\"visually-hidden\">Go to article<\/span>\n\t<\/a>\n<\/article>\n        <\/div>\n              <div class=\"person col-md-6 col-lg-4 col-xl-3\">\n          <article class=\"tease tease-team-member\" id=\"tease-1394\">\n\t\t\t<div class=\"portrait\">\n\t\t<img decoding=\"async\" src=\"https:\/\/schillerlegal.ch\/wp-content\/uploads\/2024\/11\/IMG_0067_Final_Mit_KI_Filter_Bearbeitung_666x1000px_150dpi-300x0-c-default.jpg\" srcset=\"https:\/\/schillerlegal.ch\/wp-content\/uploads\/2024\/11\/IMG_0067_Final_Mit_KI_Filter_Bearbeitung_666x1000px_150dpi-300x0-c-default.jpg 1x, https:\/\/schillerlegal.ch\/wp-content\/uploads\/2024\/11\/IMG_0067_Final_Mit_KI_Filter_Bearbeitung_666x1000px_150dpi-600x0-c-default.jpg 2x\">\n\t<\/div>\n\t<div class=\"text\">\n\t\t<h5 class=\"title\">Johannes Lehmann<\/h5>\n\t\t<div class=\"sub\">\n\t\t\t<div class=\"position\">Attorney at Law<\/div>\n\t\t\t<div class=\"arrow-icon\"><?xml version=\"1.0\" encoding=\"utf-8\"?>\n<!-- Generator: Adobe Illustrator 28.2.0, SVG Export Plug-In . SVG Version: 6.00 Build 0)  -->\n<svg version=\"1.1\" id=\"uuid-0d01a91a-173c-4929-a2a8-92feee4570de\"\n\t xmlns=\"http:\/\/www.w3.org\/2000\/svg\" xmlns:xlink=\"http:\/\/www.w3.org\/1999\/xlink\" x=\"0px\" y=\"0px\" viewBox=\"0 0 40.2 18\"\n\t style=\"enable-background:new 0 0 40.2 18;\" xml:space=\"preserve\">\n<g id=\"uuid-337baa6b-6f6e-46a6-ab3d-80cfea9952c5\">\n\t<path id=\"uuid-42a080c4-afe9-4bb8-80e1-1e35f5b11246\" d=\"M31.2,18l-1.7-1.7l6.1-6.1H0V7.8h35.6l-6.1-6.2L31.2,0l9,9L31.2,18\n\t\tL31.2,18z\"\/>\n<\/g>\n<\/svg>\n<\/div>\n\t\t<\/div>\n\t<\/div>\n\t<a class=\"link\" href=\"https:\/\/schillerlegal.ch\/en\/team-member\/johannes-lehmann\/\">\n\t\t<span class=\"visually-hidden\">Go to article<\/span>\n\t<\/a>\n<\/article>\n        <\/div>\n            <\/div>\n<\/div>\n\n\n<div class=\"indy-block-latest-area-of-activity\">\n    <div class=\"row\">\n                    <div class=\"col-lg-6\">\n                <h3 class=\"column-title\">Publications<\/h3>\n                <div class=\"publications\">\n                                            <article class=\"tease tease-publication\" id=\"tease-1380\">\n\t\t\t<h3 class=\"title\">In-Depth: Aviation Law | Switzerland<\/h3>\n\t<div class=\"fields\">\n\t\t<p class=\"published_in\">in: Sean Gates (Hrsg.), In-Depth: Aviation Law, 12th edition, London 2024<\/p>\n\t\t<p class=\"page_references\"><\/p>\n\t\t<div class=\"authors\">\n\t\t\t\t\t\t\t<div class=\"authors__item\">\n\t\t\t\t\t\t\t\t\t\t\t\t\t\t\t\t\t\t\t\t\t\t\t\n\t\t\t\t\t\t\t\t\t\t\t\t\t<a href=\"https:\/\/schillerlegal.ch\/teammitglied\/michael-hochstrasser\/\">Michael Hochstrasser<\/a>\n\t\t\t\t\t\t\t\t\t\t\t\t\t\t\t\t\t\t\t\t\t \/\n\t\t\t\t\t\t\t\t\t<\/div>\n\t\t\t\t\t\t\t<div class=\"authors__item\">\n\t\t\t\t\t\t\t\t\t\t\t\t\t\t\t\t\t\t\t\t\t\t\t\n\t\t\t\t\t\t\t\t\t\t\t\t\t<a href=\"https:\/\/schillerlegal.ch\/teammitglied\/daniel-maritz\/\">Daniel Maritz<\/a>\n\t\t\t\t\t\t\t\t\t\t\t\t\t\t\t\t\t\t\t\t\t \/\n\t\t\t\t\t\t\t\t\t<\/div>\n\t\t\t\t\t\t\t<div class=\"authors__item\">\n\t\t\t\t\t\t\t\t\t\t\t\t\t\t\t\t\t\t\t\t\t\t\t\n\t\t\t\t\t\t\t\t\t\t\t\t\t<a href=\"https:\/\/schillerlegal.ch\/teammitglied\/heinrich-hempel\/\">Heinrich Hempel<\/a>\n\t\t\t\t\t\t\t\t\t\t\t\t\t\t\t\t\t\t\t\t<\/div>\n\t\t\t\t\t<\/div>\n\t<\/div>\n\t\t  <div class=\"arrow-icon\"><?xml version=\"1.0\" encoding=\"utf-8\"?>\n<!-- Generator: Adobe Illustrator 28.2.0, SVG Export Plug-In . SVG Version: 6.00 Build 0)  -->\n<svg version=\"1.1\" id=\"uuid-0d01a91a-173c-4929-a2a8-92feee4570de\"\n\t xmlns=\"http:\/\/www.w3.org\/2000\/svg\" xmlns:xlink=\"http:\/\/www.w3.org\/1999\/xlink\" x=\"0px\" y=\"0px\" viewBox=\"0 0 40.2 18\"\n\t style=\"enable-background:new 0 0 40.2 18;\" xml:space=\"preserve\">\n<g id=\"uuid-337baa6b-6f6e-46a6-ab3d-80cfea9952c5\">\n\t<path id=\"uuid-42a080c4-afe9-4bb8-80e1-1e35f5b11246\" d=\"M31.2,18l-1.7-1.7l6.1-6.1H0V7.8h35.6l-6.1-6.2L31.2,0l9,9L31.2,18\n\t\tL31.2,18z\"\/>\n<\/g>\n<\/svg>\n<\/div>\n\t\t<a class=\"link\" href=\"https:\/\/schillerlegal.ch\/wp-content\/uploads\/2024\/10\/Lexology-In-Depth-Aviation-Law-Aviation-Law_-Switzerland.pdf\" target=\"_blank\">\n\t\t\t<span class=\"visually-hidden\">Go to article<\/span>\n\t\t<\/a>\n\t<\/article>\n                                            <article class=\"tease tease-publication\" id=\"tease-148\">\n\t\t\t<h3 class=\"title\">Bemerkungen zur Auslegung der Fluggastrechte-Verordnung aus Sicht von Schweizer Juristen<\/h3>\n\t<div class=\"fields\">\n\t\t<p class=\"published_in\">ReiseRecht aktuell 2023<\/p>\n\t\t<p class=\"page_references\">Seite 111 &#8211; 113<\/p>\n\t\t<div class=\"authors\">\n\t\t\t\t\t\t\t<div class=\"authors__item\">\n\t\t\t\t\t\t\t\t\t\t\t\t\t\t\t\t\t\t\t\t\t\t\t\n\t\t\t\t\t\t\t\t\t\t\t\t\t<a href=\"https:\/\/schillerlegal.ch\/teammitglied\/michael-hochstrasser\/\">Michael Hochstrasser<\/a>\n\t\t\t\t\t\t\t\t\t\t\t\t\t\t\t\t\t\t\t\t\t \/\n\t\t\t\t\t\t\t\t\t<\/div>\n\t\t\t\t\t\t\t<div class=\"authors__item\">\n\t\t\t\t\t\t\t\t\t\t\t\t\t\t\t\t\t\t\t\t\t\t\t\n\t\t\t\t\t\t\t\t\t\t\t\t\t<a href=\"https:\/\/schillerlegal.ch\/teammitglied\/daniel-maritz\/\">Daniel Maritz<\/a>\n\t\t\t\t\t\t\t\t\t\t\t\t\t\t\t\t\t\t\t\t<\/div>\n\t\t\t\t\t<\/div>\n\t<\/div>\n\t\t  <div class=\"arrow-icon\"><?xml version=\"1.0\" encoding=\"utf-8\"?>\n<!-- Generator: Adobe Illustrator 28.2.0, SVG Export Plug-In . SVG Version: 6.00 Build 0)  -->\n<svg version=\"1.1\" id=\"uuid-0d01a91a-173c-4929-a2a8-92feee4570de\"\n\t xmlns=\"http:\/\/www.w3.org\/2000\/svg\" xmlns:xlink=\"http:\/\/www.w3.org\/1999\/xlink\" x=\"0px\" y=\"0px\" viewBox=\"0 0 40.2 18\"\n\t style=\"enable-background:new 0 0 40.2 18;\" xml:space=\"preserve\">\n<g id=\"uuid-337baa6b-6f6e-46a6-ab3d-80cfea9952c5\">\n\t<path id=\"uuid-42a080c4-afe9-4bb8-80e1-1e35f5b11246\" d=\"M31.2,18l-1.7-1.7l6.1-6.1H0V7.8h35.6l-6.1-6.2L31.2,0l9,9L31.2,18\n\t\tL31.2,18z\"\/>\n<\/g>\n<\/svg>\n<\/div>\n\t\t<a class=\"link\" href=\"https:\/\/schillerlegal.ch\/wp-content\/uploads\/2024\/03\/Publikation-Hochstrasser-Auwaerter.pdf\" target=\"_blank\">\n\t\t\t<span class=\"visually-hidden\">Go to article<\/span>\n\t\t<\/a>\n\t<\/article>\n                                            <article class=\"tease tease-publication\" id=\"tease-149\">\n\t\t\t<h3 class=\"title\">Der Flug als Pauschalreise oder als Teil einer Pauschalreise<\/h3>\n\t<div class=\"fields\">\n\t\t<p class=\"published_in\">AJP 2023<\/p>\n\t\t<p class=\"page_references\">Seite 126 &#8211; 130<\/p>\n\t\t<div class=\"authors\">\n\t\t\t\t\t\t\t<div class=\"authors__item\">\n\t\t\t\t\t\t\t\t\t\t\t\t\t\t\t\t\t\t\t\t\t\t\t\n\t\t\t\t\t\t\t\t\t\t\t\t\t<a href=\"https:\/\/schillerlegal.ch\/teammitglied\/michael-hochstrasser\/\">Michael Hochstrasser<\/a>\n\t\t\t\t\t\t\t\t\t\t\t\t\t\t\t\t\t\t\t\t\t \/\n\t\t\t\t\t\t\t\t\t<\/div>\n\t\t\t\t\t\t\t<div class=\"authors__item\">\n\t\t\t\t\t\t\t\t\t\t\tBenjamin V. Enz\n\t\t\t\t\t\t\t\t\t\t\t\t\t\t<\/div>\n\t\t\t\t\t<\/div>\n\t<\/div>\n\t\t  <div class=\"arrow-icon\"><?xml version=\"1.0\" encoding=\"utf-8\"?>\n<!-- Generator: Adobe Illustrator 28.2.0, SVG Export Plug-In . SVG Version: 6.00 Build 0)  -->\n<svg version=\"1.1\" id=\"uuid-0d01a91a-173c-4929-a2a8-92feee4570de\"\n\t xmlns=\"http:\/\/www.w3.org\/2000\/svg\" xmlns:xlink=\"http:\/\/www.w3.org\/1999\/xlink\" x=\"0px\" y=\"0px\" viewBox=\"0 0 40.2 18\"\n\t style=\"enable-background:new 0 0 40.2 18;\" xml:space=\"preserve\">\n<g id=\"uuid-337baa6b-6f6e-46a6-ab3d-80cfea9952c5\">\n\t<path id=\"uuid-42a080c4-afe9-4bb8-80e1-1e35f5b11246\" d=\"M31.2,18l-1.7-1.7l6.1-6.1H0V7.8h35.6l-6.1-6.2L31.2,0l9,9L31.2,18\n\t\tL31.2,18z\"\/>\n<\/g>\n<\/svg>\n<\/div>\n\t\t<a class=\"link\" href=\"https:\/\/schillerlegal.ch\/wp-content\/uploads\/2024\/03\/Publikation-Hochstrasser-Auwaerter.pdf\" target=\"_blank\">\n\t\t\t<span class=\"visually-hidden\">Go to article<\/span>\n\t\t<\/a>\n\t<\/article>\n                                        <div class=\"buttons\">\n                        <a href=\"https:\/\/schillerlegal.ch\/en\/publikation\/?area_of_activity=4\" class=\"btn btn-primary\">\n                            All publications on the topic\n                            <?xml version=\"1.0\" encoding=\"utf-8\"?>\n<!-- Generator: Adobe Illustrator 28.2.0, SVG Export Plug-In . SVG Version: 6.00 Build 0)  -->\n<svg version=\"1.1\" id=\"uuid-0d01a91a-173c-4929-a2a8-92feee4570de\"\n\t xmlns=\"http:\/\/www.w3.org\/2000\/svg\" xmlns:xlink=\"http:\/\/www.w3.org\/1999\/xlink\" x=\"0px\" y=\"0px\" viewBox=\"0 0 40.2 18\"\n\t style=\"enable-background:new 0 0 40.2 18;\" xml:space=\"preserve\">\n<g id=\"uuid-337baa6b-6f6e-46a6-ab3d-80cfea9952c5\">\n\t<path id=\"uuid-42a080c4-afe9-4bb8-80e1-1e35f5b11246\" d=\"M31.2,18l-1.7-1.7l6.1-6.1H0V7.8h35.6l-6.1-6.2L31.2,0l9,9L31.2,18\n\t\tL31.2,18z\"\/>\n<\/g>\n<\/svg>\n                        <\/a>\n                    <\/div>\n                <\/div>\n            <\/div>\n                            <div class=\"col-lg-6\">\n                <h3 class=\"column-title\">Posts<\/h3>\n                <div class=\"posts\">\n                                            <article class=\"tease tease-post\" id=\"tease-635\">\n\t\t<p class=\"date\">25.01.2023<\/p>\n\t<h3 class=\"title\">Drohnen: Weitgehende Registrierungspflicht seit 1. Januar 2023<\/h3>\n\t<p class=\"excerpt\">Seit 1. Januar 2023 gelten in der Schweiz die Verordnungen (EU) Nr. 945\/2019 und 947\/2019 und damit die europ\u00e4ischen Regeln f\u00fcr den Betrieb, die Registrierung und Bewilligung von Drohnen sowie die f\u00fcr den Betrieb von Drohnen erforderlichen Schulungen und Pr\u00fcfungen. Eine Bewilligungspflicht besteht f&hellip;<\/p>\n\t<div class=\"arrow-icon\"><?xml version=\"1.0\" encoding=\"utf-8\"?>\n<!-- Generator: Adobe Illustrator 28.2.0, SVG Export Plug-In . SVG Version: 6.00 Build 0)  -->\n<svg version=\"1.1\" id=\"uuid-0d01a91a-173c-4929-a2a8-92feee4570de\"\n\t xmlns=\"http:\/\/www.w3.org\/2000\/svg\" xmlns:xlink=\"http:\/\/www.w3.org\/1999\/xlink\" x=\"0px\" y=\"0px\" viewBox=\"0 0 40.2 18\"\n\t style=\"enable-background:new 0 0 40.2 18;\" xml:space=\"preserve\">\n<g id=\"uuid-337baa6b-6f6e-46a6-ab3d-80cfea9952c5\">\n\t<path id=\"uuid-42a080c4-afe9-4bb8-80e1-1e35f5b11246\" d=\"M31.2,18l-1.7-1.7l6.1-6.1H0V7.8h35.6l-6.1-6.2L31.2,0l9,9L31.2,18\n\t\tL31.2,18z\"\/>\n<\/g>\n<\/svg>\n<\/div>\n\t<a class=\"link\" href=\"https:\/\/schillerlegal.ch\/en\/drohnen-weitgehende-registrierungspflicht-seit-1-januar-2023\/\">\n\t\t<span class=\"visually-hidden\">Go to article<\/span>\n\t<\/a>\n<\/article>\n                                            <article class=\"tease tease-post\" id=\"tease-615\">\n\t\t<p class=\"date\">06.05.2021<\/p>\n\t<h3 class=\"title\">Schiller Rechtsanw\u00e4lte among the best Swiss law firms in the &#8220;BILANZ&#8221;-ranking 2021<\/h3>\n\t<p class=\"excerpt\">We are pleased that Schiller Rechtsanw\u00e4lte is again recognized in the ranking 2021 of the Swiss business magazine BILANZ as one of the best law firms in Switzerland: Our law firm is among the five most frequently recommended Swiss law firms in the industry sectors aviation and transport. Schiller Re&hellip;<\/p>\n\t<div class=\"arrow-icon\"><?xml version=\"1.0\" encoding=\"utf-8\"?>\n<!-- Generator: Adobe Illustrator 28.2.0, SVG Export Plug-In . SVG Version: 6.00 Build 0)  -->\n<svg version=\"1.1\" id=\"uuid-0d01a91a-173c-4929-a2a8-92feee4570de\"\n\t xmlns=\"http:\/\/www.w3.org\/2000\/svg\" xmlns:xlink=\"http:\/\/www.w3.org\/1999\/xlink\" x=\"0px\" y=\"0px\" viewBox=\"0 0 40.2 18\"\n\t style=\"enable-background:new 0 0 40.2 18;\" xml:space=\"preserve\">\n<g id=\"uuid-337baa6b-6f6e-46a6-ab3d-80cfea9952c5\">\n\t<path id=\"uuid-42a080c4-afe9-4bb8-80e1-1e35f5b11246\" d=\"M31.2,18l-1.7-1.7l6.1-6.1H0V7.8h35.6l-6.1-6.2L31.2,0l9,9L31.2,18\n\t\tL31.2,18z\"\/>\n<\/g>\n<\/svg>\n<\/div>\n\t<a class=\"link\" href=\"https:\/\/schillerlegal.ch\/en\/schiller-rechtsanwaelte-among-the-best-swiss-law-firms-in-the-bilanz-ranking-2021\/\">\n\t\t<span class=\"visually-hidden\">Go to article<\/span>\n\t<\/a>\n<\/article>\n                                            <article class=\"tease tease-post\" id=\"tease-501\">\n\t\t<p class=\"date\">12.06.2020<\/p>\n\t<h3 class=\"title\">Habilitationsschrift &#8220;Der Bef\u00f6rderungsvertrag&#8221; im Buchhandel erh\u00e4ltlich<\/h3>\n\t<p class=\"excerpt\">Die Habilitationsschrift unseres Partners Michael Hochstrasser ist nun im Buchhandel erh\u00e4ltlich (Schulthess Verlag). Das Werk mit dem Titel &#8220;Der Bef\u00f6rderungsvertrag&#8221; umfasst mehr als 600 Seiten. Die Habilitationsschrift behandelt den Bef\u00f6rderungsvertrag umfassend &#8211; vom Zeitpunkt de&hellip;<\/p>\n\t<div class=\"arrow-icon\"><?xml version=\"1.0\" encoding=\"utf-8\"?>\n<!-- Generator: Adobe Illustrator 28.2.0, SVG Export Plug-In . SVG Version: 6.00 Build 0)  -->\n<svg version=\"1.1\" id=\"uuid-0d01a91a-173c-4929-a2a8-92feee4570de\"\n\t xmlns=\"http:\/\/www.w3.org\/2000\/svg\" xmlns:xlink=\"http:\/\/www.w3.org\/1999\/xlink\" x=\"0px\" y=\"0px\" viewBox=\"0 0 40.2 18\"\n\t style=\"enable-background:new 0 0 40.2 18;\" xml:space=\"preserve\">\n<g id=\"uuid-337baa6b-6f6e-46a6-ab3d-80cfea9952c5\">\n\t<path id=\"uuid-42a080c4-afe9-4bb8-80e1-1e35f5b11246\" d=\"M31.2,18l-1.7-1.7l6.1-6.1H0V7.8h35.6l-6.1-6.2L31.2,0l9,9L31.2,18\n\t\tL31.2,18z\"\/>\n<\/g>\n<\/svg>\n<\/div>\n\t<a class=\"link\" href=\"https:\/\/schillerlegal.ch\/en\/habilitationsschrift-der-befoerderungsvertrag-im-buchhandel-erhaeltlich\/\">\n\t\t<span class=\"visually-hidden\">Go to article<\/span>\n\t<\/a>\n<\/article>\n                                        <div class=\"buttons\">\n                        <a href=\"https:\/\/schillerlegal.ch\/en\/latest-news\/?area_of_activity=4\" class=\"btn btn-primary\">\n                            All posts on the topic\n                            <?xml version=\"1.0\" encoding=\"utf-8\"?>\n<!-- Generator: Adobe Illustrator 28.2.0, SVG Export Plug-In . SVG Version: 6.00 Build 0)  -->\n<svg version=\"1.1\" id=\"uuid-0d01a91a-173c-4929-a2a8-92feee4570de\"\n\t xmlns=\"http:\/\/www.w3.org\/2000\/svg\" xmlns:xlink=\"http:\/\/www.w3.org\/1999\/xlink\" x=\"0px\" y=\"0px\" viewBox=\"0 0 40.2 18\"\n\t style=\"enable-background:new 0 0 40.2 18;\" xml:space=\"preserve\">\n<g id=\"uuid-337baa6b-6f6e-46a6-ab3d-80cfea9952c5\">\n\t<path id=\"uuid-42a080c4-afe9-4bb8-80e1-1e35f5b11246\" d=\"M31.2,18l-1.7-1.7l6.1-6.1H0V7.8h35.6l-6.1-6.2L31.2,0l9,9L31.2,18\n\t\tL31.2,18z\"\/>\n<\/g>\n<\/svg>\n                        <\/a>\n                    <\/div>\n                <\/div>\n            <\/div>\n            <\/div>\n<\/div>\n","protected":false},"featured_media":0,"template":"","area-of-activity":[24],"class_list":["post-987","expertise","type-expertise","status-publish","hentry","area-of-activity-air-and-transportation-law"],"acf":[],"yoast_head":"<!-- This site is optimized with the Yoast SEO plugin v27.3 - https:\/\/yoast.com\/product\/yoast-seo-wordpress\/ -->\n<title>Air and transportation law - Schiller Rechtsanw\u00e4lte AG<\/title>\n<meta name=\"robots\" content=\"index, follow, max-snippet:-1, max-image-preview:large, max-video-preview:-1\" \/>\n<link rel=\"canonical\" href=\"https:\/\/schillerlegal.ch\/en\/expertise\/air-and-transportation-law\/\" \/>\n<meta property=\"og:locale\" content=\"en_US\" \/>\n<meta property=\"og:type\" content=\"article\" \/>\n<meta property=\"og:title\" content=\"Air and transportation law - Schiller Rechtsanw\u00e4lte AG\" \/>\n<meta property=\"og:description\" content=\"Do you have a claim? We provide you with an assessment of the legal situation and support you in settling the claim. We help you enforce your claim for damages and defend you against unjustified claims. We assist you in negotiations with the other party and represent you before authorities and courts. We represent insurers [&hellip;]\" \/>\n<meta property=\"og:url\" content=\"https:\/\/schillerlegal.ch\/en\/expertise\/air-and-transportation-law\/\" \/>\n<meta property=\"og:site_name\" content=\"Schiller Rechtsanw\u00e4lte AG\" \/>\n<meta property=\"article:modified_time\" content=\"2025-09-17T12:22:25+00:00\" \/>\n<meta name=\"twitter:card\" content=\"summary_large_image\" \/>\n<meta name=\"twitter:label1\" content=\"Est. reading time\" \/>\n\t<meta name=\"twitter:data1\" content=\"2 minutes\" \/>\n<script type=\"application\/ld+json\" class=\"yoast-schema-graph\">{\"@context\":\"https:\\\/\\\/schema.org\",\"@graph\":[{\"@type\":\"WebPage\",\"@id\":\"https:\\\/\\\/schillerlegal.ch\\\/en\\\/expertise\\\/air-and-transportation-law\\\/\",\"url\":\"https:\\\/\\\/schillerlegal.ch\\\/en\\\/expertise\\\/air-and-transportation-law\\\/\",\"name\":\"Air and transportation law - Schiller Rechtsanw\u00e4lte AG\",\"isPartOf\":{\"@id\":\"https:\\\/\\\/schillerlegal.ch\\\/en\\\/#website\"},\"datePublished\":\"2024-04-23T08:15:51+00:00\",\"dateModified\":\"2025-09-17T12:22:25+00:00\",\"breadcrumb\":{\"@id\":\"https:\\\/\\\/schillerlegal.ch\\\/en\\\/expertise\\\/air-and-transportation-law\\\/#breadcrumb\"},\"inLanguage\":\"en-US\",\"potentialAction\":[{\"@type\":\"ReadAction\",\"target\":[\"https:\\\/\\\/schillerlegal.ch\\\/en\\\/expertise\\\/air-and-transportation-law\\\/\"]}]},{\"@type\":\"BreadcrumbList\",\"@id\":\"https:\\\/\\\/schillerlegal.ch\\\/en\\\/expertise\\\/air-and-transportation-law\\\/#breadcrumb\",\"itemListElement\":[{\"@type\":\"ListItem\",\"position\":1,\"name\":\"Startseite\",\"item\":\"https:\\\/\\\/schillerlegal.ch\\\/en\\\/\"},{\"@type\":\"ListItem\",\"position\":2,\"name\":\"Expertises\",\"item\":\"https:\\\/\\\/schillerlegal.ch\\\/en\\\/expertise\\\/\"},{\"@type\":\"ListItem\",\"position\":3,\"name\":\"Air and transportation law\"}]},{\"@type\":\"WebSite\",\"@id\":\"https:\\\/\\\/schillerlegal.ch\\\/en\\\/#website\",\"url\":\"https:\\\/\\\/schillerlegal.ch\\\/en\\\/\",\"name\":\"Schiller Rechtsanw\u00e4lte AG\",\"description\":\"\",\"potentialAction\":[{\"@type\":\"SearchAction\",\"target\":{\"@type\":\"EntryPoint\",\"urlTemplate\":\"https:\\\/\\\/schillerlegal.ch\\\/en\\\/?s={search_term_string}\"},\"query-input\":{\"@type\":\"PropertyValueSpecification\",\"valueRequired\":true,\"valueName\":\"search_term_string\"}}],\"inLanguage\":\"en-US\"}]}<\/script>\n<!-- \/ Yoast SEO plugin. -->","yoast_head_json":{"title":"Air and transportation law - Schiller Rechtsanw\u00e4lte AG","robots":{"index":"index","follow":"follow","max-snippet":"max-snippet:-1","max-image-preview":"max-image-preview:large","max-video-preview":"max-video-preview:-1"},"canonical":"https:\/\/schillerlegal.ch\/en\/expertise\/air-and-transportation-law\/","og_locale":"en_US","og_type":"article","og_title":"Air and transportation law - Schiller Rechtsanw\u00e4lte AG","og_description":"Do you have a claim? We provide you with an assessment of the legal situation and support you in settling the claim. We help you enforce your claim for damages and defend you against unjustified claims. We assist you in negotiations with the other party and represent you before authorities and courts. We represent insurers [&hellip;]","og_url":"https:\/\/schillerlegal.ch\/en\/expertise\/air-and-transportation-law\/","og_site_name":"Schiller Rechtsanw\u00e4lte AG","article_modified_time":"2025-09-17T12:22:25+00:00","twitter_card":"summary_large_image","twitter_misc":{"Est. reading time":"2 minutes"},"schema":{"@context":"https:\/\/schema.org","@graph":[{"@type":"WebPage","@id":"https:\/\/schillerlegal.ch\/en\/expertise\/air-and-transportation-law\/","url":"https:\/\/schillerlegal.ch\/en\/expertise\/air-and-transportation-law\/","name":"Air and transportation law - Schiller Rechtsanw\u00e4lte AG","isPartOf":{"@id":"https:\/\/schillerlegal.ch\/en\/#website"},"datePublished":"2024-04-23T08:15:51+00:00","dateModified":"2025-09-17T12:22:25+00:00","breadcrumb":{"@id":"https:\/\/schillerlegal.ch\/en\/expertise\/air-and-transportation-law\/#breadcrumb"},"inLanguage":"en-US","potentialAction":[{"@type":"ReadAction","target":["https:\/\/schillerlegal.ch\/en\/expertise\/air-and-transportation-law\/"]}]},{"@type":"BreadcrumbList","@id":"https:\/\/schillerlegal.ch\/en\/expertise\/air-and-transportation-law\/#breadcrumb","itemListElement":[{"@type":"ListItem","position":1,"name":"Startseite","item":"https:\/\/schillerlegal.ch\/en\/"},{"@type":"ListItem","position":2,"name":"Expertises","item":"https:\/\/schillerlegal.ch\/en\/expertise\/"},{"@type":"ListItem","position":3,"name":"Air and transportation law"}]},{"@type":"WebSite","@id":"https:\/\/schillerlegal.ch\/en\/#website","url":"https:\/\/schillerlegal.ch\/en\/","name":"Schiller Rechtsanw\u00e4lte AG","description":"","potentialAction":[{"@type":"SearchAction","target":{"@type":"EntryPoint","urlTemplate":"https:\/\/schillerlegal.ch\/en\/?s={search_term_string}"},"query-input":{"@type":"PropertyValueSpecification","valueRequired":true,"valueName":"search_term_string"}}],"inLanguage":"en-US"}]}},"_links":{"self":[{"href":"https:\/\/schillerlegal.ch\/en\/wp-json\/wp\/v2\/expertise\/987","targetHints":{"allow":["GET"]}}],"collection":[{"href":"https:\/\/schillerlegal.ch\/en\/wp-json\/wp\/v2\/expertise"}],"about":[{"href":"https:\/\/schillerlegal.ch\/en\/wp-json\/wp\/v2\/types\/expertise"}],"wp:attachment":[{"href":"https:\/\/schillerlegal.ch\/en\/wp-json\/wp\/v2\/media?parent=987"}],"wp:term":[{"taxonomy":"area-of-activity","embeddable":true,"href":"https:\/\/schillerlegal.ch\/en\/wp-json\/wp\/v2\/area-of-activity?post=987"}],"curies":[{"name":"wp","href":"https:\/\/api.w.org\/{rel}","templated":true}]}}